{"id":1351,"date":"2025-06-15T12:32:56","date_gmt":"2025-06-15T10:32:56","guid":{"rendered":"https:\/\/www.zahnkostensparen.de\/kaplama"},"modified":"2025-10-07T16:26:28","modified_gmt":"2025-10-07T14:26:28","slug":"kaplama","status":"publish","type":"page","link":"https:\/\/www.zahnkostensparen.de\/tr\/protez\/kaplama","title":{"rendered":"Kaplama"},"content":{"rendered":"\n<div class=\"wp-block-media-text alignfull is-image-fill-element\"><figure  class=\"wp-block-media-text__media\"><img loading=\"lazy\" decoding=\"async\" width=\"3600\" height=\"2403\" alt=\"\" src=\"https:\/\/www.zahnkostensparen.de\/wp-content\/uploads\/sites\/2\/2025\/06\/veneer-scaled.jpeg\" style=\"object-position:50% 50%;\" class=\"wp-image-1040 size-full\" srcset=\"https:\/\/www.zahnkostensparen.de\/wp-content\/uploads\/sites\/2\/2025\/06\/veneer-scaled.jpeg 3600w, https:\/\/www.zahnkostensparen.de\/wp-content\/uploads\/sites\/2\/2025\/06\/veneer-300x200.jpeg 300w, https:\/\/www.zahnkostensparen.de\/wp-content\/uploads\/sites\/2\/2025\/06\/veneer-1024x684.jpeg 1024w, https:\/\/www.zahnkostensparen.de\/wp-content\/uploads\/sites\/2\/2025\/06\/veneer-768x513.jpeg 768w, https:\/\/www.zahnkostensparen.de\/wp-content\/uploads\/sites\/2\/2025\/06\/veneer-1536x1025.jpeg 1536w, https:\/\/www.zahnkostensparen.de\/wp-content\/uploads\/sites\/2\/2025\/06\/veneer-2048x1367.jpeg 2048w\" sizes=\"auto, (max-width: 3600px) 100vw, 3600px\" \/><\/figure><div class=\"wp-block-media-text__content\"><div id=\"spar-bubble-block_045228d14fc75863d2064d920ed9d2a3\" class=\"spar-bubble\" >\n    <div class=\"spar-bubble-over\">tasarruf<\/div>\n    <div class=\"spar-bubble-value\">%80&#8217;e<\/div>\n    <div class=\"spar-bubble-under\">varan<\/div>\n<\/div>\n\n\n<p><strong>Kaplamalar \u00e7ok mu pahal\u0131?<\/strong><\/p>\n\n\n\n<h1 class=\"wp-block-heading\">Ucuz Kaplamalar \u2013 <br\/>\u015eimdi ak\u0131ll\u0131ca tasarruf edin!<\/h1>\n\n\n\n<div class=\"wp-block-group only-mobile is-layout-flow wp-block-group-is-layout-flow\">\n<p class=\"is-style-zwischentitel_klein\">Size nas\u0131l yard\u0131mc\u0131 olabiliriz? \u015eunlar aras\u0131ndan se\u00e7im yap\u0131n:<\/p>\n\n\n\n<div class=\"wp-block-group funnelkacheln is-content-justification-left is-nowrap is-layout-flex wp-container-core-group-is-layout-f91642d5 wp-block-group-is-layout-flex\" style=\"padding-bottom:var(--wp--preset--spacing--one)\">\n<div class=\"wp-block-group open-funnel-ab is-layout-constrained wp-container-core-group-is-layout-81979fbc wp-block-group-is-layout-constrained\">\n<figure class=\"wp-block-image aligncenter size-full is-resized\"><img decoding=\"async\" src=\"https:\/\/www.zahnkostensparen.de\/wp-content\/uploads\/sites\/2\/2025\/06\/icon-sparen.svg\" alt=\"\" class=\"wp-image-465\" style=\"aspect-ratio:1;width:90px\"\/><\/figure>\n\n\n\n<p class=\"has-text-align-center\">Ne kadara mal oldu\u011funu bilmek istiyorum<\/p>\n<\/div>\n\n\n\n<div class=\"wp-block-group open-funnel-d is-layout-constrained wp-container-core-group-is-layout-81979fbc wp-block-group-is-layout-constrained\">\n<figure class=\"wp-block-image aligncenter size-full is-resized\"><img decoding=\"async\" src=\"https:\/\/www.zahnkostensparen.de\/wp-content\/uploads\/sites\/2\/2025\/06\/icon-zahnarzt.svg\" alt=\"\" class=\"wp-image-435\" style=\"aspect-ratio:1;width:90px\"\/><\/figure>\n\n\n\n<p class=\"has-text-align-center\">Yak\u0131nlarda bir di\u015f hekimi ar\u0131yorum<\/p>\n<\/div>\n\n\n\n<div class=\"wp-block-group open-funnel-c is-layout-constrained wp-container-core-group-is-layout-81979fbc wp-block-group-is-layout-constrained\">\n<figure class=\"wp-block-image aligncenter size-full is-resized\"><img decoding=\"async\" src=\"https:\/\/www.zahnkostensparen.de\/wp-content\/uploads\/sites\/2\/2025\/06\/icon-broschuere.svg\" alt=\"\" class=\"wp-image-433\" style=\"aspect-ratio:1;width:90px\"\/><\/figure>\n\n\n\n<p class=\"has-text-align-center\">\u00d6nce kendimi bilgilendirece\u011fim<\/p>\n<\/div>\n<\/div>\n<\/div>\n\n\n<div class=\"wp-block-post-excerpt\"><p class=\"wp-block-post-excerpt__excerpt\">Kaplamalar kusursuz bir g\u00fcl\u00fcmseme sa\u011flar &#8211; ayr\u0131 ayr\u0131 \u00fcretilir ve y\u00fcksek kalitede. Memnuniyet garantisi de dahil olmak \u00fczere estetik a\u00e7\u0131dan m\u00fckemmel sonu\u00e7lara sahip uygun fiyatl\u0131 kaplamalar sunuyoruz. <\/p><\/div>\n\n\n<ul class=\"wp-block-list is-style-check_list_small top-argumente\">\n<li>En kaliteli protezler<\/li>\n\n\n\n<li>G\u00fcvenilir di\u015f hekiminiz taraf\u0131ndan tedavi<\/li>\n\n\n\n<li>4 y\u0131l garanti<\/li>\n\n\n\n<li>100.000&#8217;den fazla hasta tedavi edildi<\/li>\n<\/ul>\n\n\n\n<div class=\"wp-block-buttons is-layout-flex wp-block-buttons-is-layout-flex\">\n<div class=\"wp-block-button open-funnel-ab\"><a class=\"wp-block-button__link wp-element-button\">Hemen bir teklif al\u0131n<\/a><\/div>\n<\/div>\n\n\n\n<div class=\"wp-block-group has-dunkelblau-color has-text-color has-link-color wp-elements-21f20321430a70588c8be9e22eec95e7 is-nowrap is-layout-flex wp-container-core-group-is-layout-39f415c8 wp-block-group-is-layout-flex\" style=\"border-radius:11px;margin-top:var(--wp--preset--spacing--two);margin-bottom:0.5rem\">\n<p><strong>\u015euradan bilinen:<\/strong><\/p>\n\n\n\n<figure class=\"wp-block-image size-full is-resized\"><img decoding=\"async\" src=\"https:\/\/www.audentic-ag.de\/wp-content\/uploads\/2025\/10\/tv-logos-farbig.svg\" alt=\"\" class=\"wp-image-416\" style=\"width:200px\"\/><\/figure>\n<\/div>\n<\/div><\/div>\n\n<div class=\"wp-block-columns alignwide is-layout-flex wp-container-core-columns-is-layout-3f6ad93c wp-block-columns-is-layout-flex\" style=\"margin-bottom:var(--wp--preset--spacing--three)\">\n<div class=\"wp-block-column is-layout-flow wp-block-column-is-layout-flow\">\n<h2 class=\"wp-block-heading\">Kaplamalar nedir?<\/h2>\n\n\n\n<p>Kaplamalar, \u00f6n di\u015flere kal\u0131c\u0131 olarak yap\u0131\u015ft\u0131r\u0131lan gofret inceli\u011finde seramik kabuklard\u0131r. Renk bozulmas\u0131n\u0131, hafif yanl\u0131\u015f hizalamalar\u0131 veya k\u0131r\u0131k k\u00f6\u015feleri d\u00fczeltir ve do\u011fal olarak g\u00fczel bir g\u00fcl\u00fcmseme sa\u011flarlar. \u00d6zellikle g\u00f6r\u00fcnen b\u00f6lgede kaplamalar estetik a\u00e7\u0131dan y\u00fcksek kaliteli bir \u00e7\u00f6z\u00fcm sunar.<\/p>\n\n\n\n<h2 class=\"wp-block-heading\">Kaplamalar nas\u0131l yap\u0131l\u0131r?<\/h2>\n\n\n\n<p>Kaplamalar presleme veya frezeleme i\u015fleminde \u00fcretilebilir ve duruma ba\u011fl\u0131 olarak gofret inceli\u011finde seramik kaplama ile di\u015flerinize \u00f6zel olarak uyarlanabilir. Almanya&#8217;da her zaman son bir kalite kontrol yap\u0131l\u0131r. Bu, en y\u00fcksek kalitede dayan\u0131kl\u0131 protezlerle sonu\u00e7lan\u0131r.<\/p>\n\n\n\n<h2 class=\"wp-block-heading\">Kaplamalar\u0131n maliyeti nedir?<\/h2>\n\n\n\n<p>Kaplamalar genellikle estetik bir tedavi oldu\u011fundan, yasal sa\u011fl\u0131k sigortas\u0131 \u015firketleri genellikle herhangi bir masraf\u0131 kar\u015f\u0131lamaz. Fiyat, kaplama say\u0131s\u0131na ve istenen malzemeye ba\u011fl\u0131d\u0131r. Bununla birlikte, verimli s\u00fcre\u00e7lerimiz sayesinde size \u00f6zellikle adil bir fiyat-performans oran\u0131 sunabiliyoruz.<\/p>\n<\/div>\n\n\n\n<div class=\"wp-block-column is-layout-flow wp-block-column-is-layout-flow\">\n<h2 class=\"wp-block-heading\">Kaplamalarla elde etti\u011finiz avantajlar<\/h2>\n\n\n\n<ul class=\"wp-block-list is-style-check_list_small\">\n<li>K\u0131sa s\u00fcrede do\u011fal, \u0131\u015f\u0131lt\u0131l\u0131 g\u00fcl\u00fc\u015f<\/li>\n\n\n\n<li>Y\u00fcksek kaliteli seramikler \u2013 dayan\u0131kl\u0131 ve biyouyumlu<\/li>\n\n\n\n<li>M\u00fckemmel uyum i\u00e7in \u00f6zel olarak \u00fcretilmi\u015ftir<\/li>\n\n\n\n<li>Almanya&#8217;da profesyonel di\u015f teknisyenleri taraf\u0131ndan son muayene<\/li>\n\n\n\n<li>Klasik di\u015f hekiminden %80&#8217;e kadar daha ucuz<\/li>\n<\/ul>\n\n\n\n<div class=\"wp-block-group has-hellblau-background-color has-background is-layout-constrained wp-container-core-group-is-layout-7bcb8110 wp-block-group-is-layout-constrained\" style=\"border-radius:20px;padding-top:1.5rem;padding-right:var(--wp--preset--spacing--two);padding-bottom:1.5rem;padding-left:var(--wp--preset--spacing--two)\">\n<h2 class=\"wp-block-heading\">Kaplamalar i\u00e7in fiyat teklifi isteyin<\/h2>\n\n\n\n<p>Kaplamalar\u0131n\u0131z i\u00e7in size profesyonel, y\u00fcksek kaliteli ve uygun fiyatl\u0131 bireysel bir teklif sunmaktan mutluluk duyaca\u011f\u0131z.<\/p>\n\n\n\n<div class=\"wp-block-buttons is-layout-flex wp-block-buttons-is-layout-flex\">\n<div class=\"wp-block-button open-funnel-ab\"><a class=\"wp-block-button__link wp-element-button\">Hemen bir teklif al\u0131n<\/a><\/div>\n<\/div>\n<\/div>\n<\/div>\n<\/div>\n\n<div class=\"wp-block-group only-desktop is-layout-flow wp-block-group-is-layout-flow\">\n<p class=\"has-text-align-center is-style-zwischentitel_klein\" style=\"margin-top:4rem\">Kaplamalar konusunda size nas\u0131l yard\u0131mc\u0131 olabiliriz? \u015eunlar aras\u0131ndan se\u00e7im yap\u0131n:<\/p>\n\n\n\n<div class=\"wp-block-group funnelkacheln is-content-justification-center is-nowrap is-layout-flex wp-container-core-group-is-layout-93cbe1bb wp-block-group-is-layout-flex\" style=\"padding-bottom:var(--wp--preset--spacing--one)\">\n<div class=\"wp-block-group open-funnel-ab is-layout-constrained wp-container-core-group-is-layout-81979fbc wp-block-group-is-layout-constrained\">\n<figure class=\"wp-block-image aligncenter size-full is-resized\"><img decoding=\"async\" src=\"https:\/\/www.zahnkostensparen.de\/wp-content\/uploads\/sites\/2\/2025\/06\/icon-sparen.svg\" alt=\"\" class=\"wp-image-465\" style=\"aspect-ratio:1;width:90px\"\/><\/figure>\n\n\n\n<p class=\"has-text-align-center\">Ne kadara mal oldu\u011funu bilmek istiyorum<\/p>\n<\/div>\n\n\n\n<div class=\"wp-block-group open-funnel-d is-layout-constrained wp-container-core-group-is-layout-81979fbc wp-block-group-is-layout-constrained\">\n<figure class=\"wp-block-image aligncenter size-full is-resized\"><img decoding=\"async\" src=\"https:\/\/www.zahnkostensparen.de\/wp-content\/uploads\/sites\/2\/2025\/06\/icon-zahnarzt.svg\" alt=\"\" class=\"wp-image-435\" style=\"aspect-ratio:1;width:90px\"\/><\/figure>\n\n\n\n<p class=\"has-text-align-center\">Yak\u0131nlarda bir di\u015f hekimi ar\u0131yorum<\/p>\n<\/div>\n\n\n\n<div class=\"wp-block-group open-funnel-c is-layout-constrained wp-container-core-group-is-layout-81979fbc wp-block-group-is-layout-constrained\">\n<figure class=\"wp-block-image aligncenter size-full is-resized\"><img decoding=\"async\" src=\"https:\/\/www.zahnkostensparen.de\/wp-content\/uploads\/sites\/2\/2025\/06\/icon-broschuere.svg\" alt=\"\" class=\"wp-image-433\" style=\"aspect-ratio:1;width:90px\"\/><\/figure>\n\n\n\n<p class=\"has-text-align-center\">\u00d6nce kendimi bilgilendirece\u011fim<\/p>\n<\/div>\n<\/div>\n<\/div>\n\n<div class=\"wp-block-columns alignwide is-layout-flex wp-container-core-columns-is-layout-4bd6941c wp-block-columns-is-layout-flex\" style=\"margin-top:var(--wp--preset--spacing--four);margin-bottom:var(--wp--preset--spacing--four);padding-top:var(--wp--preset--spacing--one)\">\n<div class=\"wp-block-column is-layout-flow wp-block-column-is-layout-flow\">\n<h2 class=\"wp-block-heading\">S\u0131k\u00e7a Sorulan Sorular<\/h2>\n\n\n<div id=\"akkordeon-block_f1619b93f9b950145b5167d7712f58f2\" class=\"akkordeon\">\n  \n\n<h2 class=\"wp-block-heading\">Kaplamalar ne kadar s\u00fcrer?<\/h2>\n\n\n\n<p>\u0130yi bir bak\u0131mla, kaplamalar genellikle 10-15 y\u0131l veya daha fazla dayan\u0131r.<\/p>\n\n<\/div>\n\n<div id=\"akkordeon-block_f1619b93f9b950145b5167d7712f58f2\" class=\"akkordeon\">\n  \n\n<h2 class=\"wp-block-heading\">Alman kaplamalar\u0131na k\u0131yasla kalite a\u00e7\u0131s\u0131ndan herhangi bir fark var m\u0131?<\/h2>\n\n\n\n<p>Hay\u0131r \u2013 ortak laboratuvarlar\u0131m\u0131z en son teknoloji ile \u00e7al\u0131\u015f\u0131r. Son kalite kontrol Almanya&#8217;da taraf\u0131m\u0131zca ger\u00e7ekle\u015ftirilmektedir.<\/p>\n\n<\/div>\n\n<div id=\"akkordeon-block_f1619b93f9b950145b5167d7712f58f2\" class=\"akkordeon\">\n  \n\n<h2 class=\"wp-block-heading\">Bunun i\u00e7in yurt d\u0131\u015f\u0131na seyahat etmem gerekiyor mu?<\/h2>\n\n\n\n<p>Hay\u0131r \u2013 her \u015fey bizim arac\u0131l\u0131\u011f\u0131m\u0131zla ve yerel di\u015f hekiminizden ge\u00e7er. Seyahat etmeden tasarruf edersiniz.<\/p>\n\n<\/div><\/div>\n\n\n\n<div class=\"wp-block-column is-layout-flow wp-block-column-is-layout-flow\">\n<figure class=\"wp-block-image size-large is-style-runde_ecken\"><img loading=\"lazy\" decoding=\"async\" width=\"1024\" height=\"700\" src=\"https:\/\/www.zahnkostensparen.de\/wp-content\/uploads\/sites\/2\/2025\/06\/laecheln-beim-zahnarzt-1024x700.jpg\" alt=\"\" class=\"wp-image-250\" srcset=\"https:\/\/www.zahnkostensparen.de\/wp-content\/uploads\/sites\/2\/2025\/06\/laecheln-beim-zahnarzt-1024x700.jpg 1024w, https:\/\/www.zahnkostensparen.de\/wp-content\/uploads\/sites\/2\/2025\/06\/laecheln-beim-zahnarzt-300x205.jpg 300w, https:\/\/www.zahnkostensparen.de\/wp-content\/uploads\/sites\/2\/2025\/06\/laecheln-beim-zahnarzt-768x525.jpg 768w, https:\/\/www.zahnkostensparen.de\/wp-content\/uploads\/sites\/2\/2025\/06\/laecheln-beim-zahnarzt-1536x1050.jpg 1536w, https:\/\/www.zahnkostensparen.de\/wp-content\/uploads\/sites\/2\/2025\/06\/laecheln-beim-zahnarzt-2048x1400.jpg 2048w\" sizes=\"auto, (max-width: 1024px) 100vw, 1024px\" \/><\/figure>\n<\/div>\n<\/div>\n","protected":false},"excerpt":{"rendered":"<p>Kaplamalar kusursuz bir g\u00fcl\u00fcmseme sa\u011flar &#8211; ayr\u0131 ayr\u0131 \u00fcretilir ve y\u00fcksek kalitede. Memnuniyet garantisi de dahil olmak \u00fczere estetik a\u00e7\u0131dan m\u00fckemmel sonu\u00e7lara sahip uygun fiyatl\u0131 kaplamalar sunuyoruz.<\/p>\n","protected":false},"author":1,"featured_media":1040,"parent":1355,"menu_order":1,"comment_status":"closed","ping_status":"closed","template":"wp-custom-template-zahnersatz-einzelseite","meta":{"_acf_changed":false,"footnotes":""},"class_list":["post-1351","page","type-page","status-publish","has-post-thumbnail","hentry"],"acf":[],"_links":{"self":[{"href":"https:\/\/www.zahnkostensparen.de\/tr\/wp-json\/wp\/v2\/pages\/1351","targetHints":{"allow":["GET"]}}],"collection":[{"href":"https:\/\/www.zahnkostensparen.de\/tr\/wp-json\/wp\/v2\/pages"}],"about":[{"href":"https:\/\/www.zahnkostensparen.de\/tr\/wp-json\/wp\/v2\/types\/page"}],"author":[{"embeddable":true,"href":"https:\/\/www.zahnkostensparen.de\/tr\/wp-json\/wp\/v2\/users\/1"}],"replies":[{"embeddable":true,"href":"https:\/\/www.zahnkostensparen.de\/tr\/wp-json\/wp\/v2\/comments?post=1351"}],"version-history":[{"count":2,"href":"https:\/\/www.zahnkostensparen.de\/tr\/wp-json\/wp\/v2\/pages\/1351\/revisions"}],"predecessor-version":[{"id":1799,"href":"https:\/\/www.zahnkostensparen.de\/tr\/wp-json\/wp\/v2\/pages\/1351\/revisions\/1799"}],"up":[{"embeddable":true,"href":"https:\/\/www.zahnkostensparen.de\/tr\/wp-json\/wp\/v2\/pages\/1355"}],"wp:featuredmedia":[{"embeddable":true,"href":"https:\/\/www.zahnkostensparen.de\/tr\/wp-json\/wp\/v2\/media\/1040"}],"wp:attachment":[{"href":"https:\/\/www.zahnkostensparen.de\/tr\/wp-json\/wp\/v2\/media?parent=1351"}],"curies":[{"name":"wp","href":"https:\/\/api.w.org\/{rel}","templated":true}]}}