{"id":1343,"date":"2025-06-15T12:33:27","date_gmt":"2025-06-15T10:33:27","guid":{"rendered":"https:\/\/www.zahnkostensparen.de\/koeprue"},"modified":"2025-10-07T16:29:58","modified_gmt":"2025-10-07T14:29:58","slug":"koeprue","status":"publish","type":"page","link":"https:\/\/www.zahnkostensparen.de\/tr\/protez\/koeprue","title":{"rendered":"K\u00f6pr\u00fc"},"content":{"rendered":"\n<div class=\"wp-block-media-text alignfull is-image-fill-element\"><figure  class=\"wp-block-media-text__media\"><img loading=\"lazy\" decoding=\"async\" width=\"3600\" height=\"2323\" alt=\"\" src=\"https:\/\/www.zahnkostensparen.de\/wp-content\/uploads\/sites\/2\/2025\/06\/gebiss-wird-bearbeitet-scaled.jpg\" style=\"object-position:50% 50%;\" class=\"wp-image-1018 size-full\" srcset=\"https:\/\/www.zahnkostensparen.de\/wp-content\/uploads\/sites\/2\/2025\/06\/gebiss-wird-bearbeitet-scaled.jpg 3600w, https:\/\/www.zahnkostensparen.de\/wp-content\/uploads\/sites\/2\/2025\/06\/gebiss-wird-bearbeitet-300x194.jpg 300w, https:\/\/www.zahnkostensparen.de\/wp-content\/uploads\/sites\/2\/2025\/06\/gebiss-wird-bearbeitet-1024x661.jpg 1024w, https:\/\/www.zahnkostensparen.de\/wp-content\/uploads\/sites\/2\/2025\/06\/gebiss-wird-bearbeitet-768x496.jpg 768w, https:\/\/www.zahnkostensparen.de\/wp-content\/uploads\/sites\/2\/2025\/06\/gebiss-wird-bearbeitet-1536x991.jpg 1536w, https:\/\/www.zahnkostensparen.de\/wp-content\/uploads\/sites\/2\/2025\/06\/gebiss-wird-bearbeitet-2048x1322.jpg 2048w\" sizes=\"auto, (max-width: 3600px) 100vw, 3600px\" \/><\/figure><div class=\"wp-block-media-text__content\"><div id=\"spar-bubble-block_4a43e58ed508be4af43b5666e3380f94\" class=\"spar-bubble\" >\n    <div class=\"spar-bubble-over\">tasarruf<\/div>\n    <div class=\"spar-bubble-value\">%80&#8217;e<\/div>\n    <div class=\"spar-bubble-under\">varan<\/div>\n<\/div>\n\n\n<p><strong>K\u00f6pr\u00fcler \u00e7ok mu pahal\u0131?<\/strong><\/p>\n\n\n\n<h1 class=\"wp-block-heading\">Ucuz di\u015f k\u00f6pr\u00fcs\u00fc \u2013 <br\/>\u015eimdi ak\u0131ll\u0131ca tasarruf edin!<\/h1>\n\n\n\n<div class=\"wp-block-group only-mobile is-layout-flow wp-block-group-is-layout-flow\">\n<p class=\"is-style-zwischentitel_klein\">Size nas\u0131l yard\u0131mc\u0131 olabiliriz? \u015eunlar aras\u0131ndan se\u00e7im yap\u0131n: <\/p>\n\n\n\n<div class=\"wp-block-group funnelkacheln is-content-justification-left is-nowrap is-layout-flex wp-container-core-group-is-layout-f91642d5 wp-block-group-is-layout-flex\" style=\"padding-bottom:var(--wp--preset--spacing--one)\">\n<div class=\"wp-block-group open-funnel-ab is-layout-constrained wp-container-core-group-is-layout-81979fbc wp-block-group-is-layout-constrained\">\n<figure class=\"wp-block-image aligncenter size-full is-resized\"><img decoding=\"async\" src=\"https:\/\/www.zahnkostensparen.de\/wp-content\/uploads\/sites\/2\/2025\/06\/icon-sparen.svg\" alt=\"\" class=\"wp-image-465\" style=\"aspect-ratio:1;width:90px\"\/><\/figure>\n\n\n\n<p class=\"has-text-align-center\">Ne kadara mal oldu\u011funu bilmek istiyorum<\/p>\n<\/div>\n\n\n\n<div class=\"wp-block-group open-funnel-d is-layout-constrained wp-container-core-group-is-layout-81979fbc wp-block-group-is-layout-constrained\">\n<figure class=\"wp-block-image aligncenter size-full is-resized\"><img decoding=\"async\" src=\"https:\/\/www.zahnkostensparen.de\/wp-content\/uploads\/sites\/2\/2025\/06\/icon-zahnarzt.svg\" alt=\"\" class=\"wp-image-435\" style=\"aspect-ratio:1;width:90px\"\/><\/figure>\n\n\n\n<p class=\"has-text-align-center\">Yak\u0131nlarda bir di\u015f hekimi ar\u0131yorum<\/p>\n<\/div>\n\n\n\n<div class=\"wp-block-group open-funnel-c is-layout-constrained wp-container-core-group-is-layout-81979fbc wp-block-group-is-layout-constrained\">\n<figure class=\"wp-block-image aligncenter size-full is-resized\"><img decoding=\"async\" src=\"https:\/\/www.zahnkostensparen.de\/wp-content\/uploads\/sites\/2\/2025\/06\/icon-broschuere.svg\" alt=\"\" class=\"wp-image-433\" style=\"aspect-ratio:1;width:90px\"\/><\/figure>\n\n\n\n<p class=\"has-text-align-center\">\u00d6nce kendimi bilgilendirece\u011fim<\/p>\n<\/div>\n<\/div>\n<\/div>\n\n\n<div class=\"wp-block-post-excerpt\"><p class=\"wp-block-post-excerpt__excerpt\">Bir di\u015f k\u00f6pr\u00fcs\u00fc, bir veya daha fazla eksik di\u015fin yerini alabilir ve sizin i\u00e7in farkl\u0131 malzeme tasar\u0131mlar\u0131nda \u00fcretilebilir. 4 y\u0131l garanti ile makul bir fiyata di\u015f k\u00f6pr\u00fcleri \u00fcretiyoruz. <\/p><\/div>\n\n\n<ul class=\"wp-block-list is-style-check_list_small top-argumente\">\n<li>En kaliteli protezler<\/li>\n\n\n\n<li>G\u00fcvenilir di\u015f hekiminiz taraf\u0131ndan tedavi<\/li>\n\n\n\n<li>4 y\u0131l garanti<\/li>\n\n\n\n<li>100.000&#8217;den fazla hasta tedavi edildi<\/li>\n<\/ul>\n\n\n\n<div class=\"wp-block-buttons is-layout-flex wp-block-buttons-is-layout-flex\">\n<div class=\"wp-block-button open-funnel-ab\"><a class=\"wp-block-button__link wp-element-button\">Hemen bir teklif al\u0131n<\/a><\/div>\n<\/div>\n\n\n\n<div class=\"wp-block-group has-dunkelblau-color has-text-color has-link-color wp-elements-21f20321430a70588c8be9e22eec95e7 is-nowrap is-layout-flex wp-container-core-group-is-layout-39f415c8 wp-block-group-is-layout-flex\" style=\"border-radius:11px;margin-top:var(--wp--preset--spacing--two);margin-bottom:0.5rem\">\n<p><strong>\u015euradan bilinen:<\/strong><\/p>\n\n\n\n<figure class=\"wp-block-image size-full is-resized\"><img decoding=\"async\" src=\"https:\/\/www.audentic-ag.de\/wp-content\/uploads\/2025\/10\/tv-logos-farbig.svg\" alt=\"\" class=\"wp-image-416\" style=\"width:200px\"\/><\/figure>\n<\/div>\n<\/div><\/div>\n\n<div class=\"wp-block-columns alignwide is-layout-flex wp-container-core-columns-is-layout-3f6ad93c wp-block-columns-is-layout-flex\" style=\"margin-bottom:var(--wp--preset--spacing--three)\">\n<div class=\"wp-block-column is-layout-flow wp-block-column-is-layout-flow\">\n<h2 class=\"wp-block-heading\">K\u00f6pr\u00fc nedir?<\/h2>\n\n\n\n<p>Di\u015f k\u00f6pr\u00fcleri &#8220;sabit protezler&#8221; kategorisine girer ve bir veya daha fazla di\u015fin eksik oldu\u011fu ve bu bo\u015flu\u011fun bir implant veya protez ile kapat\u0131lmamas\u0131 durumunda devreye girer. Bir k\u00f6pr\u00fc her zaman dayanak di\u015flerinden ve bo\u015fluklar\u0131 kapatan bir veya daha fazla k\u00f6pr\u00fc ba\u011flant\u0131s\u0131ndan olu\u015fur. Dayanak di\u015flerin daha sonra k\u00f6pr\u00fcye tak\u0131labilmesi i\u00e7in di\u015f hekimi taraf\u0131ndan haz\u0131rlanmas\u0131 gerekir.  <\/p>\n\n\n\n<h2 class=\"wp-block-heading\">Bir k\u00f6pr\u00fcn\u00fcn maliyeti nedir?<\/h2>\n\n\n\n<p>Di\u015f k\u00f6pr\u00fcs\u00fc masraflar\u0131, yasal sa\u011fl\u0131k sigortas\u0131 olanlar i\u00e7in standart bak\u0131m\u0131n bir par\u00e7as\u0131 olarak s\u00fcbvanse edilir. Maliyetin tam miktar\u0131 ayn\u0131 zamanda ka\u00e7 di\u015fin de\u011fi\u015ftirilmesi gerekti\u011fine, ayr\u0131ca di\u015f k\u00f6pr\u00fcs\u00fcn\u00fcn tipine ve kullan\u0131lan malzemeye de ba\u011fl\u0131d\u0131r. <\/p>\n\n\n\n<h2 class=\"wp-block-heading\">Bir k\u00f6pr\u00fc nas\u0131l yap\u0131l\u0131r?<\/h2>\n\n\n\n<p>Durum kal\u0131pland\u0131ktan sonra, bir lazer sinterleme \/ frezeleme i\u015flemi veya bir d\u00f6k\u00fcm i\u015flemi kullan\u0131larak k\u00f6pr\u00fcler yap\u0131labilir. K\u00f6pr\u00fcn\u00fcn tipine ba\u011fl\u0131 olarak, k\u00f6pr\u00fc \u00e7er\u00e7evesi bir sonraki ad\u0131mda ayr\u0131 bir seramik kaplama ile sa\u011flan\u0131r. Bu k\u0131smi veya tam kaplama olarak \u00fcretilebilir. Burada a\u011f\u0131zdaki ko\u015fullara ve hastan\u0131n ne istedi\u011fine ba\u011fl\u0131d\u0131r. Uzmanl\u0131\u011f\u0131m\u0131z sayesinde, estetik ve i\u015flev a\u00e7\u0131s\u0131ndan size \u00f6zel bir \u00e7\u00f6z\u00fcm\u00fc garanti edebiliriz.    <\/p>\n<\/div>\n\n\n\n<div class=\"wp-block-column is-layout-flow wp-block-column-is-layout-flow\">\n<h2 class=\"wp-block-heading\">Di\u015f k\u00f6pr\u00fcs\u00fc ile avantajlar\u0131n\u0131z<\/h2>\n\n\n\n<ul class=\"wp-block-list is-style-check_list_small\">\n<li>M\u00fckemmel uyum ve destek i\u00e7in \u00f6zel olarak \u00fcretilmi\u015ftir<\/li>\n\n\n\n<li>Do\u011fal estetik \u2013 ger\u00e7ek di\u015ften neredeyse ay\u0131rt edilemez<\/li>\n\n\n\n<li>Y\u00fcksek kaliteli malzemeler sayesinde uzun s\u00fcre dayan\u0131kl\u0131l\u0131k<\/li>\n\n\n\n<li>Usta di\u015f teknisyeni taraf\u0131ndan Almanya&#8217;da son muayene<\/li>\n\n\n\n<li>Geleneksel \u00e7\u00f6z\u00fcmlerden %80&#8217;e kadar daha ucuz<\/li>\n<\/ul>\n\n\n\n<div class=\"wp-block-group has-hellblau-background-color has-background is-layout-constrained wp-container-core-group-is-layout-7bcb8110 wp-block-group-is-layout-constrained\" style=\"border-radius:20px;padding-top:1.5rem;padding-right:var(--wp--preset--spacing--two);padding-bottom:1.5rem;padding-left:var(--wp--preset--spacing--two)\">\n<h2 class=\"wp-block-heading\">K\u00f6pr\u00fc i\u00e7in fiyat teklifi isteyin<\/h2>\n\n\n\n<p>Bir di\u015f k\u00f6pr\u00fcs\u00fcn\u00fcn \u00fcretimi i\u00e7in size \u00f6zel bir teklif sunabiliriz.<\/p>\n\n\n\n<div class=\"wp-block-buttons is-layout-flex wp-block-buttons-is-layout-flex\">\n<div class=\"wp-block-button open-funnel-ab\"><a class=\"wp-block-button__link wp-element-button\">Hemen bir teklif al\u0131n<\/a><\/div>\n<\/div>\n<\/div>\n<\/div>\n<\/div>\n\n<div class=\"wp-block-group only-desktop is-layout-flow wp-block-group-is-layout-flow\">\n<p class=\"has-text-align-center is-style-zwischentitel_klein\" style=\"margin-top:4rem\">K\u00f6pr\u00fcler konusunda size nas\u0131l yard\u0131mc\u0131 olabiliriz? \u015eunlar aras\u0131ndan se\u00e7im yap\u0131n: <\/p>\n\n\n\n<div class=\"wp-block-group funnelkacheln is-content-justification-center is-nowrap is-layout-flex wp-container-core-group-is-layout-93cbe1bb wp-block-group-is-layout-flex\" style=\"padding-bottom:var(--wp--preset--spacing--one)\">\n<div class=\"wp-block-group open-funnel-ab is-layout-constrained wp-container-core-group-is-layout-81979fbc wp-block-group-is-layout-constrained\">\n<figure class=\"wp-block-image aligncenter size-full is-resized\"><img decoding=\"async\" src=\"https:\/\/www.zahnkostensparen.de\/wp-content\/uploads\/sites\/2\/2025\/06\/icon-sparen.svg\" alt=\"\" class=\"wp-image-465\" style=\"aspect-ratio:1;width:90px\"\/><\/figure>\n\n\n\n<p class=\"has-text-align-center\">Ne kadara mal oldu\u011funu bilmek istiyorum<\/p>\n<\/div>\n\n\n\n<div class=\"wp-block-group open-funnel-d is-layout-constrained wp-container-core-group-is-layout-81979fbc wp-block-group-is-layout-constrained\">\n<figure class=\"wp-block-image aligncenter size-full is-resized\"><img decoding=\"async\" src=\"https:\/\/www.zahnkostensparen.de\/wp-content\/uploads\/sites\/2\/2025\/06\/icon-zahnarzt.svg\" alt=\"\" class=\"wp-image-435\" style=\"aspect-ratio:1;width:90px\"\/><\/figure>\n\n\n\n<p class=\"has-text-align-center\">Yak\u0131nlarda bir di\u015f hekimi ar\u0131yorum<\/p>\n<\/div>\n\n\n\n<div class=\"wp-block-group open-funnel-c is-layout-constrained wp-container-core-group-is-layout-81979fbc wp-block-group-is-layout-constrained\">\n<figure class=\"wp-block-image aligncenter size-full is-resized\"><img decoding=\"async\" src=\"https:\/\/www.zahnkostensparen.de\/wp-content\/uploads\/sites\/2\/2025\/06\/icon-broschuere.svg\" alt=\"\" class=\"wp-image-433\" style=\"aspect-ratio:1;width:90px\"\/><\/figure>\n\n\n\n<p class=\"has-text-align-center\">\u00d6nce kendimi bilgilendirece\u011fim<\/p>\n<\/div>\n<\/div>\n<\/div>\n\n<div class=\"wp-block-columns alignwide is-layout-flex wp-container-core-columns-is-layout-2c2a1393 wp-block-columns-is-layout-flex\" style=\"margin-top:var(--wp--preset--spacing--four);margin-bottom:var(--wp--preset--spacing--four)\">\n<div class=\"wp-block-column is-layout-flow wp-block-column-is-layout-flow\">\n<h2 class=\"wp-block-heading\">S\u0131k\u00e7a Sorulan Sorular<\/h2>\n\n\n<div id=\"akkordeon-block_e51d36ba712b0f67ef8283db0b7728f9\" class=\"akkordeon\">\n  \n\n<h2 class=\"wp-block-heading\">Bir di\u015f k\u00f6pr\u00fcs\u00fc ne kadar s\u00fcrer?<\/h2>\n\n\n\n<p>Malzemeye ve bak\u0131ma ba\u011fl\u0131 olarak, 10 ila 20 y\u0131l aras\u0131nda \u2013 bazen daha da uzun.<\/p>\n\n<\/div>\n\n<div id=\"akkordeon-block_e51d36ba712b0f67ef8283db0b7728f9\" class=\"akkordeon\">\n  \n\n<h2 class=\"wp-block-heading\">Bir k\u00f6pr\u00fc fark edilir mi yoksa g\u00f6r\u00fcn\u00fcr m\u00fc?<\/h2>\n\n\n\n<p>K\u00f6pr\u00fclerimiz, hem g\u00f6rsel hem de i\u015flevsel olarak di\u015flerinize m\u00fckemmel bir \u015fekilde oturacak \u015fekilde \u00fcretilmi\u015ftir \u2013 neredeyse fark edilmez ve neredeyse g\u00f6r\u00fcnmez.<\/p>\n\n<\/div>\n\n<div id=\"akkordeon-block_e51d36ba712b0f67ef8283db0b7728f9\" class=\"akkordeon\">\n  \n\n<h2 class=\"wp-block-heading\">K\u00f6pr\u00fc i\u00e7in yurt d\u0131\u015f\u0131na seyahat etmem gerekiyor mu?<\/h2>\n\n\n\n<p>Hay\u0131r. T\u00fcm \u00fcretim taraf\u0131m\u0131zca organize edilmektedir. Almanya&#8217;da kal\u0131yorlar ve k\u00f6pr\u00fcy\u00fc normal \u015fekilde di\u015f\u00e7iye takt\u0131r\u0131yorlar.  <\/p>\n\n<\/div>\n\n<div id=\"akkordeon-block_e51d36ba712b0f67ef8283db0b7728f9\" class=\"akkordeon\">\n  \n\n<h2 class=\"wp-block-heading\">K\u00f6pr\u00fcm\u00fc ne kadar \u00e7abuk alaca\u011f\u0131m?<\/h2>\n\n\n\n<p>Genellikle birka\u00e7 hafta i\u00e7inde \u2013 tedavi plan\u0131na ve di\u015f hekimi randevusuna ba\u011fl\u0131 olarak.<\/p>\n\n<\/div><\/div>\n\n\n\n<div class=\"wp-block-column is-layout-flow wp-block-column-is-layout-flow\">\n<figure class=\"wp-block-image size-large is-style-runde_ecken\"><img loading=\"lazy\" decoding=\"async\" width=\"1024\" height=\"700\" src=\"https:\/\/www.zahnkostensparen.de\/wp-content\/uploads\/sites\/2\/2025\/06\/laecheln-beim-zahnarzt-1024x700.jpg\" alt=\"\" class=\"wp-image-250\" srcset=\"https:\/\/www.zahnkostensparen.de\/wp-content\/uploads\/sites\/2\/2025\/06\/laecheln-beim-zahnarzt-1024x700.jpg 1024w, https:\/\/www.zahnkostensparen.de\/wp-content\/uploads\/sites\/2\/2025\/06\/laecheln-beim-zahnarzt-300x205.jpg 300w, https:\/\/www.zahnkostensparen.de\/wp-content\/uploads\/sites\/2\/2025\/06\/laecheln-beim-zahnarzt-768x525.jpg 768w, https:\/\/www.zahnkostensparen.de\/wp-content\/uploads\/sites\/2\/2025\/06\/laecheln-beim-zahnarzt-1536x1050.jpg 1536w, https:\/\/www.zahnkostensparen.de\/wp-content\/uploads\/sites\/2\/2025\/06\/laecheln-beim-zahnarzt-2048x1400.jpg 2048w\" sizes=\"auto, (max-width: 1024px) 100vw, 1024px\" \/><\/figure>\n<\/div>\n<\/div>\n","protected":false},"excerpt":{"rendered":"<p>Bir di\u015f k\u00f6pr\u00fcs\u00fc, bir veya daha fazla eksik di\u015fin yerini alabilir ve sizin i\u00e7in farkl\u0131 malzeme tasar\u0131mlar\u0131nda \u00fcretilebilir. 4 y\u0131l garanti ile makul bir fiyata di\u015f k\u00f6pr\u00fcleri \u00fcretiyoruz. <\/p>\n","protected":false},"author":1,"featured_media":1018,"parent":1355,"menu_order":3,"comment_status":"closed","ping_status":"closed","template":"wp-custom-template-zahnersatz-einzelseite","meta":{"_acf_changed":false,"footnotes":""},"class_list":["post-1343","page","type-page","status-publish","has-post-thumbnail","hentry"],"acf":[],"_links":{"self":[{"href":"https:\/\/www.zahnkostensparen.de\/tr\/wp-json\/wp\/v2\/pages\/1343","targetHints":{"allow":["GET"]}}],"collection":[{"href":"https:\/\/www.zahnkostensparen.de\/tr\/wp-json\/wp\/v2\/pages"}],"about":[{"href":"https:\/\/www.zahnkostensparen.de\/tr\/wp-json\/wp\/v2\/types\/page"}],"author":[{"embeddable":true,"href":"https:\/\/www.zahnkostensparen.de\/tr\/wp-json\/wp\/v2\/users\/1"}],"replies":[{"embeddable":true,"href":"https:\/\/www.zahnkostensparen.de\/tr\/wp-json\/wp\/v2\/comments?post=1343"}],"version-history":[{"count":2,"href":"https:\/\/www.zahnkostensparen.de\/tr\/wp-json\/wp\/v2\/pages\/1343\/revisions"}],"predecessor-version":[{"id":1835,"href":"https:\/\/www.zahnkostensparen.de\/tr\/wp-json\/wp\/v2\/pages\/1343\/revisions\/1835"}],"up":[{"embeddable":true,"href":"https:\/\/www.zahnkostensparen.de\/tr\/wp-json\/wp\/v2\/pages\/1355"}],"wp:featuredmedia":[{"embeddable":true,"href":"https:\/\/www.zahnkostensparen.de\/tr\/wp-json\/wp\/v2\/media\/1018"}],"wp:attachment":[{"href":"https:\/\/www.zahnkostensparen.de\/tr\/wp-json\/wp\/v2\/media?parent=1343"}],"curies":[{"name":"wp","href":"https:\/\/api.w.org\/{rel}","templated":true}]}}