{"id":1341,"date":"2025-06-15T12:33:37","date_gmt":"2025-06-15T10:33:37","guid":{"rendered":"https:\/\/www.zahnkostensparen.de\/dis-kronlari"},"modified":"2025-10-07T16:28:10","modified_gmt":"2025-10-07T14:28:10","slug":"dis-kronlari","status":"publish","type":"page","link":"https:\/\/www.zahnkostensparen.de\/tr\/protez\/dis-kronlari","title":{"rendered":"Di\u015f kronlar\u0131"},"content":{"rendered":"\n<div class=\"wp-block-media-text alignfull is-image-fill-element\"><figure  class=\"wp-block-media-text__media\"><img loading=\"lazy\" decoding=\"async\" width=\"3600\" height=\"2324\" alt=\"\" src=\"https:\/\/www.zahnkostensparen.de\/wp-content\/uploads\/sites\/2\/2025\/06\/zahnkrone-fertigung-scaled.jpg\" style=\"object-position:50% 50%;\" class=\"wp-image-1054 size-full\" srcset=\"https:\/\/www.zahnkostensparen.de\/wp-content\/uploads\/sites\/2\/2025\/06\/zahnkrone-fertigung-scaled.jpg 3600w, https:\/\/www.zahnkostensparen.de\/wp-content\/uploads\/sites\/2\/2025\/06\/zahnkrone-fertigung-300x194.jpg 300w, https:\/\/www.zahnkostensparen.de\/wp-content\/uploads\/sites\/2\/2025\/06\/zahnkrone-fertigung-1024x661.jpg 1024w, https:\/\/www.zahnkostensparen.de\/wp-content\/uploads\/sites\/2\/2025\/06\/zahnkrone-fertigung-768x496.jpg 768w, https:\/\/www.zahnkostensparen.de\/wp-content\/uploads\/sites\/2\/2025\/06\/zahnkrone-fertigung-1536x992.jpg 1536w, https:\/\/www.zahnkostensparen.de\/wp-content\/uploads\/sites\/2\/2025\/06\/zahnkrone-fertigung-2048x1322.jpg 2048w\" sizes=\"auto, (max-width: 3600px) 100vw, 3600px\" \/><\/figure><div class=\"wp-block-media-text__content\"><div id=\"spar-bubble-block_26c78adbe94fce3a8f6d3052f006b04c\" class=\"spar-bubble\" >\n    <div class=\"spar-bubble-over\">tasarruf<\/div>\n    <div class=\"spar-bubble-value\">%80&#8217;e<\/div>\n    <div class=\"spar-bubble-under\">varan<\/div>\n<\/div>\n\n\n<p><strong>Ta\u00e7lar \u00e7ok mu pahal\u0131?<\/strong><\/p>\n\n\n\n<h1 class=\"wp-block-heading\">Uygun fiyatl\u0131 di\u015f tac\u0131 \u2013 <br\/>\u015eimdi ak\u0131ll\u0131ca tasarruf edin!<\/h1>\n\n\n\n<div class=\"wp-block-group only-mobile is-layout-flow wp-block-group-is-layout-flow\">\n<p class=\"is-style-zwischentitel_klein\">Size nas\u0131l yard\u0131mc\u0131 olabiliriz? \u015eunlar aras\u0131ndan se\u00e7im yap\u0131n:<\/p>\n\n\n\n<div class=\"wp-block-group funnelkacheln is-content-justification-left is-nowrap is-layout-flex wp-container-core-group-is-layout-f91642d5 wp-block-group-is-layout-flex\" style=\"padding-bottom:var(--wp--preset--spacing--one)\">\n<div class=\"wp-block-group open-funnel-ab is-layout-constrained wp-container-core-group-is-layout-81979fbc wp-block-group-is-layout-constrained\">\n<figure class=\"wp-block-image aligncenter size-full is-resized\"><img decoding=\"async\" src=\"https:\/\/www.zahnkostensparen.de\/wp-content\/uploads\/sites\/2\/2025\/06\/icon-sparen.svg\" alt=\"\" class=\"wp-image-465\" style=\"aspect-ratio:1;width:90px\"\/><\/figure>\n\n\n\n<p class=\"has-text-align-center\">Ne kadara mal oldu\u011funu bilmek istiyorum<\/p>\n<\/div>\n\n\n\n<div class=\"wp-block-group open-funnel-d is-layout-constrained wp-container-core-group-is-layout-81979fbc wp-block-group-is-layout-constrained\">\n<figure class=\"wp-block-image aligncenter size-full is-resized\"><img decoding=\"async\" src=\"https:\/\/www.zahnkostensparen.de\/wp-content\/uploads\/sites\/2\/2025\/06\/icon-zahnarzt.svg\" alt=\"\" class=\"wp-image-435\" style=\"aspect-ratio:1;width:90px\"\/><\/figure>\n\n\n\n<p class=\"has-text-align-center\">Yak\u0131nlarda bir di\u015f hekimi ar\u0131yorum<\/p>\n<\/div>\n\n\n\n<div class=\"wp-block-group open-funnel-c is-layout-constrained wp-container-core-group-is-layout-81979fbc wp-block-group-is-layout-constrained\">\n<figure class=\"wp-block-image aligncenter size-full is-resized\"><img decoding=\"async\" src=\"https:\/\/www.zahnkostensparen.de\/wp-content\/uploads\/sites\/2\/2025\/06\/icon-broschuere.svg\" alt=\"\" class=\"wp-image-433\" style=\"aspect-ratio:1;width:90px\"\/><\/figure>\n\n\n\n<p class=\"has-text-align-center\">\u00d6nce kendimi bilgilendirece\u011fim<\/p>\n<\/div>\n<\/div>\n<\/div>\n\n\n<div class=\"wp-block-post-excerpt\"><p class=\"wp-block-post-excerpt__excerpt\">Bir di\u015f kronu, ciddi \u015fekilde hasar g\u00f6rm\u00fc\u015f veya a\u011f\u0131r dolgulu di\u015fleri stabilize edebilir ve sizin i\u00e7in \u00e7e\u015fitli malzemelerden yap\u0131labilir. 4 y\u0131l garanti ile makul bir fiyata di\u015f kronlar\u0131 \u00fcretiyoruz. <\/p><\/div>\n\n\n<ul class=\"wp-block-list is-style-check_list_small top-argumente\">\n<li>En kaliteli protezler<\/li>\n\n\n\n<li>G\u00fcvenilir di\u015f hekiminiz taraf\u0131ndan tedavi<\/li>\n\n\n\n<li>4 y\u0131l garanti<\/li>\n\n\n\n<li>100.000&#8217;den fazla hasta tedavi edildi<\/li>\n<\/ul>\n\n\n\n<div class=\"wp-block-buttons is-layout-flex wp-block-buttons-is-layout-flex\">\n<div class=\"wp-block-button open-funnel-ab\"><a class=\"wp-block-button__link wp-element-button\">Hemen bir teklif al\u0131n<\/a><\/div>\n<\/div>\n\n\n\n<div class=\"wp-block-group has-dunkelblau-color has-text-color has-link-color wp-elements-21f20321430a70588c8be9e22eec95e7 is-nowrap is-layout-flex wp-container-core-group-is-layout-39f415c8 wp-block-group-is-layout-flex\" style=\"border-radius:11px;margin-top:var(--wp--preset--spacing--two);margin-bottom:0.5rem\">\n<p><strong>\u015euradan bilinen:<\/strong><\/p>\n\n\n\n<figure class=\"wp-block-image size-full is-resized\"><img decoding=\"async\" src=\"https:\/\/www.audentic-ag.de\/wp-content\/uploads\/2025\/10\/tv-logos-farbig.svg\" alt=\"\" class=\"wp-image-416\" style=\"width:200px\"\/><\/figure>\n<\/div>\n<\/div><\/div>\n\n<div class=\"wp-block-columns alignwide is-layout-flex wp-container-core-columns-is-layout-3f6ad93c wp-block-columns-is-layout-flex\" style=\"margin-bottom:var(--wp--preset--spacing--three)\">\n<div class=\"wp-block-column is-layout-flow wp-block-column-is-layout-flow\">\n<h2 class=\"wp-block-heading\">Ta\u00e7 nedir?<\/h2>\n\n\n\n<p>Di\u015f kronlar\u0131 &#8220;sabit protezler&#8221; kategorisine aittir. Tek tek di\u015fleri tamamen ta\u00e7land\u0131r\u0131rlar ve do\u011fal \u015fekillerini ve i\u015flevlerini geri kazand\u0131r\u0131rlar. Yapay kabuk tam olarak \u00f6nceden haz\u0131rlanm\u0131\u015f di\u015fe yerle\u015ftirilir ve s\u0131k\u0131ca yap\u0131\u015ft\u0131r\u0131l\u0131r.<\/p>\n\n\n\n<h2 class=\"wp-block-heading\">Bir ta\u00e7 ne kadara mal olur?<\/h2>\n\n\n\n<p>Di\u015f kronu masraflar\u0131, standart bak\u0131m\u0131n bir par\u00e7as\u0131 olarak yasal sa\u011fl\u0131k sigortas\u0131 taraf\u0131ndan s\u00fcbvanse edilir. Kesin fiyat, di\u011fer \u015feylerin yan\u0131 s\u0131ra kullan\u0131lan malzemeye ve ta\u00e7 tipine ba\u011fl\u0131d\u0131r.<\/p>\n\n\n\n<h2 class=\"wp-block-heading\">Bir ta\u00e7 nas\u0131l yap\u0131l\u0131r?<\/h2>\n\n\n\n<p>Di\u015fin durumuna, di\u015flenmedeki konumuna ve fonksiyonel gereksinimlere ba\u011fl\u0131 olarak farkl\u0131 tipte kronlar kullan\u0131l\u0131r. Stabilite, estetik ve yap\u0131ld\u0131klar\u0131 malzemeye g\u00f6re de\u011fi\u015firler.<\/p>\n<\/div>\n\n\n\n<div class=\"wp-block-column is-layout-flow wp-block-column-is-layout-flow\">\n<h2 class=\"wp-block-heading\">Di\u015f kronunun avantajlar\u0131<\/h2>\n\n\n\n<ul class=\"wp-block-list is-style-check_list_small\">\n<li>M\u00fckemmel uyum sa\u011flayan y\u00fcksek hassasiyetli di\u015f kronlar\u0131<\/li>\n\n\n\n<li>Do\u011fal estetik \u2013 \u00f6zellikle tam seramiklerde<\/li>\n\n\n\n<li>Ciddi hasar g\u00f6rm\u00fc\u015f di\u015fler i\u00e7in uzun vadeli \u00e7\u00f6z\u00fcm<\/li>\n\n\n\n<li>Alman di\u015f teknisyeni ekibi taraf\u0131ndan kalite g\u00fcvencesi<\/li>\n\n\n\n<li>Klasik tekliflerden \u00f6nemli \u00f6l\u00e7\u00fcde daha ucuz<\/li>\n<\/ul>\n\n\n\n<div class=\"wp-block-group has-hellblau-background-color has-background is-layout-constrained wp-container-core-group-is-layout-7bcb8110 wp-block-group-is-layout-constrained\" style=\"border-radius:20px;padding-top:1.5rem;padding-right:var(--wp--preset--spacing--two);padding-bottom:1.5rem;padding-left:var(--wp--preset--spacing--two)\">\n<h2 class=\"wp-block-heading\">Bir ta\u00e7 i\u00e7in fiyat teklifi isteyin<\/h2>\n\n\n\n<p>Di\u015f kronu \u00fcretimi i\u00e7in size \u00f6zel bir teklif sunmaktan mutluluk duyaca\u011f\u0131z.<\/p>\n\n\n\n<div class=\"wp-block-buttons is-layout-flex wp-block-buttons-is-layout-flex\">\n<div class=\"wp-block-button open-funnel-ab\"><a class=\"wp-block-button__link wp-element-button\">Hemen bir teklif al\u0131n<\/a><\/div>\n<\/div>\n<\/div>\n<\/div>\n<\/div>\n\n<div class=\"wp-block-group only-desktop is-layout-flow wp-block-group-is-layout-flow\">\n<p class=\"has-text-align-center is-style-zwischentitel_klein\" style=\"margin-top:4rem\">Di\u015f kronlar\u0131 konusunda size nas\u0131l yard\u0131mc\u0131 olabiliriz? \u015eunlar aras\u0131ndan se\u00e7im yap\u0131n:<\/p>\n\n\n\n<div class=\"wp-block-group funnelkacheln is-content-justification-center is-nowrap is-layout-flex wp-container-core-group-is-layout-93cbe1bb wp-block-group-is-layout-flex\" style=\"padding-bottom:var(--wp--preset--spacing--one)\">\n<div class=\"wp-block-group open-funnel-ab is-layout-constrained wp-container-core-group-is-layout-81979fbc wp-block-group-is-layout-constrained\">\n<figure class=\"wp-block-image aligncenter size-full is-resized\"><img decoding=\"async\" src=\"https:\/\/www.zahnkostensparen.de\/wp-content\/uploads\/sites\/2\/2025\/06\/icon-sparen.svg\" alt=\"\" class=\"wp-image-465\" style=\"aspect-ratio:1;width:90px\"\/><\/figure>\n\n\n\n<p class=\"has-text-align-center\">Ne kadara mal oldu\u011funu bilmek istiyorum<\/p>\n<\/div>\n\n\n\n<div class=\"wp-block-group open-funnel-d is-layout-constrained wp-container-core-group-is-layout-81979fbc wp-block-group-is-layout-constrained\">\n<figure class=\"wp-block-image aligncenter size-full is-resized\"><img decoding=\"async\" src=\"https:\/\/www.zahnkostensparen.de\/wp-content\/uploads\/sites\/2\/2025\/06\/icon-zahnarzt.svg\" alt=\"\" class=\"wp-image-435\" style=\"aspect-ratio:1;width:90px\"\/><\/figure>\n\n\n\n<p class=\"has-text-align-center\">Yak\u0131nlarda bir di\u015f hekimi ar\u0131yorum<\/p>\n<\/div>\n\n\n\n<div class=\"wp-block-group open-funnel-c is-layout-constrained wp-container-core-group-is-layout-81979fbc wp-block-group-is-layout-constrained\">\n<figure class=\"wp-block-image aligncenter size-full is-resized\"><img decoding=\"async\" src=\"https:\/\/www.zahnkostensparen.de\/wp-content\/uploads\/sites\/2\/2025\/06\/icon-broschuere.svg\" alt=\"\" class=\"wp-image-433\" style=\"aspect-ratio:1;width:90px\"\/><\/figure>\n\n\n\n<p class=\"has-text-align-center\">\u00d6nce kendimi bilgilendirece\u011fim<\/p>\n<\/div>\n<\/div>\n<\/div>\n\n<div class=\"wp-block-columns alignwide is-layout-flex wp-container-core-columns-is-layout-2c2a1393 wp-block-columns-is-layout-flex\" style=\"margin-top:var(--wp--preset--spacing--four);margin-bottom:var(--wp--preset--spacing--four)\">\n<div class=\"wp-block-column is-layout-flow wp-block-column-is-layout-flow\">\n<h2 class=\"wp-block-heading\">S\u0131k\u00e7a Sorulan Sorular<\/h2>\n\n\n<div id=\"akkordeon-block_d9037b80018365fe53a8f862529a83ef\" class=\"akkordeon\">\n  \n\n<h2 class=\"wp-block-heading\">Bir di\u015f kronu ne kadar s\u00fcrer?<\/h2>\n\n\n\n<p>\u0130yi bir bak\u0131mla, malzemeye ba\u011fl\u0131 olarak 15 y\u0131la kadar veya daha uzun.<\/p>\n\n<\/div>\n\n<div id=\"akkordeon-block_d9037b80018365fe53a8f862529a83ef\" class=\"akkordeon\">\n  \n\n<h2 class=\"wp-block-heading\">Bir ta\u00e7 g\u00f6r\u00fcn\u00fcr m\u00fc?<\/h2>\n\n\n\n<p>\u00d6n b\u00f6lgedeki seramik kuronlar neredeyse g\u00f6r\u00fcnmezdir \u2013 do\u011fal di\u015fi m\u00fckemmel bir \u015fekilde taklit ederler.<\/p>\n\n<\/div>\n\n<div id=\"akkordeon-block_d9037b80018365fe53a8f862529a83ef\" class=\"akkordeon\">\n  \n\n<h2 class=\"wp-block-heading\">Bunun i\u00e7in yurt d\u0131\u015f\u0131na seyahat etmem gerekiyor mu?<\/h2>\n\n\n\n<p>Hay\u0131r \u2013 her \u015fey bizim i\u00e7imizden ge\u00e7iyor. Almanya&#8217;da di\u015f hekiminizle kal\u0131yorsunuz.<\/p>\n\n<\/div>\n\n<div id=\"akkordeon-block_d9037b80018365fe53a8f862529a83ef\" class=\"akkordeon\">\n  \n\n<h2 class=\"wp-block-heading\">Di\u015f hekiminden kuron i\u00e7in farkl\u0131l\u0131klar var m\u0131?<\/h2>\n\n\n\n<p>Kronlar\u0131m\u0131z ayn\u0131 standartlara g\u00f6re \u00fcretilmektedir \u2013 ancak uluslararas\u0131 \u00fcretim sayesinde \u00e7ok daha ucuzdur.<\/p>\n\n<\/div><\/div>\n\n\n\n<div class=\"wp-block-column is-layout-flow wp-block-column-is-layout-flow\">\n<figure class=\"wp-block-image size-large is-style-runde_ecken\"><img loading=\"lazy\" decoding=\"async\" width=\"1024\" height=\"700\" src=\"https:\/\/www.zahnkostensparen.de\/wp-content\/uploads\/sites\/2\/2025\/06\/laecheln-beim-zahnarzt-1024x700.jpg\" alt=\"\" class=\"wp-image-250\" srcset=\"https:\/\/www.zahnkostensparen.de\/wp-content\/uploads\/sites\/2\/2025\/06\/laecheln-beim-zahnarzt-1024x700.jpg 1024w, https:\/\/www.zahnkostensparen.de\/wp-content\/uploads\/sites\/2\/2025\/06\/laecheln-beim-zahnarzt-300x205.jpg 300w, https:\/\/www.zahnkostensparen.de\/wp-content\/uploads\/sites\/2\/2025\/06\/laecheln-beim-zahnarzt-768x525.jpg 768w, https:\/\/www.zahnkostensparen.de\/wp-content\/uploads\/sites\/2\/2025\/06\/laecheln-beim-zahnarzt-1536x1050.jpg 1536w, https:\/\/www.zahnkostensparen.de\/wp-content\/uploads\/sites\/2\/2025\/06\/laecheln-beim-zahnarzt-2048x1400.jpg 2048w\" sizes=\"auto, (max-width: 1024px) 100vw, 1024px\" \/><\/figure>\n<\/div>\n<\/div>\n","protected":false},"excerpt":{"rendered":"<p>Bir di\u015f kronu, ciddi \u015fekilde hasar g\u00f6rm\u00fc\u015f veya a\u011f\u0131r dolgulu di\u015fleri stabilize edebilir ve sizin i\u00e7in \u00e7e\u015fitli malzemelerden yap\u0131labilir. 4 y\u0131l garanti ile makul bir fiyata di\u015f kronlar\u0131 \u00fcretiyoruz.<\/p>\n","protected":false},"author":1,"featured_media":1054,"parent":1355,"menu_order":4,"comment_status":"closed","ping_status":"closed","template":"wp-custom-template-zahnersatz-einzelseite","meta":{"_acf_changed":false,"footnotes":""},"class_list":["post-1341","page","type-page","status-publish","has-post-thumbnail","hentry"],"acf":[],"_links":{"self":[{"href":"https:\/\/www.zahnkostensparen.de\/tr\/wp-json\/wp\/v2\/pages\/1341","targetHints":{"allow":["GET"]}}],"collection":[{"href":"https:\/\/www.zahnkostensparen.de\/tr\/wp-json\/wp\/v2\/pages"}],"about":[{"href":"https:\/\/www.zahnkostensparen.de\/tr\/wp-json\/wp\/v2\/types\/page"}],"author":[{"embeddable":true,"href":"https:\/\/www.zahnkostensparen.de\/tr\/wp-json\/wp\/v2\/users\/1"}],"replies":[{"embeddable":true,"href":"https:\/\/www.zahnkostensparen.de\/tr\/wp-json\/wp\/v2\/comments?post=1341"}],"version-history":[{"count":2,"href":"https:\/\/www.zahnkostensparen.de\/tr\/wp-json\/wp\/v2\/pages\/1341\/revisions"}],"predecessor-version":[{"id":1808,"href":"https:\/\/www.zahnkostensparen.de\/tr\/wp-json\/wp\/v2\/pages\/1341\/revisions\/1808"}],"up":[{"embeddable":true,"href":"https:\/\/www.zahnkostensparen.de\/tr\/wp-json\/wp\/v2\/pages\/1355"}],"wp:featuredmedia":[{"embeddable":true,"href":"https:\/\/www.zahnkostensparen.de\/tr\/wp-json\/wp\/v2\/media\/1054"}],"wp:attachment":[{"href":"https:\/\/www.zahnkostensparen.de\/tr\/wp-json\/wp\/v2\/media?parent=1341"}],"curies":[{"name":"wp","href":"https:\/\/api.w.org\/{rel}","templated":true}]}}