{"id":1333,"date":"2025-06-15T12:33:47","date_gmt":"2025-06-15T10:33:47","guid":{"rendered":"https:\/\/www.zahnkostensparen.de\/tam-protezler"},"modified":"2025-10-07T16:29:51","modified_gmt":"2025-10-07T14:29:51","slug":"tam-protezler","status":"publish","type":"page","link":"https:\/\/www.zahnkostensparen.de\/tr\/protez\/tam-protezler","title":{"rendered":"Tam protezler"},"content":{"rendered":"\n<div class=\"wp-block-media-text alignfull is-image-fill-element\"><figure  class=\"wp-block-media-text__media\"><img loading=\"lazy\" decoding=\"async\" width=\"2500\" height=\"1551\" alt=\"\" src=\"https:\/\/www.zahnkostensparen.de\/wp-content\/uploads\/sites\/2\/2025\/06\/dritte-zaehne.jpg\" style=\"object-position:50% 50%;\" class=\"wp-image-1034 size-full\" srcset=\"https:\/\/www.zahnkostensparen.de\/wp-content\/uploads\/sites\/2\/2025\/06\/dritte-zaehne.jpg 2500w, https:\/\/www.zahnkostensparen.de\/wp-content\/uploads\/sites\/2\/2025\/06\/dritte-zaehne-300x186.jpg 300w, https:\/\/www.zahnkostensparen.de\/wp-content\/uploads\/sites\/2\/2025\/06\/dritte-zaehne-1024x635.jpg 1024w, https:\/\/www.zahnkostensparen.de\/wp-content\/uploads\/sites\/2\/2025\/06\/dritte-zaehne-768x476.jpg 768w, https:\/\/www.zahnkostensparen.de\/wp-content\/uploads\/sites\/2\/2025\/06\/dritte-zaehne-1536x953.jpg 1536w, https:\/\/www.zahnkostensparen.de\/wp-content\/uploads\/sites\/2\/2025\/06\/dritte-zaehne-2048x1271.jpg 2048w\" sizes=\"auto, (max-width: 2500px) 100vw, 2500px\" \/><\/figure><div class=\"wp-block-media-text__content\"><div id=\"spar-bubble-block_1882bd8f37e877242445a5e6c9d1ab41\" class=\"spar-bubble\" >\n    <div class=\"spar-bubble-over\">tasarruf<\/div>\n    <div class=\"spar-bubble-value\">%80&#8217;e<\/div>\n    <div class=\"spar-bubble-under\">varan<\/div>\n<\/div>\n\n\n<p><strong>Tam protez \u00e7ok mu pahal\u0131?<\/strong><\/p>\n\n\n\n<h1 class=\"wp-block-heading\">Uygun fiyatl\u0131 tam protezler \u2013 <br\/>\u015eimdi ak\u0131ll\u0131ca tasarruf edin!<\/h1>\n\n\n\n<div class=\"wp-block-group only-mobile is-layout-flow wp-block-group-is-layout-flow\">\n<p class=\"is-style-zwischentitel_klein\">Size nas\u0131l yard\u0131mc\u0131 olabiliriz? \u015eunlar aras\u0131ndan se\u00e7im yap\u0131n: <\/p>\n\n\n\n<div class=\"wp-block-group funnelkacheln is-content-justification-left is-nowrap is-layout-flex wp-container-core-group-is-layout-f91642d5 wp-block-group-is-layout-flex\" style=\"padding-bottom:var(--wp--preset--spacing--one)\">\n<div class=\"wp-block-group open-funnel-ab is-layout-constrained wp-container-core-group-is-layout-81979fbc wp-block-group-is-layout-constrained\">\n<figure class=\"wp-block-image aligncenter size-full is-resized\"><img decoding=\"async\" src=\"https:\/\/www.zahnkostensparen.de\/wp-content\/uploads\/sites\/2\/2025\/06\/icon-sparen.svg\" alt=\"\" class=\"wp-image-465\" style=\"aspect-ratio:1;width:90px\"\/><\/figure>\n\n\n\n<p class=\"has-text-align-center\">Ne kadara mal oldu\u011funu bilmek istiyorum<\/p>\n<\/div>\n\n\n\n<div class=\"wp-block-group open-funnel-d is-layout-constrained wp-container-core-group-is-layout-81979fbc wp-block-group-is-layout-constrained\">\n<figure class=\"wp-block-image aligncenter size-full is-resized\"><img decoding=\"async\" src=\"https:\/\/www.zahnkostensparen.de\/wp-content\/uploads\/sites\/2\/2025\/06\/icon-zahnarzt.svg\" alt=\"\" class=\"wp-image-435\" style=\"aspect-ratio:1;width:90px\"\/><\/figure>\n\n\n\n<p class=\"has-text-align-center\">Yak\u0131nlarda bir di\u015f hekimi ar\u0131yorum<\/p>\n<\/div>\n\n\n\n<div class=\"wp-block-group open-funnel-c is-layout-constrained wp-container-core-group-is-layout-81979fbc wp-block-group-is-layout-constrained\">\n<figure class=\"wp-block-image aligncenter size-full is-resized\"><img decoding=\"async\" src=\"https:\/\/www.zahnkostensparen.de\/wp-content\/uploads\/sites\/2\/2025\/06\/icon-broschuere.svg\" alt=\"\" class=\"wp-image-433\" style=\"aspect-ratio:1;width:90px\"\/><\/figure>\n\n\n\n<p class=\"has-text-align-center\">\u00d6nce kendimi bilgilendirece\u011fim<\/p>\n<\/div>\n<\/div>\n<\/div>\n\n\n<div class=\"wp-block-post-excerpt\"><p class=\"wp-block-post-excerpt__excerpt\">Tam protezler, \u00fcst veya alt \u00e7enedeki t\u00fcm di\u015flerin yerini al\u0131r. Destek, fonksiyon ve esteti\u011fi geri getiren \u00f6zel olarak tak\u0131lan protezler \u00fcretiyoruz &#8211; ve hem de uygun fiyatlarla. <\/p><\/div>\n\n\n<ul class=\"wp-block-list is-style-check_list_small top-argumente\">\n<li>En kaliteli protezler<\/li>\n\n\n\n<li>G\u00fcvenilir di\u015f hekiminiz taraf\u0131ndan tedavi<\/li>\n\n\n\n<li>4 y\u0131l garanti<\/li>\n\n\n\n<li>100.000&#8217;den fazla hasta tedavi edildi<\/li>\n<\/ul>\n\n\n\n<div class=\"wp-block-buttons is-layout-flex wp-block-buttons-is-layout-flex\">\n<div class=\"wp-block-button open-funnel-ab\"><a class=\"wp-block-button__link wp-element-button\">Hemen bir teklif al\u0131n<\/a><\/div>\n<\/div>\n\n\n\n<div class=\"wp-block-group has-dunkelblau-color has-text-color has-link-color wp-elements-21f20321430a70588c8be9e22eec95e7 is-nowrap is-layout-flex wp-container-core-group-is-layout-39f415c8 wp-block-group-is-layout-flex\" style=\"border-radius:11px;margin-top:var(--wp--preset--spacing--two);margin-bottom:0.5rem\">\n<p><strong>\u015euradan bilinen:<\/strong><\/p>\n\n\n\n<figure class=\"wp-block-image size-full is-resized\"><img decoding=\"async\" src=\"https:\/\/www.audentic-ag.de\/wp-content\/uploads\/2025\/10\/tv-logos-farbig.svg\" alt=\"\" class=\"wp-image-416\" style=\"width:200px\"\/><\/figure>\n<\/div>\n<\/div><\/div>\n\n<div class=\"wp-block-columns alignwide is-layout-flex wp-container-core-columns-is-layout-3f6ad93c wp-block-columns-is-layout-flex\" style=\"margin-bottom:var(--wp--preset--spacing--three)\">\n<div class=\"wp-block-column is-layout-flow wp-block-column-is-layout-flow\">\n<h2 class=\"wp-block-heading\">Tam protez nedir?<\/h2>\n\n\n\n<p>Tam protez, di\u015fsiz \u00e7ene i\u00e7in \u00e7\u0131kar\u0131labilir bir protezdir. \u00c7enenin s\u0131rt\u0131na dayan\u0131r ve emicilik, negatif bas\u0131n\u00e7 veya yap\u0131\u015fkan krem ile tutar. Modern tamamen \u00fcretilmi\u015f tam protezler bug\u00fcn \u00e7ok do\u011fal g\u00f6r\u00fcnmektedir.  <\/p>\n\n\n\n<h2 class=\"wp-block-heading\">Tam protez ne kadara mal olur?<\/h2>\n\n\n\n<p>Yasal sa\u011fl\u0131k sigortas\u0131, standart bak\u0131m\u0131n bir par\u00e7as\u0131 olarak masraflar\u0131n bir k\u0131sm\u0131n\u0131 kar\u015f\u0131lar. M\u00fckemmel bir fiyat-performans oran\u0131na sahip y\u00fcksek kaliteli protezler sunuyoruz. <\/p>\n\n\n\n<h2 class=\"wp-block-heading\">Tam protez nas\u0131l yap\u0131l\u0131r?<\/h2>\n\n\n\n<p>Kesin bir bask\u0131dan sonra \u015fekil, renk ve \u0131s\u0131r\u0131k ayr\u0131 ayr\u0131 ayarlan\u0131r. Di\u015f teknisyenlerimiz, optimum uyum ve do\u011fal g\u00f6r\u00fcn\u00fcm i\u00e7in her bir protezi azami \u00f6zenle \u00fcretir. <\/p>\n<\/div>\n\n\n\n<div class=\"wp-block-column is-layout-flow wp-block-column-is-layout-flow\">\n<h2 class=\"wp-block-heading\">Tam protez ile elde edece\u011finiz avantajlar<\/h2>\n\n\n\n<ul class=\"wp-block-list is-style-check_list_small\">\n<li>M\u00fckemmel destek ve uyum i\u00e7in \u00f6zel olarak \u00fcretilmi\u015ftir<\/li>\n\n\n\n<li>Do\u011fal g\u00f6r\u00fcn\u00fcm \u2013 ger\u00e7ek di\u015flerden neredeyse ay\u0131rt edilemez<\/li>\n\n\n\n<li>Uzun kullan\u0131m \u00f6mr\u00fc i\u00e7in y\u00fcksek kaliteli malzemeler<\/li>\n\n\n\n<li>Usta di\u015f teknisyeni taraf\u0131ndan Almanya&#8217;da son muayene<\/li>\n\n\n\n<li>Geleneksel di\u015f laboratuvarlar\u0131ndan %80&#8217;e kadar daha ucuz<\/li>\n<\/ul>\n\n\n\n<div class=\"wp-block-group has-hellblau-background-color has-background is-layout-constrained wp-container-core-group-is-layout-7bcb8110 wp-block-group-is-layout-constrained\" style=\"border-radius:20px;padding-top:1.5rem;padding-right:var(--wp--preset--spacing--two);padding-bottom:1.5rem;padding-left:var(--wp--preset--spacing--two)\">\n<h2 class=\"wp-block-heading\">Tam protez i\u00e7in fiyat teklifi isteyin<\/h2>\n\n\n\n<p>\u0130htiya\u00e7lar\u0131n\u0131za g\u00f6re \u00f6zel olarak haz\u0131rlanm\u0131\u015f ki\u015fisel bir teklif g\u00f6ndermekten mutluluk duyaca\u011f\u0131z.<\/p>\n\n\n\n<div class=\"wp-block-buttons is-layout-flex wp-block-buttons-is-layout-flex\">\n<div class=\"wp-block-button open-funnel-ab\"><a class=\"wp-block-button__link wp-element-button\">Hemen bir teklif al\u0131n<\/a><\/div>\n<\/div>\n<\/div>\n<\/div>\n<\/div>\n\n<div class=\"wp-block-group only-desktop is-layout-flow wp-block-group-is-layout-flow\">\n<p class=\"has-text-align-center is-style-zwischentitel_klein\" style=\"margin-top:4rem\">Tam protezler konusunda size nas\u0131l yard\u0131mc\u0131 olabiliriz? \u015eunlar aras\u0131ndan se\u00e7im yap\u0131n: <\/p>\n\n\n\n<div class=\"wp-block-group funnelkacheln is-content-justification-center is-nowrap is-layout-flex wp-container-core-group-is-layout-93cbe1bb wp-block-group-is-layout-flex\" style=\"padding-bottom:var(--wp--preset--spacing--one)\">\n<div class=\"wp-block-group open-funnel-ab is-layout-constrained wp-container-core-group-is-layout-81979fbc wp-block-group-is-layout-constrained\">\n<figure class=\"wp-block-image aligncenter size-full is-resized\"><img decoding=\"async\" src=\"https:\/\/www.zahnkostensparen.de\/wp-content\/uploads\/sites\/2\/2025\/06\/icon-sparen.svg\" alt=\"\" class=\"wp-image-465\" style=\"aspect-ratio:1;width:90px\"\/><\/figure>\n\n\n\n<p class=\"has-text-align-center\">Ne kadara mal oldu\u011funu bilmek istiyorum<\/p>\n<\/div>\n\n\n\n<div class=\"wp-block-group open-funnel-d is-layout-constrained wp-container-core-group-is-layout-81979fbc wp-block-group-is-layout-constrained\">\n<figure class=\"wp-block-image aligncenter size-full is-resized\"><img decoding=\"async\" src=\"https:\/\/www.zahnkostensparen.de\/wp-content\/uploads\/sites\/2\/2025\/06\/icon-zahnarzt.svg\" alt=\"\" class=\"wp-image-435\" style=\"aspect-ratio:1;width:90px\"\/><\/figure>\n\n\n\n<p class=\"has-text-align-center\">Yak\u0131nlarda bir di\u015f hekimi ar\u0131yorum<\/p>\n<\/div>\n\n\n\n<div class=\"wp-block-group open-funnel-c is-layout-constrained wp-container-core-group-is-layout-81979fbc wp-block-group-is-layout-constrained\">\n<figure class=\"wp-block-image aligncenter size-full is-resized\"><img decoding=\"async\" src=\"https:\/\/www.zahnkostensparen.de\/wp-content\/uploads\/sites\/2\/2025\/06\/icon-broschuere.svg\" alt=\"\" class=\"wp-image-433\" style=\"aspect-ratio:1;width:90px\"\/><\/figure>\n\n\n\n<p class=\"has-text-align-center\">\u00d6nce kendimi bilgilendirece\u011fim<\/p>\n<\/div>\n<\/div>\n<\/div>\n\n<div class=\"wp-block-columns alignwide is-layout-flex wp-container-core-columns-is-layout-2c2a1393 wp-block-columns-is-layout-flex\" style=\"margin-top:var(--wp--preset--spacing--four);margin-bottom:var(--wp--preset--spacing--four)\">\n<div class=\"wp-block-column is-layout-flow wp-block-column-is-layout-flow\">\n<h2 class=\"wp-block-heading\">S\u0131k\u00e7a Sorulan Sorular<\/h2>\n\n\n<div id=\"akkordeon-block_0df1eadc9b446555d11fb5f992866a1c\" class=\"akkordeon\">\n  \n\n<h2 class=\"wp-block-heading\">Tam protez ne kadar s\u00fcrer?<\/h2>\n\n\n\n<p>Bak\u0131m ve malzeme kalitesine ba\u011fl\u0131 olarak, genellikle 8-10 y\u0131l veya daha uzun.<\/p>\n\n<\/div>\n\n<div id=\"akkordeon-block_0df1eadc9b446555d11fb5f992866a1c\" class=\"akkordeon\">\n  \n\n<h2 class=\"wp-block-heading\">Onunla bir \u015fey yiyebilir miyim?<\/h2>\n\n\n\n<p>Evet, biraz al\u0131\u015fmakla \u00e7o\u011fu yemek sorunsuz bir \u015fekilde m\u00fcmk\u00fcnd\u00fcr.<\/p>\n\n<\/div>\n\n<div id=\"akkordeon-block_0df1eadc9b446555d11fb5f992866a1c\" class=\"akkordeon\">\n  \n\n<h2 class=\"wp-block-heading\">Modern bir protez ne kadar do\u011fal g\u00f6r\u00fcn\u00fcr?<\/h2>\n\n\n\n<p>\u00c7ok do\u011fal \u2013 di\u015f \u015fekli, di\u015f rengi ve di\u015f eti \u015fekli ki\u015fiye \u00f6zel olarak uyarlan\u0131r.<\/p>\n\n<\/div>\n\n<div id=\"akkordeon-block_0df1eadc9b446555d11fb5f992866a1c\" class=\"akkordeon\">\n  \n\n<h2 class=\"wp-block-heading\">\u00dcretim i\u00e7in yurt d\u0131\u015f\u0131na seyahat etmem gerekiyor mu?<\/h2>\n\n\n\n<p>Hay\u0131r \u2013 her \u015fey bizim arac\u0131l\u0131\u011f\u0131m\u0131zla organize ediliyor. Di\u015f hekiminizin yan\u0131nda konforlu bir \u015fekilde kal\u0131rs\u0131n\u0131z. <\/p>\n\n<\/div><\/div>\n\n\n\n<div class=\"wp-block-column is-layout-flow wp-block-column-is-layout-flow\">\n<figure class=\"wp-block-image size-large is-style-runde_ecken\"><img loading=\"lazy\" decoding=\"async\" width=\"1024\" height=\"700\" src=\"https:\/\/www.zahnkostensparen.de\/wp-content\/uploads\/sites\/2\/2025\/06\/laecheln-beim-zahnarzt-1024x700.jpg\" alt=\"\" class=\"wp-image-250\" srcset=\"https:\/\/www.zahnkostensparen.de\/wp-content\/uploads\/sites\/2\/2025\/06\/laecheln-beim-zahnarzt-1024x700.jpg 1024w, https:\/\/www.zahnkostensparen.de\/wp-content\/uploads\/sites\/2\/2025\/06\/laecheln-beim-zahnarzt-300x205.jpg 300w, https:\/\/www.zahnkostensparen.de\/wp-content\/uploads\/sites\/2\/2025\/06\/laecheln-beim-zahnarzt-768x525.jpg 768w, https:\/\/www.zahnkostensparen.de\/wp-content\/uploads\/sites\/2\/2025\/06\/laecheln-beim-zahnarzt-1536x1050.jpg 1536w, https:\/\/www.zahnkostensparen.de\/wp-content\/uploads\/sites\/2\/2025\/06\/laecheln-beim-zahnarzt-2048x1400.jpg 2048w\" sizes=\"auto, (max-width: 1024px) 100vw, 1024px\" \/><\/figure>\n<\/div>\n<\/div>\n","protected":false},"excerpt":{"rendered":"<p>Tam protezler, \u00fcst veya alt \u00e7enedeki t\u00fcm di\u015flerin yerini al\u0131r. Destek, fonksiyon ve esteti\u011fi geri getiren \u00f6zel olarak tak\u0131lan protezler \u00fcretiyoruz &#8211; ve hem de uygun fiyatlarla. <\/p>\n","protected":false},"author":1,"featured_media":1034,"parent":1355,"menu_order":5,"comment_status":"closed","ping_status":"closed","template":"wp-custom-template-zahnersatz-einzelseite","meta":{"_acf_changed":false,"footnotes":""},"class_list":["post-1333","page","type-page","status-publish","has-post-thumbnail","hentry"],"acf":[],"_links":{"self":[{"href":"https:\/\/www.zahnkostensparen.de\/tr\/wp-json\/wp\/v2\/pages\/1333","targetHints":{"allow":["GET"]}}],"collection":[{"href":"https:\/\/www.zahnkostensparen.de\/tr\/wp-json\/wp\/v2\/pages"}],"about":[{"href":"https:\/\/www.zahnkostensparen.de\/tr\/wp-json\/wp\/v2\/types\/page"}],"author":[{"embeddable":true,"href":"https:\/\/www.zahnkostensparen.de\/tr\/wp-json\/wp\/v2\/users\/1"}],"replies":[{"embeddable":true,"href":"https:\/\/www.zahnkostensparen.de\/tr\/wp-json\/wp\/v2\/comments?post=1333"}],"version-history":[{"count":2,"href":"https:\/\/www.zahnkostensparen.de\/tr\/wp-json\/wp\/v2\/pages\/1333\/revisions"}],"predecessor-version":[{"id":1831,"href":"https:\/\/www.zahnkostensparen.de\/tr\/wp-json\/wp\/v2\/pages\/1333\/revisions\/1831"}],"up":[{"embeddable":true,"href":"https:\/\/www.zahnkostensparen.de\/tr\/wp-json\/wp\/v2\/pages\/1355"}],"wp:featuredmedia":[{"embeddable":true,"href":"https:\/\/www.zahnkostensparen.de\/tr\/wp-json\/wp\/v2\/media\/1034"}],"wp:attachment":[{"href":"https:\/\/www.zahnkostensparen.de\/tr\/wp-json\/wp\/v2\/media?parent=1333"}],"curies":[{"name":"wp","href":"https:\/\/api.w.org\/{rel}","templated":true}]}}