{"id":1331,"date":"2025-06-15T12:34:08","date_gmt":"2025-06-15T10:34:08","guid":{"rendered":"https:\/\/www.zahnkostensparen.de\/atasman-protezler"},"modified":"2025-10-07T16:28:20","modified_gmt":"2025-10-07T14:28:20","slug":"atasman-protezler","status":"publish","type":"page","link":"https:\/\/www.zahnkostensparen.de\/tr\/protez\/atasman-protezler","title":{"rendered":"Ata\u015fman protezler"},"content":{"rendered":"\n<div class=\"wp-block-media-text alignfull is-image-fill-element\"><figure  class=\"wp-block-media-text__media\"><img loading=\"lazy\" decoding=\"async\" width=\"3600\" height=\"2401\" alt=\"\" src=\"https:\/\/www.zahnkostensparen.de\/wp-content\/uploads\/sites\/2\/2025\/06\/frau-laechelt.jpg\" style=\"object-position:50% 50%;\" class=\"wp-image-1044 size-full\" srcset=\"https:\/\/www.zahnkostensparen.de\/wp-content\/uploads\/sites\/2\/2025\/06\/frau-laechelt.jpg 3600w, https:\/\/www.zahnkostensparen.de\/wp-content\/uploads\/sites\/2\/2025\/06\/frau-laechelt-300x200.jpg 300w, https:\/\/www.zahnkostensparen.de\/wp-content\/uploads\/sites\/2\/2025\/06\/frau-laechelt-1024x683.jpg 1024w, https:\/\/www.zahnkostensparen.de\/wp-content\/uploads\/sites\/2\/2025\/06\/frau-laechelt-768x512.jpg 768w, https:\/\/www.zahnkostensparen.de\/wp-content\/uploads\/sites\/2\/2025\/06\/frau-laechelt-1536x1024.jpg 1536w, https:\/\/www.zahnkostensparen.de\/wp-content\/uploads\/sites\/2\/2025\/06\/frau-laechelt-2048x1366.jpg 2048w\" sizes=\"auto, (max-width: 3600px) 100vw, 3600px\" \/><\/figure><div class=\"wp-block-media-text__content\"><div id=\"spar-bubble-block_06b95ca66451d3de9fdf09c57ff6b97a\" class=\"spar-bubble\" >\n    <div class=\"spar-bubble-over\">tasarruf<\/div>\n    <div class=\"spar-bubble-value\">%80&#8217;e<\/div>\n    <div class=\"spar-bubble-under\">varan<\/div>\n<\/div>\n\n\n<p><strong>Ata\u015fman protezi \u00e7ok mu pahal\u0131?<\/strong><\/p>\n\n\n\n<h1 class=\"wp-block-heading\">Ucuz ata\u015fman protez \u2013 \u015fimdi ak\u0131ll\u0131ca tasarruf edin!<\/h1>\n\n\n\n<div class=\"wp-block-group only-mobile is-layout-flow wp-block-group-is-layout-flow\">\n<p class=\"is-style-zwischentitel_klein\">Size nas\u0131l yard\u0131mc\u0131 olabiliriz? \u015eunlar aras\u0131ndan se\u00e7im yap\u0131n: <\/p>\n\n\n\n<div class=\"wp-block-group funnelkacheln is-content-justification-left is-nowrap is-layout-flex wp-container-core-group-is-layout-f91642d5 wp-block-group-is-layout-flex\" style=\"padding-bottom:var(--wp--preset--spacing--one)\">\n<div class=\"wp-block-group open-funnel-ab is-layout-constrained wp-container-core-group-is-layout-81979fbc wp-block-group-is-layout-constrained\">\n<figure class=\"wp-block-image aligncenter size-full is-resized\"><img decoding=\"async\" src=\"https:\/\/www.zahnkostensparen.de\/wp-content\/uploads\/sites\/2\/2025\/06\/icon-sparen.svg\" alt=\"\" class=\"wp-image-465\" style=\"aspect-ratio:1;width:90px\"\/><\/figure>\n\n\n\n<p class=\"has-text-align-center\">Ne kadara mal oldu\u011funu bilmek istiyorum<\/p>\n<\/div>\n\n\n\n<div class=\"wp-block-group open-funnel-d is-layout-constrained wp-container-core-group-is-layout-81979fbc wp-block-group-is-layout-constrained\">\n<figure class=\"wp-block-image aligncenter size-full is-resized\"><img decoding=\"async\" src=\"https:\/\/www.zahnkostensparen.de\/wp-content\/uploads\/sites\/2\/2025\/06\/icon-zahnarzt.svg\" alt=\"\" class=\"wp-image-435\" style=\"aspect-ratio:1;width:90px\"\/><\/figure>\n\n\n\n<p class=\"has-text-align-center\">Yak\u0131nlarda bir di\u015f hekimi ar\u0131yorum<\/p>\n<\/div>\n\n\n\n<div class=\"wp-block-group open-funnel-c is-layout-constrained wp-container-core-group-is-layout-81979fbc wp-block-group-is-layout-constrained\">\n<figure class=\"wp-block-image aligncenter size-full is-resized\"><img decoding=\"async\" src=\"https:\/\/www.zahnkostensparen.de\/wp-content\/uploads\/sites\/2\/2025\/06\/icon-broschuere.svg\" alt=\"\" class=\"wp-image-433\" style=\"aspect-ratio:1;width:90px\"\/><\/figure>\n\n\n\n<p class=\"has-text-align-center\">\u00d6nce kendimi bilgilendirece\u011fim<\/p>\n<\/div>\n<\/div>\n<\/div>\n\n\n<div class=\"wp-block-post-excerpt\"><p class=\"wp-block-post-excerpt__excerpt\">Ba\u011flant\u0131l\u0131 protezler, g\u00f6r\u00fcn\u00fcr z\u0131mbalar olmadan optimum destek ve estetik sunar. K\u0131smi di\u015fler ve y\u00fcksek fonksiyon ve g\u00f6r\u00fcn\u00fcm talepleri i\u00e7in idealdir. <\/p><\/div>\n\n\n<ul class=\"wp-block-list is-style-check_list_small top-argumente\">\n<li>En kaliteli protezler<\/li>\n\n\n\n<li>G\u00fcvenilir di\u015f hekiminiz taraf\u0131ndan tedavi<\/li>\n\n\n\n<li>4 y\u0131l garanti<\/li>\n\n\n\n<li>100.000&#8217;den fazla hasta tedavi edildi<\/li>\n<\/ul>\n\n\n\n<div class=\"wp-block-buttons is-layout-flex wp-block-buttons-is-layout-flex\">\n<div class=\"wp-block-button open-funnel-ab\"><a class=\"wp-block-button__link wp-element-button\">Hemen bir teklif al\u0131n<\/a><\/div>\n<\/div>\n\n\n\n<div class=\"wp-block-group has-dunkelblau-color has-text-color has-link-color wp-elements-21f20321430a70588c8be9e22eec95e7 is-nowrap is-layout-flex wp-container-core-group-is-layout-39f415c8 wp-block-group-is-layout-flex\" style=\"border-radius:11px;margin-top:var(--wp--preset--spacing--two);margin-bottom:0.5rem\">\n<p><strong>\u015euradan bilinen:<\/strong><\/p>\n\n\n\n<figure class=\"wp-block-image size-full is-resized\"><img decoding=\"async\" src=\"https:\/\/www.audentic-ag.de\/wp-content\/uploads\/2025\/10\/tv-logos-farbig.svg\" alt=\"\" class=\"wp-image-416\" style=\"width:200px\"\/><\/figure>\n<\/div>\n<\/div><\/div>\n\n<div class=\"wp-block-columns alignwide is-layout-flex wp-container-core-columns-is-layout-3f6ad93c wp-block-columns-is-layout-flex\" style=\"margin-bottom:var(--wp--preset--spacing--three)\">\n<div class=\"wp-block-column is-layout-flow wp-block-column-is-layout-flow\">\n<h2 class=\"wp-block-heading\">Ata\u015fman protez nedir?<\/h2>\n\n\n\n<p>Ek protezler, birka\u00e7 eksik di\u015fin yerini almak i\u00e7in iki par\u00e7al\u0131 parsiyel protezlerdir. \u0130lk k\u0131s\u0131m, a\u011fza s\u0131k\u0131ca yap\u0131\u015ft\u0131r\u0131lm\u0131\u015f bir veya daha fazla krondur. Bu kuronlardan bir ge\u00e7meli sistem as\u0131l\u0131r ve bu, \u00e7\u0131kar\u0131labilir de\u011fi\u015ftirilen di\u015flere basit\u00e7e kayd\u0131r\u0131larak ba\u011flan\u0131r.  <\/p>\n\n\n\n<h2 class=\"wp-block-heading\">Bir ek protezin maliyeti nedir?<\/h2>\n\n\n\n<p>Bu \u00e7\u00f6z\u00fcm y\u00fcksek kalitededir ve buna ba\u011fl\u0131 olarak basit protezlerden daha maliyetlidir. Sa\u011fl\u0131k sigortas\u0131 \u015firketi sabit bir s\u00fcbvansiyon ile kat\u0131l\u0131r. <\/p>\n\n\n\n<h2 class=\"wp-block-heading\">Takma protez nas\u0131l yap\u0131l\u0131r?<\/h2>\n\n\n\n<p>Hassas bir haz\u0131rl\u0131ktan sonra, y\u00fck ta\u015f\u0131yan di\u015flere, ata\u015fmanlar\u0131n sabitlendi\u011fi kronlar sa\u011flan\u0131r. Parsiyel protez ona g\u00fcvenli bir \u015fekilde tutturulur. <\/p>\n<\/div>\n\n\n\n<div class=\"wp-block-column is-layout-flow wp-block-column-is-layout-flow\">\n<h2 class=\"wp-block-heading\">Ata\u015fman protez ile avantajlar\u0131n\u0131z<\/h2>\n\n\n\n<ul class=\"wp-block-list is-style-check_list_small\">\n<li>Kelep\u00e7esiz g\u00f6r\u00fcnmez tutu\u015f<\/li>\n\n\n\n<li>Hassas ge\u00e7meli sistem sayesinde s\u0131k\u0131 uyum<\/li>\n\n\n\n<li>Kolay temizlik i\u00e7in \u00e7\u0131kar\u0131labilir<\/li>\n\n\n\n<li>Y\u00fcksek estetik \u2013 g\u00f6r\u00fcn\u00fcr di\u015f alanlar\u0131 i\u00e7in ideal<\/li>\n\n\n\n<li>Daha sonra di\u015f kayb\u0131 durumunda geni\u015fletilebilir<\/li>\n\n\n\n<li>Usta di\u015f teknisyeni taraf\u0131ndan Almanya&#8217;da son muayene<\/li>\n\n\n\n<li>Bir\u00e7ok geleneksel \u00e7\u00f6z\u00fcmden \u00f6nemli \u00f6l\u00e7\u00fcde daha ucuz<\/li>\n<\/ul>\n\n\n\n<div class=\"wp-block-group has-hellblau-background-color has-background is-layout-constrained wp-container-core-group-is-layout-7bcb8110 wp-block-group-is-layout-constrained\" style=\"border-radius:20px;padding-top:1.5rem;padding-right:var(--wp--preset--spacing--two);padding-bottom:1.5rem;padding-left:var(--wp--preset--spacing--two)\">\n<h2 class=\"wp-block-heading\">Ek protez i\u00e7in fiyat teklifi isteyin<\/h2>\n\n\n\n<p>Ba\u011flay\u0131c\u0131 bir teklif de dahil olmak \u00fczere do\u011fru \u00e7\u00f6z\u00fcm\u00fc bulmak i\u00e7in sizinle birlikte \u00e7al\u0131\u015faca\u011f\u0131z.<\/p>\n\n\n\n<div class=\"wp-block-buttons is-layout-flex wp-block-buttons-is-layout-flex\">\n<div class=\"wp-block-button open-funnel-ab\"><a class=\"wp-block-button__link wp-element-button\">Hemen bir teklif al\u0131n<\/a><\/div>\n<\/div>\n<\/div>\n<\/div>\n<\/div>\n\n<div class=\"wp-block-group only-desktop is-layout-flow wp-block-group-is-layout-flow\">\n<p class=\"has-text-align-center is-style-zwischentitel_klein\" style=\"margin-top:4rem\">Takma protez konusunda size nas\u0131l yard\u0131mc\u0131 olabiliriz? \u015eunlar aras\u0131ndan se\u00e7im yap\u0131n: <\/p>\n\n\n\n<div class=\"wp-block-group funnelkacheln is-content-justification-center is-nowrap is-layout-flex wp-container-core-group-is-layout-93cbe1bb wp-block-group-is-layout-flex\" style=\"padding-bottom:var(--wp--preset--spacing--one)\">\n<div class=\"wp-block-group open-funnel-ab is-layout-constrained wp-container-core-group-is-layout-81979fbc wp-block-group-is-layout-constrained\">\n<figure class=\"wp-block-image aligncenter size-full is-resized\"><img decoding=\"async\" src=\"https:\/\/www.zahnkostensparen.de\/wp-content\/uploads\/sites\/2\/2025\/06\/icon-sparen.svg\" alt=\"\" class=\"wp-image-465\" style=\"aspect-ratio:1;width:90px\"\/><\/figure>\n\n\n\n<p class=\"has-text-align-center\">Ne kadara mal oldu\u011funu bilmek istiyorum<\/p>\n<\/div>\n\n\n\n<div class=\"wp-block-group open-funnel-d is-layout-constrained wp-container-core-group-is-layout-81979fbc wp-block-group-is-layout-constrained\">\n<figure class=\"wp-block-image aligncenter size-full is-resized\"><img decoding=\"async\" src=\"https:\/\/www.zahnkostensparen.de\/wp-content\/uploads\/sites\/2\/2025\/06\/icon-zahnarzt.svg\" alt=\"\" class=\"wp-image-435\" style=\"aspect-ratio:1;width:90px\"\/><\/figure>\n\n\n\n<p class=\"has-text-align-center\">Yak\u0131nlarda bir di\u015f hekimi ar\u0131yorum<\/p>\n<\/div>\n\n\n\n<div class=\"wp-block-group open-funnel-c is-layout-constrained wp-container-core-group-is-layout-81979fbc wp-block-group-is-layout-constrained\">\n<figure class=\"wp-block-image aligncenter size-full is-resized\"><img decoding=\"async\" src=\"https:\/\/www.zahnkostensparen.de\/wp-content\/uploads\/sites\/2\/2025\/06\/icon-broschuere.svg\" alt=\"\" class=\"wp-image-433\" style=\"aspect-ratio:1;width:90px\"\/><\/figure>\n\n\n\n<p class=\"has-text-align-center\">\u00d6nce kendimi bilgilendirece\u011fim<\/p>\n<\/div>\n<\/div>\n<\/div>\n\n<div class=\"wp-block-columns alignwide is-layout-flex wp-container-core-columns-is-layout-2c2a1393 wp-block-columns-is-layout-flex\" style=\"margin-top:var(--wp--preset--spacing--four);margin-bottom:var(--wp--preset--spacing--four)\">\n<div class=\"wp-block-column is-layout-flow wp-block-column-is-layout-flow\">\n<h2 class=\"wp-block-heading\">S\u0131k\u00e7a Sorulan Sorular<\/h2>\n\n\n<div id=\"akkordeon-block_fd942fd31af32901d0e7f32995a13a1f\" class=\"akkordeon\">\n  \n\n<h2 class=\"wp-block-heading\">Bir ba\u011flant\u0131 protezinin bir toka protezinden fark\u0131 nedir?<\/h2>\n\n\n\n<p>Daha rahatt\u0131r, estetik a\u00e7\u0131dan daha ho\u015ftur ve g\u00f6r\u00fcn\u00fcr metal par\u00e7alar olmadan daha iyi tutu\u015f sa\u011flar.<\/p>\n\n<\/div>\n\n<div id=\"akkordeon-block_fd942fd31af32901d0e7f32995a13a1f\" class=\"akkordeon\">\n  \n\n<h2 class=\"wp-block-heading\">Yatak y\u00fck\u00fc protezinin \u00f6mr\u00fc ne kadard\u0131r?<\/h2>\n\n\n\n<p>\u0130yi bir bak\u0131mla, 10-15 y\u0131l veya daha fazla \u2013 ge\u00e7meli sistem kararl\u0131d\u0131r ve gerekirse de\u011fi\u015ftirilebilir.<\/p>\n\n<\/div>\n\n<div id=\"akkordeon-block_fd942fd31af32901d0e7f32995a13a1f\" class=\"akkordeon\">\n  \n\n<h2 class=\"wp-block-heading\">Protez giyildi\u011finde fark edilir mi?<\/h2>\n\n\n\n<p>Genellikle hay\u0131r &#8211; \u00e7o\u011fu hasta k\u0131sa bir s\u00fcre al\u0131\u015ft\u0131ktan sonra onlar\u0131 \u00e7ok ho\u015f bulur.<\/p>\n\n<\/div>\n\n<div id=\"akkordeon-block_fd942fd31af32901d0e7f32995a13a1f\" class=\"akkordeon\">\n  \n\n<h2 class=\"wp-block-heading\">\u00dcretim i\u00e7in yurt d\u0131\u015f\u0131na seyahat etmem gerekiyor mu?<\/h2>\n\n\n\n<p>Hay\u0131r \u2013 her \u015fey bizim i\u00e7imizden ge\u00e7iyor. Almanya&#8217;daki di\u015f hekiminizle tedaviniz devam edecektir. <\/p>\n\n<\/div><\/div>\n\n\n\n<div class=\"wp-block-column is-layout-flow wp-block-column-is-layout-flow\">\n<figure class=\"wp-block-image size-large is-style-runde_ecken\"><img loading=\"lazy\" decoding=\"async\" width=\"1024\" height=\"700\" src=\"https:\/\/www.zahnkostensparen.de\/wp-content\/uploads\/sites\/2\/2025\/06\/laecheln-beim-zahnarzt-1024x700.jpg\" alt=\"\" class=\"wp-image-250\" srcset=\"https:\/\/www.zahnkostensparen.de\/wp-content\/uploads\/sites\/2\/2025\/06\/laecheln-beim-zahnarzt-1024x700.jpg 1024w, https:\/\/www.zahnkostensparen.de\/wp-content\/uploads\/sites\/2\/2025\/06\/laecheln-beim-zahnarzt-300x205.jpg 300w, https:\/\/www.zahnkostensparen.de\/wp-content\/uploads\/sites\/2\/2025\/06\/laecheln-beim-zahnarzt-768x525.jpg 768w, https:\/\/www.zahnkostensparen.de\/wp-content\/uploads\/sites\/2\/2025\/06\/laecheln-beim-zahnarzt-1536x1050.jpg 1536w, https:\/\/www.zahnkostensparen.de\/wp-content\/uploads\/sites\/2\/2025\/06\/laecheln-beim-zahnarzt-2048x1400.jpg 2048w\" sizes=\"auto, (max-width: 1024px) 100vw, 1024px\" \/><\/figure>\n<\/div>\n<\/div>\n","protected":false},"excerpt":{"rendered":"<p>Ba\u011flant\u0131l\u0131 protezler, g\u00f6r\u00fcn\u00fcr z\u0131mbalar olmadan optimum destek ve estetik sunar. K\u0131smi di\u015fler ve y\u00fcksek fonksiyon ve g\u00f6r\u00fcn\u00fcm talepleri i\u00e7in idealdir. <\/p>\n","protected":false},"author":1,"featured_media":1044,"parent":1355,"menu_order":7,"comment_status":"closed","ping_status":"closed","template":"wp-custom-template-zahnersatz-einzelseite","meta":{"_acf_changed":false,"footnotes":""},"class_list":["post-1331","page","type-page","status-publish","has-post-thumbnail","hentry"],"acf":[],"_links":{"self":[{"href":"https:\/\/www.zahnkostensparen.de\/tr\/wp-json\/wp\/v2\/pages\/1331","targetHints":{"allow":["GET"]}}],"collection":[{"href":"https:\/\/www.zahnkostensparen.de\/tr\/wp-json\/wp\/v2\/pages"}],"about":[{"href":"https:\/\/www.zahnkostensparen.de\/tr\/wp-json\/wp\/v2\/types\/page"}],"author":[{"embeddable":true,"href":"https:\/\/www.zahnkostensparen.de\/tr\/wp-json\/wp\/v2\/users\/1"}],"replies":[{"embeddable":true,"href":"https:\/\/www.zahnkostensparen.de\/tr\/wp-json\/wp\/v2\/comments?post=1331"}],"version-history":[{"count":2,"href":"https:\/\/www.zahnkostensparen.de\/tr\/wp-json\/wp\/v2\/pages\/1331\/revisions"}],"predecessor-version":[{"id":1814,"href":"https:\/\/www.zahnkostensparen.de\/tr\/wp-json\/wp\/v2\/pages\/1331\/revisions\/1814"}],"up":[{"embeddable":true,"href":"https:\/\/www.zahnkostensparen.de\/tr\/wp-json\/wp\/v2\/pages\/1355"}],"wp:featuredmedia":[{"embeddable":true,"href":"https:\/\/www.zahnkostensparen.de\/tr\/wp-json\/wp\/v2\/media\/1044"}],"wp:attachment":[{"href":"https:\/\/www.zahnkostensparen.de\/tr\/wp-json\/wp\/v2\/media?parent=1331"}],"curies":[{"name":"wp","href":"https:\/\/api.w.org\/{rel}","templated":true}]}}