{"id":1324,"date":"2025-06-15T12:34:20","date_gmt":"2025-06-15T10:34:20","guid":{"rendered":"https:\/\/www.zahnkostensparen.de\/suergue-protezleri"},"modified":"2025-10-07T16:28:24","modified_gmt":"2025-10-07T14:28:24","slug":"suergue-protezleri","status":"publish","type":"page","link":"https:\/\/www.zahnkostensparen.de\/tr\/protez\/suergue-protezleri","title":{"rendered":"S\u00fcrg\u00fc protezleri"},"content":{"rendered":"\n<div class=\"wp-block-media-text alignfull is-image-fill-element\"><figure  class=\"wp-block-media-text__media\"><img loading=\"lazy\" decoding=\"async\" width=\"3600\" height=\"2448\" alt=\"\" src=\"https:\/\/www.zahnkostensparen.de\/wp-content\/uploads\/sites\/2\/2025\/06\/audentic-arbeit-am-modell-scaled.jpg\" style=\"object-position:50% 50%;\" class=\"wp-image-1046 size-full\" srcset=\"https:\/\/www.zahnkostensparen.de\/wp-content\/uploads\/sites\/2\/2025\/06\/audentic-arbeit-am-modell-scaled.jpg 3600w, https:\/\/www.zahnkostensparen.de\/wp-content\/uploads\/sites\/2\/2025\/06\/audentic-arbeit-am-modell-300x204.jpg 300w, https:\/\/www.zahnkostensparen.de\/wp-content\/uploads\/sites\/2\/2025\/06\/audentic-arbeit-am-modell-1024x696.jpg 1024w, https:\/\/www.zahnkostensparen.de\/wp-content\/uploads\/sites\/2\/2025\/06\/audentic-arbeit-am-modell-768x522.jpg 768w, https:\/\/www.zahnkostensparen.de\/wp-content\/uploads\/sites\/2\/2025\/06\/audentic-arbeit-am-modell-1536x1044.jpg 1536w, https:\/\/www.zahnkostensparen.de\/wp-content\/uploads\/sites\/2\/2025\/06\/audentic-arbeit-am-modell-2048x1392.jpg 2048w\" sizes=\"auto, (max-width: 3600px) 100vw, 3600px\" \/><\/figure><div class=\"wp-block-media-text__content\"><div id=\"spar-bubble-block_f5dd52b83a091e9ee4ebe441df76bce6\" class=\"spar-bubble\" >\n    <div class=\"spar-bubble-over\">tasarruf<\/div>\n    <div class=\"spar-bubble-value\">%80&#8217;e<\/div>\n    <div class=\"spar-bubble-under\">varan<\/div>\n<\/div>\n\n\n<p><strong>Bar protezi \u00e7ok mu pahal\u0131?<\/strong><\/p>\n\n\n\n<h1 class=\"wp-block-heading\">Uygun fiyatl\u0131 bar protez \u2013 <br\/>\u015eimdi ak\u0131ll\u0131ca tasarruf edin!<\/h1>\n\n\n\n<div class=\"wp-block-group only-mobile is-layout-flow wp-block-group-is-layout-flow\">\n<p class=\"is-style-zwischentitel_klein\">Size nas\u0131l yard\u0131mc\u0131 olabiliriz? \u015eunlar aras\u0131ndan se\u00e7im yap\u0131n: <\/p>\n\n\n\n<div class=\"wp-block-group funnelkacheln is-content-justification-left is-nowrap is-layout-flex wp-container-core-group-is-layout-f91642d5 wp-block-group-is-layout-flex\" style=\"padding-bottom:var(--wp--preset--spacing--one)\">\n<div class=\"wp-block-group open-funnel-ab is-layout-constrained wp-container-core-group-is-layout-81979fbc wp-block-group-is-layout-constrained\">\n<figure class=\"wp-block-image aligncenter size-full is-resized\"><img decoding=\"async\" src=\"https:\/\/www.zahnkostensparen.de\/wp-content\/uploads\/sites\/2\/2025\/06\/icon-sparen.svg\" alt=\"\" class=\"wp-image-465\" style=\"aspect-ratio:1;width:90px\"\/><\/figure>\n\n\n\n<p class=\"has-text-align-center\">Ne kadara mal oldu\u011funu bilmek istiyorum<\/p>\n<\/div>\n\n\n\n<div class=\"wp-block-group open-funnel-d is-layout-constrained wp-container-core-group-is-layout-81979fbc wp-block-group-is-layout-constrained\">\n<figure class=\"wp-block-image aligncenter size-full is-resized\"><img decoding=\"async\" src=\"https:\/\/www.zahnkostensparen.de\/wp-content\/uploads\/sites\/2\/2025\/06\/icon-zahnarzt.svg\" alt=\"\" class=\"wp-image-435\" style=\"aspect-ratio:1;width:90px\"\/><\/figure>\n\n\n\n<p class=\"has-text-align-center\">Yak\u0131nlarda bir di\u015f hekimi ar\u0131yorum<\/p>\n<\/div>\n\n\n\n<div class=\"wp-block-group open-funnel-c is-layout-constrained wp-container-core-group-is-layout-81979fbc wp-block-group-is-layout-constrained\">\n<figure class=\"wp-block-image aligncenter size-full is-resized\"><img decoding=\"async\" src=\"https:\/\/www.zahnkostensparen.de\/wp-content\/uploads\/sites\/2\/2025\/06\/icon-broschuere.svg\" alt=\"\" class=\"wp-image-433\" style=\"aspect-ratio:1;width:90px\"\/><\/figure>\n\n\n\n<p class=\"has-text-align-center\">\u00d6nce kendimi bilgilendirece\u011fim<\/p>\n<\/div>\n<\/div>\n<\/div>\n\n\n<div class=\"wp-block-post-excerpt\"><p class=\"wp-block-post-excerpt__excerpt\">S\u00fcrg\u00fc protezleri, \u00f6zel bir kapatma sistemi sayesinde g\u00fcvenli bir tutu\u015f sunar &#8211; az say\u0131da dayanak di\u015fi olan karma\u015f\u0131k di\u015f durumlar\u0131 i\u00e7in idealdir. <\/p><\/div>\n\n\n<ul class=\"wp-block-list is-style-check_list_small top-argumente\">\n<li>En kaliteli protezler<\/li>\n\n\n\n<li>G\u00fcvenilir di\u015f hekiminiz taraf\u0131ndan tedavi<\/li>\n\n\n\n<li>4 y\u0131l garanti<\/li>\n\n\n\n<li>100.000&#8217;den fazla hasta tedavi edildi<\/li>\n<\/ul>\n\n\n\n<div class=\"wp-block-buttons is-layout-flex wp-block-buttons-is-layout-flex\">\n<div class=\"wp-block-button open-funnel-ab\"><a class=\"wp-block-button__link wp-element-button\">Hemen bir teklif al\u0131n<\/a><\/div>\n<\/div>\n\n\n\n<div class=\"wp-block-group has-dunkelblau-color has-text-color has-link-color wp-elements-21f20321430a70588c8be9e22eec95e7 is-nowrap is-layout-flex wp-container-core-group-is-layout-39f415c8 wp-block-group-is-layout-flex\" style=\"border-radius:11px;margin-top:var(--wp--preset--spacing--two);margin-bottom:0.5rem\">\n<p><strong>\u015euradan bilinen:<\/strong><\/p>\n\n\n\n<figure class=\"wp-block-image size-full is-resized\"><img decoding=\"async\" src=\"https:\/\/www.audentic-ag.de\/wp-content\/uploads\/2025\/10\/tv-logos-farbig.svg\" alt=\"\" class=\"wp-image-416\" style=\"width:200px\"\/><\/figure>\n<\/div>\n<\/div><\/div>\n\n<div class=\"wp-block-columns alignwide is-layout-flex wp-container-core-columns-is-layout-3f6ad93c wp-block-columns-is-layout-flex\" style=\"margin-bottom:var(--wp--preset--spacing--three)\">\n<div class=\"wp-block-column is-layout-flow wp-block-column-is-layout-flow\">\n<h2 class=\"wp-block-heading\">\u00c7ubuklu protez nedir?<\/h2>\n\n\n\n<p>Bu protez sabit kuronlara c\u0131vatal\u0131 kilit sistemi ile ba\u011flan\u0131r. Mekanizma, sanki s\u0131k\u0131\u015fm\u0131\u015f gibi y\u00fcksek d\u00fczeyde konfor ve m\u00fckemmel destek sa\u011flar. <\/p>\n\n\n\n<h2 class=\"wp-block-heading\">\u00c7ubuklu protez ne kadara mal olur?<\/h2>\n\n\n\n<p>Teknik olarak karma\u015f\u0131k kapatma sistemi nedeniyle, \u00e7ubuklu protez \u00fcst aral\u0131kta fiyatland\u0131r\u0131l\u0131r. Fondan al\u0131nan s\u00fcbvansiyon, maliyetlerin bir k\u0131sm\u0131n\u0131 kar\u015f\u0131lar. <\/p>\n\n\n\n<h2 class=\"wp-block-heading\">\u00c7ubuklu protez nas\u0131l yap\u0131l\u0131r?<\/h2>\n\n\n\n<p>\u0130lk olarak, y\u00fck ta\u015f\u0131yan di\u015fler, mandal mekanizmas\u0131n\u0131 destekleyen kronlarla birlikte verilir. Protez daha sonra hassas bir \u015fekilde tak\u0131l\u0131r ve gerekirse kolayca \u00e7\u0131kar\u0131labilir. <\/p>\n<\/div>\n\n\n\n<div class=\"wp-block-column is-layout-flow wp-block-column-is-layout-flow\">\n<h2 class=\"wp-block-heading\">\u00c7ubuklu protez ile avantajlar\u0131n\u0131z<\/h2>\n\n\n\n<ul class=\"wp-block-list is-style-check_list_small\">\n<li>C\u0131vata kapatma sistemi sayesinde en y\u00fcksek hassasiyet<\/li>\n\n\n\n<li>S\u0131k\u0131 tutu\u015f \u2013 neredeyse sabit protezler gibi<\/li>\n\n\n\n<li>Temizlik i\u00e7in \u00e7\u0131kar\u0131labilir<\/li>\n\n\n\n<li>Estetik olarak g\u00f6ze \u00e7arpmayan, g\u00f6r\u00fcn\u00fcr tutma eleman\u0131 yok<\/li>\n\n\n\n<li>Bir Alman di\u015f teknisyeni ekibi taraf\u0131ndan test edilmi\u015f ve uyarlanm\u0131\u015ft\u0131r<\/li>\n\n\n\n<li>Verimli \u00fcretim sayesinde \u00f6nemli \u00f6l\u00e7\u00fcde daha ucuz<\/li>\n<\/ul>\n\n\n\n<div class=\"wp-block-group has-hellblau-background-color has-background is-layout-constrained wp-container-core-group-is-layout-7bcb8110 wp-block-group-is-layout-constrained\" style=\"border-radius:20px;padding-top:1.5rem;padding-right:var(--wp--preset--spacing--two);padding-bottom:1.5rem;padding-left:var(--wp--preset--spacing--two)\">\n<h2 class=\"wp-block-heading\">Bar protezi i\u00e7in fiyat teklifi isteyin<\/h2>\n\n\n\n<p>Bar protezi i\u00e7in ki\u015fisel teklifinizi \u015fimdi al\u0131n. Profesyonelce planlanm\u0131\u015f ve y\u00fcksek standartlarda \u00fcretilmi\u015ftir. <\/p>\n\n\n\n<div class=\"wp-block-buttons is-layout-flex wp-block-buttons-is-layout-flex\">\n<div class=\"wp-block-button open-funnel-ab\"><a class=\"wp-block-button__link wp-element-button\">Hemen bir teklif al\u0131n<\/a><\/div>\n<\/div>\n<\/div>\n<\/div>\n<\/div>\n\n<div class=\"wp-block-group only-desktop is-layout-flow wp-block-group-is-layout-flow\">\n<p class=\"has-text-align-center is-style-zwischentitel_klein\" style=\"margin-top:4rem\">Bar protez konusunda size nas\u0131l yard\u0131mc\u0131 olabiliriz? \u015eunlar aras\u0131ndan se\u00e7im yap\u0131n: <\/p>\n\n\n\n<div class=\"wp-block-group funnelkacheln is-content-justification-center is-nowrap is-layout-flex wp-container-core-group-is-layout-93cbe1bb wp-block-group-is-layout-flex\" style=\"padding-bottom:var(--wp--preset--spacing--one)\">\n<div class=\"wp-block-group open-funnel-ab is-layout-constrained wp-container-core-group-is-layout-81979fbc wp-block-group-is-layout-constrained\">\n<figure class=\"wp-block-image aligncenter size-full is-resized\"><img decoding=\"async\" src=\"https:\/\/www.zahnkostensparen.de\/wp-content\/uploads\/sites\/2\/2025\/06\/icon-sparen.svg\" alt=\"\" class=\"wp-image-465\" style=\"aspect-ratio:1;width:90px\"\/><\/figure>\n\n\n\n<p class=\"has-text-align-center\">Ne kadara mal oldu\u011funu bilmek istiyorum<\/p>\n<\/div>\n\n\n\n<div class=\"wp-block-group open-funnel-d is-layout-constrained wp-container-core-group-is-layout-81979fbc wp-block-group-is-layout-constrained\">\n<figure class=\"wp-block-image aligncenter size-full is-resized\"><img decoding=\"async\" src=\"https:\/\/www.zahnkostensparen.de\/wp-content\/uploads\/sites\/2\/2025\/06\/icon-zahnarzt.svg\" alt=\"\" class=\"wp-image-435\" style=\"aspect-ratio:1;width:90px\"\/><\/figure>\n\n\n\n<p class=\"has-text-align-center\">Yak\u0131nlarda bir di\u015f hekimi ar\u0131yorum<\/p>\n<\/div>\n\n\n\n<div class=\"wp-block-group open-funnel-c is-layout-constrained wp-container-core-group-is-layout-81979fbc wp-block-group-is-layout-constrained\">\n<figure class=\"wp-block-image aligncenter size-full is-resized\"><img decoding=\"async\" src=\"https:\/\/www.zahnkostensparen.de\/wp-content\/uploads\/sites\/2\/2025\/06\/icon-broschuere.svg\" alt=\"\" class=\"wp-image-433\" style=\"aspect-ratio:1;width:90px\"\/><\/figure>\n\n\n\n<p class=\"has-text-align-center\">\u00d6nce kendimi bilgilendirece\u011fim<\/p>\n<\/div>\n<\/div>\n<\/div>\n\n<div class=\"wp-block-columns alignwide is-layout-flex wp-container-core-columns-is-layout-2c2a1393 wp-block-columns-is-layout-flex\" style=\"margin-top:var(--wp--preset--spacing--four);margin-bottom:var(--wp--preset--spacing--four)\">\n<div class=\"wp-block-column is-layout-flow wp-block-column-is-layout-flow\">\n<h2 class=\"wp-block-heading\">S\u0131k\u00e7a Sorulan Sorular<\/h2>\n\n\n<div id=\"akkordeon-block_5ed0c69bdcdccd89f45d423897140112\" class=\"akkordeon\">\n  \n\n<h2 class=\"wp-block-heading\">Mandal mekanizmas\u0131 nas\u0131l \u00e7al\u0131\u015f\u0131r?<\/h2>\n\n\n\n<p>Entegre bir kilitleme sistemi, yerle\u015ftirme s\u0131ras\u0131nda yerine kilitlenir ve g\u00f6r\u00fcn\u00fcr kelep\u00e7eler olmadan sa\u011flam bir tutu\u015f sa\u011flar.<\/p>\n\n<\/div>\n\n<div id=\"akkordeon-block_5ed0c69bdcdccd89f45d423897140112\" class=\"akkordeon\">\n  \n\n<h2 class=\"wp-block-heading\">Bar protezi fark edilir mi?<\/h2>\n\n\n\n<p>Genellikle hay\u0131r \u2013 bir\u00e7ok hasta, k\u0131sa bir s\u00fcre al\u0131\u015ft\u0131ktan sonra onlar\u0131 \u00e7ok rahat olarak tan\u0131mlar.<\/p>\n\n<\/div>\n\n<div id=\"akkordeon-block_5ed0c69bdcdccd89f45d423897140112\" class=\"akkordeon\">\n  \n\n<h2 class=\"wp-block-heading\">Bir bar protezinin \u00f6mr\u00fc ne kadard\u0131r?<\/h2>\n\n\n\n<p>Y\u00fcksek kaliteli i\u015f\u00e7ilik nedeniyle, bak\u0131m ve di\u015f durumuna ba\u011fl\u0131 olarak genellikle 10-15 y\u0131l veya daha fazla s\u00fcrer.<\/p>\n\n<\/div>\n\n<div id=\"akkordeon-block_5ed0c69bdcdccd89f45d423897140112\" class=\"akkordeon\">\n  \n\n<h2 class=\"wp-block-heading\">Temizlik zaman al\u0131c\u0131 m\u0131d\u0131r?<\/h2>\n\n\n\n<p>Hay\u0131r \u2013 protez \u00e7\u0131kar\u0131labilir ve her zamanki gibi temizlenebilir.<\/p>\n\n<\/div><\/div>\n\n\n\n<div class=\"wp-block-column is-layout-flow wp-block-column-is-layout-flow\">\n<figure class=\"wp-block-image size-large is-style-runde_ecken\"><img loading=\"lazy\" decoding=\"async\" width=\"1024\" height=\"700\" src=\"https:\/\/www.zahnkostensparen.de\/wp-content\/uploads\/sites\/2\/2025\/06\/laecheln-beim-zahnarzt-1024x700.jpg\" alt=\"\" class=\"wp-image-250\" srcset=\"https:\/\/www.zahnkostensparen.de\/wp-content\/uploads\/sites\/2\/2025\/06\/laecheln-beim-zahnarzt-1024x700.jpg 1024w, https:\/\/www.zahnkostensparen.de\/wp-content\/uploads\/sites\/2\/2025\/06\/laecheln-beim-zahnarzt-300x205.jpg 300w, https:\/\/www.zahnkostensparen.de\/wp-content\/uploads\/sites\/2\/2025\/06\/laecheln-beim-zahnarzt-768x525.jpg 768w, https:\/\/www.zahnkostensparen.de\/wp-content\/uploads\/sites\/2\/2025\/06\/laecheln-beim-zahnarzt-1536x1050.jpg 1536w, https:\/\/www.zahnkostensparen.de\/wp-content\/uploads\/sites\/2\/2025\/06\/laecheln-beim-zahnarzt-2048x1400.jpg 2048w\" sizes=\"auto, (max-width: 1024px) 100vw, 1024px\" \/><\/figure>\n<\/div>\n<\/div>\n","protected":false},"excerpt":{"rendered":"<p>S\u00fcrg\u00fc protezleri, \u00f6zel bir kapatma sistemi sayesinde g\u00fcvenli bir tutu\u015f sunar &#8211; az say\u0131da dayanak di\u015fi olan karma\u015f\u0131k di\u015f durumlar\u0131 i\u00e7in idealdir.<\/p>\n","protected":false},"author":1,"featured_media":1046,"parent":1355,"menu_order":8,"comment_status":"closed","ping_status":"closed","template":"wp-custom-template-zahnersatz-einzelseite","meta":{"_acf_changed":false,"footnotes":""},"class_list":["post-1324","page","type-page","status-publish","has-post-thumbnail","hentry"],"acf":[],"_links":{"self":[{"href":"https:\/\/www.zahnkostensparen.de\/tr\/wp-json\/wp\/v2\/pages\/1324","targetHints":{"allow":["GET"]}}],"collection":[{"href":"https:\/\/www.zahnkostensparen.de\/tr\/wp-json\/wp\/v2\/pages"}],"about":[{"href":"https:\/\/www.zahnkostensparen.de\/tr\/wp-json\/wp\/v2\/types\/page"}],"author":[{"embeddable":true,"href":"https:\/\/www.zahnkostensparen.de\/tr\/wp-json\/wp\/v2\/users\/1"}],"replies":[{"embeddable":true,"href":"https:\/\/www.zahnkostensparen.de\/tr\/wp-json\/wp\/v2\/comments?post=1324"}],"version-history":[{"count":2,"href":"https:\/\/www.zahnkostensparen.de\/tr\/wp-json\/wp\/v2\/pages\/1324\/revisions"}],"predecessor-version":[{"id":1819,"href":"https:\/\/www.zahnkostensparen.de\/tr\/wp-json\/wp\/v2\/pages\/1324\/revisions\/1819"}],"up":[{"embeddable":true,"href":"https:\/\/www.zahnkostensparen.de\/tr\/wp-json\/wp\/v2\/pages\/1355"}],"wp:featuredmedia":[{"embeddable":true,"href":"https:\/\/www.zahnkostensparen.de\/tr\/wp-json\/wp\/v2\/media\/1046"}],"wp:attachment":[{"href":"https:\/\/www.zahnkostensparen.de\/tr\/wp-json\/wp\/v2\/media?parent=1324"}],"curies":[{"name":"wp","href":"https:\/\/api.w.org\/{rel}","templated":true}]}}