{"id":1323,"date":"2025-06-15T12:35:08","date_gmt":"2025-06-15T10:35:08","guid":{"rendered":"https:\/\/www.zahnkostensparen.de\/hakkimizda"},"modified":"2025-08-27T18:31:22","modified_gmt":"2025-08-27T16:31:22","slug":"hakkimizda","status":"publish","type":"page","link":"https:\/\/www.zahnkostensparen.de\/tr\/hakkimizda","title":{"rendered":"Hakk\u0131m\u0131zda"},"content":{"rendered":"\n<div class=\"wp-block-cover alignfull is-light\" style=\"padding-top:var(--wp--preset--spacing--three);padding-bottom:var(--wp--preset--spacing--three);min-height:142px;aspect-ratio:unset;\"><span aria-hidden=\"true\" class=\"wp-block-cover__background has-hellblau-background-color has-background-dim-100 has-background-dim\"><\/span><div class=\"wp-block-cover__inner-container is-layout-constrained wp-block-cover-is-layout-constrained\">\n<h1 class=\"wp-block-heading has-text-align-center has-blau-color has-text-color has-link-color wp-elements-fd52699fd77b75b52cebded0d6d6660e\">Audentic AG<\/h1>\n\n\n\n<p class=\"has-text-align-center has-dunkelblau-color has-text-color has-link-color wp-elements-f40cffcb202f19bc6ecb20931b3d8910\">Kaliteli protezler i\u00e7in uzmanlar<\/p>\n<\/div><\/div>\n\n<p class=\"is-style-zwischentitel\">En kaliteli protezler \u2013 uygun fiyatlarla<\/p>\n\n<p>Audentic AG, kalite, g\u00fcvenlik veya hizmetten \u00f6d\u00fcn vermeden, normal maliyetlerin \u00e7ok alt\u0131nda y\u00fcksek kaliteli protez arayan herkes i\u00e7in d\u00fcr\u00fcst bir alternatiftir. 2011 y\u0131l\u0131ndaki kurulu\u015fundan bu yana Audentic, tavizsiz kalite, giri\u015fimci \u00f6ng\u00f6r\u00fc ve derinlemesine di\u015f hekimli\u011fi bilgi birikimi ile temsil edilmi\u015ftir. <\/p>\n\n<p><strong>Misyonumuz:<\/strong> Protezleri herkes i\u00e7in uygun fiyatl\u0131 hale getirmek istiyoruz. Ve bunu di\u015f hekimli\u011fi end\u00fcstrisinde standartlar\u0131 belirleyen bir hizmetle yap\u0131yoruz. <\/p>\n\n<div style=\"height:30px\" aria-hidden=\"true\" class=\"wp-block-spacer\"><\/div>\n\n<div class=\"wp-block-columns alignwide is-layout-flex wp-container-core-columns-is-layout-28f84493 wp-block-columns-is-layout-flex\">\n<div class=\"wp-block-column is-vertically-aligned-center is-layout-flow wp-block-column-is-layout-flow\">\n<h2 class=\"wp-block-heading\">Alman Kalite Kontrol\u00fc ve Uluslararas\u0131 Verimlilik<\/h2>\n\n\n\n<p><strong>M\u00fclheim an der Ruhr&#8217;daki<\/strong> kurum i\u00e7i di\u015f laboratuvar\u0131m\u0131z, her bir di\u015f protezinin t\u00fcm son muayenesini \u00fcstlenir. Bu \u015fekilde, deneyimli di\u015f teknisyenleri taraf\u0131ndan Alman standartlar\u0131na g\u00f6re test edilen evden yaln\u0131zca m\u00fckemmel i\u015flerin \u00e7\u0131kmas\u0131n\u0131 sa\u011fl\u0131yoruz. <\/p>\n\n\n\n<p>\u00dcretim, yaln\u0131zca <strong>kat\u0131 Alman spesifikasyonlar\u0131na<\/strong> g\u00f6re \u00e7al\u0131\u015fan <strong>\u00c7in&#8217;deki uzman bir ortak laboratuvar<\/strong> ile i\u015fbirli\u011fi i\u00e7inde ger\u00e7ekle\u015ftirilmektedir. T\u00fcm malzemeler <strong>CE sertifikal\u0131d\u0131r<\/strong>, <strong>biyouyumludur<\/strong> ve mevcut <strong>T\u0131bbi Cihaz Y\u00f6netmeli\u011fi&#8217;nin (MDR)<\/strong> gereksinimlerini kar\u015f\u0131lar. Sonu\u00e7 olarak, aksi takdirde yaln\u0131zca yaln\u0131zca Alman \u00fcretimiyle beklenebilecek bir kaliteye ula\u015f\u0131yoruz &#8211; <strong>%80&#8217;e kadar daha az ek \u00f6demeyle<\/strong>.  <\/p>\n<\/div>\n\n\n\n<div class=\"wp-block-column is-layout-flow wp-block-column-is-layout-flow\">\n<figure class=\"wp-block-image size-large is-style-runde_ecken\"><img loading=\"lazy\" decoding=\"async\" width=\"1024\" height=\"687\" src=\"https:\/\/www.zahnkostensparen.de\/wp-content\/uploads\/sites\/2\/2025\/06\/audentic-behandlung-zahnarzt-1024x687.jpg\" alt=\"\" class=\"wp-image-243\" srcset=\"https:\/\/www.zahnkostensparen.de\/wp-content\/uploads\/sites\/2\/2025\/06\/audentic-behandlung-zahnarzt-1024x687.jpg 1024w, https:\/\/www.zahnkostensparen.de\/wp-content\/uploads\/sites\/2\/2025\/06\/audentic-behandlung-zahnarzt-300x201.jpg 300w, https:\/\/www.zahnkostensparen.de\/wp-content\/uploads\/sites\/2\/2025\/06\/audentic-behandlung-zahnarzt-768x516.jpg 768w, https:\/\/www.zahnkostensparen.de\/wp-content\/uploads\/sites\/2\/2025\/06\/audentic-behandlung-zahnarzt-1536x1031.jpg 1536w, https:\/\/www.zahnkostensparen.de\/wp-content\/uploads\/sites\/2\/2025\/06\/audentic-behandlung-zahnarzt-2048x1375.jpg 2048w\" sizes=\"auto, (max-width: 1024px) 100vw, 1024px\" \/><\/figure>\n<\/div>\n<\/div>\n\n<div style=\"height:30px\" aria-hidden=\"true\" class=\"wp-block-spacer\"><\/div>\n\n<p class=\"is-style-zwischentitel\">Ek di\u015f sigortas\u0131 neden gerekli de\u011fildir?<\/p>\n\n<p>Fiyatlar\u0131m\u0131z en ba\u015f\u0131ndan itibaren o kadar uygun bir \u015fekilde hesaplanm\u0131\u015ft\u0131r ki, \u00e7o\u011fu durumda ek sigortaya de\u011fmez. Audentic ile asla gerekenden fazlas\u0131n\u0131 \u00f6demezsiniz &#8211; sigortal\u0131 veya sigortas\u0131z. \u00d6zellikle di\u015f sigortas\u0131 yapt\u0131rmam\u0131\u015f olanlar, bizimle hemen ve gizli ek maliyetler olmadan tasarruf edebilirler. Aksi takdirde, bak\u0131mda mevcut bo\u015fluklar\u0131 olan insanlar i\u00e7in \u00f6zellikle pahal\u0131 olacakt\u0131r &#8211; burada de\u011fil.   <\/p>\n\n<div style=\"height:30px\" aria-hidden=\"true\" class=\"wp-block-spacer\"><\/div>\n\n<div class=\"wp-block-columns alignwide is-layout-flex wp-container-core-columns-is-layout-28f84493 wp-block-columns-is-layout-flex\">\n<div class=\"wp-block-column is-layout-flow wp-block-column-is-layout-flow\">\n<div class=\"wp-block-group has-hellblau-background-color has-background is-layout-constrained wp-container-core-group-is-layout-36c7cb24 wp-block-group-is-layout-constrained\" style=\"border-radius:20px;padding-top:var(--wp--preset--spacing--two);padding-right:var(--wp--preset--spacing--two);padding-bottom:var(--wp--preset--spacing--two);padding-left:var(--wp--preset--spacing--two)\">\n<p><strong>Bir bak\u0131\u015fta Audentic ile avantajlar\u0131n\u0131z:<\/strong><\/p>\n\n\n\n<ul class=\"wp-block-list is-style-check_list_small\">\n<li>Alman kalite spesifikasyonlar\u0131 alt\u0131nda \u00fcretim<\/li>\n\n\n\n<li>Alman di\u015f laboratuvar\u0131nda son muayene<\/li>\n\n\n\n<li>Protezlerde %80&#8217;e varan tasarruf<\/li>\n\n\n\n<li>4 y\u0131l garanti \u2013 yasalar\u0131n gerektirdi\u011finden iki kat daha uzun<\/li>\n\n\n\n<li>Malzemelerde maksimum \u015feffafl\u0131k i\u00e7in hasta pasaportu<\/li>\n\n\n\n<li>Ek sigorta gerekmez<\/li>\n\n\n\n<li>24 saat i\u00e7inde &#8211; Al\u0131nt\u0131<\/li>\n\n\n\n<li>Almanya genelinde 1.000&#8217;den fazla ortak di\u015f hekimi<\/li>\n\n\n\n<li>100.000&#8217;den fazla memnun hasta<\/li>\n<\/ul>\n<\/div>\n<\/div>\n\n\n\n<div class=\"wp-block-column is-vertically-aligned-center is-layout-flow wp-block-column-is-layout-flow\">\n<h2 class=\"wp-block-heading\">4 y\u0131l garanti ve memnuniyet s\u00f6z\u00fc<\/h2>\n\n\n\n<p>Size iyi bir histen daha fazlas\u0131n\u0131 sunuyoruz &#8211; protezleriniz i\u00e7in <a href=\"https:\/\/www.zahnkostensparen.de\/tr\/hizmet\/kalite-ve-garanti\" data-type=\"page\" data-id=\"590\">size d\u00f6rt y\u0131ll\u0131k bir garanti<\/a> veriyoruz. Bu, yasalar\u0131n gerektirdi\u011finden iki kat daha uzundur. <\/p>\n\n\n\n<p>Siz veya di\u015f hekiminiz sonu\u00e7tan memnun kalmazsan\u0131z &#8211; nedeni ne olursa olsun &#8211; <a href=\"https:\/\/www.zahnkostensparen.de\/tr\/hizmet\/memnuniyet\" data-type=\"page\" data-id=\"592\">protezleri \u00fccretsiz olarak yeniden \u00fcretece\u011fiz<\/a>. Renk veya kullan\u0131m rahatl\u0131\u011f\u0131 gibi de\u011fi\u015fiklik talepleri? Sorun de\u011fil! Bunlar da ilk y\u0131la dahildir. Di\u015f hekiminiz \u00fccretin tamam\u0131n\u0131 alacak, masraflar\u0131 biz kar\u015f\u0131layaca\u011f\u0131z.      <strong>Tamamen tatmin olana kadar.<\/strong><\/p>\n<\/div>\n<\/div>\n\n<div style=\"height:30px\" aria-hidden=\"true\" class=\"wp-block-spacer\"><\/div>\n\n<div class=\"wp-block-columns alignwide is-layout-flex wp-container-core-columns-is-layout-28f84493 wp-block-columns-is-layout-flex\">\n<div class=\"wp-block-column is-vertically-aligned-center is-layout-flow wp-block-column-is-layout-flow\">\n<h2 class=\"wp-block-heading\">Audentic&#8217;in arkas\u0131ndaki ki\u015fi: Dr. Holger-Ludwig Riemer<\/h2>\n\n\n\n<p>Dr. Holger-Ludwig Riemer bir giri\u015fimci, avukat, yazar ve Audentic&#8217;in arkas\u0131ndaki itici g\u00fc\u00e7t\u00fcr. Ba\u015far\u0131 re\u00e7etesi mi? Sorumluluk almak, f\u0131rsatlar\u0131 tan\u0131mak ve beklemek yerine kendiniz \u015fekillendirmek.  <\/p>\n\n\n\n<p>Derin bir i\u015f anlay\u0131\u015f\u0131na sahip &#8220;kendi kendini yeti\u015ftirmi\u015f bir giri\u015fimci&#8221; olarak, son on y\u0131lda, \u00f6zellikle zorlu durumlarda \u00e7ok say\u0131da \u015firketi ba\u015far\u0131yla destekledi. Onun i\u00e7in mesele asla sadece rakamlar de\u011fil, her zaman insanlar, \u00e7\u00f6z\u00fcmler ve ger\u00e7ek etki ile ilgili. D\u00fc\u015f\u00fcncesi giri\u015fimcilik, de\u011ferler ve kamu yarar\u0131 ile \u015fekillenir.  <\/p>\n\n\n\n<p>Ekonomik faaliyetlerine ek olarak, Dr. Riemer sosyal sekt\u00f6rle de yo\u011fun bir \u015fekilde ilgilenmektedir. Uzun y\u0131llard\u0131r \u00e7ok \u00e7e\u015fitli hay\u0131r projelerini destekliyor &#8211; ki\u015fisel ba\u011fl\u0131l\u0131k ve finansal yard\u0131mla. Ona g\u00f6re \u015fu a\u00e7\u0131k ki: Sorumluluk ta\u015f\u0131yanlar ayn\u0131 zamanda topluma da bir \u015feyler vermelidir.  <\/p>\n\n\n\n<p>Audentic&#8217;te t\u00fcm ticari alandan sorumludur. Y\u00fcksek standartlar\u0131 ve s\u00fcrd\u00fcr\u00fclebilir giri\u015fimcili\u011fe olan tutkusuyla markan\u0131n felsefesini \u015fekillendiriyor: otantik, d\u00fcr\u00fcst, verimli, insani. <\/p>\n<\/div>\n\n\n\n<div class=\"wp-block-column is-layout-flow wp-block-column-is-layout-flow\">\n<figure class=\"wp-block-image size-large is-style-runde_ecken\"><img loading=\"lazy\" decoding=\"async\" width=\"1024\" height=\"984\" src=\"https:\/\/www.zahnkostensparen.de\/wp-content\/uploads\/sites\/2\/2025\/07\/dr-holger-ludwig-riemer-1024x984.jpg\" alt=\"\" class=\"wp-image-753\" srcset=\"https:\/\/www.zahnkostensparen.de\/wp-content\/uploads\/sites\/2\/2025\/07\/dr-holger-ludwig-riemer-1024x984.jpg 1024w, https:\/\/www.zahnkostensparen.de\/wp-content\/uploads\/sites\/2\/2025\/07\/dr-holger-ludwig-riemer-300x288.jpg 300w, https:\/\/www.zahnkostensparen.de\/wp-content\/uploads\/sites\/2\/2025\/07\/dr-holger-ludwig-riemer-768x738.jpg 768w, https:\/\/www.zahnkostensparen.de\/wp-content\/uploads\/sites\/2\/2025\/07\/dr-holger-ludwig-riemer-1536x1477.jpg 1536w, https:\/\/www.zahnkostensparen.de\/wp-content\/uploads\/sites\/2\/2025\/07\/dr-holger-ludwig-riemer-2048x1969.jpg 2048w\" sizes=\"auto, (max-width: 1024px) 100vw, 1024px\" \/><\/figure>\n<\/div>\n<\/div>\n\n<div style=\"height:30px\" aria-hidden=\"true\" class=\"wp-block-spacer\"><\/div>\n\n<div class=\"wp-block-columns alignwide is-layout-flex wp-container-core-columns-is-layout-28f84493 wp-block-columns-is-layout-flex\">\n<div class=\"wp-block-column is-layout-flow wp-block-column-is-layout-flow\">\n<figure class=\"wp-block-image size-large is-style-runde_ecken\"><img loading=\"lazy\" decoding=\"async\" width=\"1024\" height=\"984\" src=\"https:\/\/www.zahnkostensparen.de\/wp-content\/uploads\/sites\/2\/2025\/07\/daniel-fromm-1024x984.jpg\" alt=\"\" class=\"wp-image-756\" srcset=\"https:\/\/www.zahnkostensparen.de\/wp-content\/uploads\/sites\/2\/2025\/07\/daniel-fromm-1024x984.jpg 1024w, https:\/\/www.zahnkostensparen.de\/wp-content\/uploads\/sites\/2\/2025\/07\/daniel-fromm-300x288.jpg 300w, https:\/\/www.zahnkostensparen.de\/wp-content\/uploads\/sites\/2\/2025\/07\/daniel-fromm-768x738.jpg 768w, https:\/\/www.zahnkostensparen.de\/wp-content\/uploads\/sites\/2\/2025\/07\/daniel-fromm-1536x1477.jpg 1536w, https:\/\/www.zahnkostensparen.de\/wp-content\/uploads\/sites\/2\/2025\/07\/daniel-fromm-2048x1969.jpg 2048w\" sizes=\"auto, (max-width: 1024px) 100vw, 1024px\" \/><\/figure>\n<\/div>\n\n\n\n<div class=\"wp-block-column is-vertically-aligned-center is-layout-flow wp-block-column-is-layout-flow\">\n<h2 class=\"wp-block-heading\">Audentic&#8217;in arkas\u0131ndaki teknik ak\u0131l: Daniel Fromm<\/h2>\n\n\n\n<p>Daniel Fromm, 25 y\u0131l\u0131 a\u015fk\u0131n mesleki deneyimine, derin bir hassasiyet anlay\u0131\u015f\u0131na ve kaliteye tavizsiz bir ba\u011fl\u0131l\u0131\u011f\u0131na sahip, inan\u00e7l\u0131 bir di\u015f teknisyenidir. Kariyerine 19 ya\u015f\u0131nda ba\u015flad\u0131 ve \u015fu anda alan\u0131ndaki en deneyimli uzmanlardan biri. <\/p>\n\n\n\n<p>Audentic AG&#8217;nin Y\u00f6netim Kurulu \u00fcyesi olarak, dental teknoloji, \u00fcretim ve kalite g\u00fcvencesi alanlar\u0131ndan sorumludur. Liderli\u011fi alt\u0131nda, malzeme se\u00e7iminden yurtd\u0131\u015f\u0131nda \u00fcretime ve Alman di\u015f laboratuvar\u0131nda son denetime kadar t\u00fcm di\u015f s\u00fcre\u00e7leri en \u00fcst d\u00fczeyde organize edilmektedir. Audentic&#8217;ten \u00e7\u0131kan her \u00fcr\u00fcn onun imzas\u0131n\u0131 ta\u015f\u0131yor.  <\/p>\n\n\n\n<p>Daniel Fromm, hem hastalar\u0131n hem de di\u015f hekimlerinin takdir etti\u011fi \u015feyi temsil eder: tavizsiz kalite, teknik m\u00fckemmellik ve mutlak g\u00fcvenilirlik. \u00c7al\u0131\u015fmalar\u0131, Audentic&#8217;in her g\u00fcn Alman standartlar\u0131na g\u00f6re sadece ucuz de\u011fil, ayn\u0131 zamanda her \u015feyden \u00f6nce y\u00fcksek kaliteli protezler tedarik edebilmesinin temelini olu\u015fturuyor. <\/p>\n<\/div>\n<\/div>\n\n<div style=\"height:30px\" aria-hidden=\"true\" class=\"wp-block-spacer\"><\/div>\n\n<p class=\"is-style-zwischentitel\">Felsefemiz: D\u00fcr\u00fcst. Saydam. Y\u00fcksek kalite.  <\/p>\n\n<p>\u0130ster hasta ister di\u015f hekimi olun, Audentic&#8217;te iyi prova edilmi\u015f, ortakl\u0131\u011fa dayal\u0131 bir s\u00fcre\u00e7ten, \u015feffaf ileti\u015fimden ve mutlak g\u00fcvenilirlikten yararlan\u0131rs\u0131n\u0131z. Amac\u0131m\u0131z sadece sizi tatmin etmek de\u011fil, size ilham vermek istiyoruz. <\/p>\n\n<div style=\"height:20px\" aria-hidden=\"true\" class=\"wp-block-spacer\"><\/div>\n\n<p class=\"has-text-align-center\"><strong>Audentic AG \u2013 Uygun fiyatl\u0131 di\u015f protezi. G\u00fcvenebilece\u011finiz kalite. <\/strong><\/p>\n\n<div class=\"wp-block-buttons is-content-justification-center is-layout-flex wp-container-core-buttons-is-layout-a89b3969 wp-block-buttons-is-layout-flex\">\n<div class=\"wp-block-button open-funnel-ab is-style-fill\"><a class=\"wp-block-button__link wp-element-button\">Hemen bir teklif al\u0131n<\/a><\/div>\n<\/div>\n","protected":false},"excerpt":{"rendered":"<p>En kaliteli protezler \u2013 uygun fiyatlarla Audentic AG, kalite, g\u00fcvenlik veya hizmetten \u00f6d\u00fcn vermeden, normal maliyetlerin \u00e7ok alt\u0131nda y\u00fcksek kaliteli protez arayan herkes i\u00e7in d\u00fcr\u00fcst bir alternatiftir. 2011 y\u0131l\u0131ndaki kurulu\u015fundan bu yana Audentic, tavizsiz kalite, giri\u015fimci \u00f6ng\u00f6r\u00fc ve derinlemesine di\u015f hekimli\u011fi bilgi birikimi ile temsil edilmi\u015ftir. Misyonumuz: Protezleri herkes i\u00e7in uygun fiyatl\u0131 hale getirmek istiyoruz. [&hellip;]<\/p>\n","protected":false},"author":1,"featured_media":0,"parent":0,"menu_order":4,"comment_status":"closed","ping_status":"closed","template":"","meta":{"_acf_changed":false,"footnotes":""},"class_list":["post-1323","page","type-page","status-publish","hentry"],"acf":[],"_links":{"self":[{"href":"https:\/\/www.zahnkostensparen.de\/tr\/wp-json\/wp\/v2\/pages\/1323","targetHints":{"allow":["GET"]}}],"collection":[{"href":"https:\/\/www.zahnkostensparen.de\/tr\/wp-json\/wp\/v2\/pages"}],"about":[{"href":"https:\/\/www.zahnkostensparen.de\/tr\/wp-json\/wp\/v2\/types\/page"}],"author":[{"embeddable":true,"href":"https:\/\/www.zahnkostensparen.de\/tr\/wp-json\/wp\/v2\/users\/1"}],"replies":[{"embeddable":true,"href":"https:\/\/www.zahnkostensparen.de\/tr\/wp-json\/wp\/v2\/comments?post=1323"}],"version-history":[{"count":3,"href":"https:\/\/www.zahnkostensparen.de\/tr\/wp-json\/wp\/v2\/pages\/1323\/revisions"}],"predecessor-version":[{"id":1458,"href":"https:\/\/www.zahnkostensparen.de\/tr\/wp-json\/wp\/v2\/pages\/1323\/revisions\/1458"}],"wp:attachment":[{"href":"https:\/\/www.zahnkostensparen.de\/tr\/wp-json\/wp\/v2\/media?parent=1323"}],"curies":[{"name":"wp","href":"https:\/\/api.w.org\/{rel}","templated":true}]}}