{"id":1319,"date":"2025-06-15T12:34:29","date_gmt":"2025-06-15T10:34:29","guid":{"rendered":"https:\/\/www.zahnkostensparen.de\/zimba-protezler"},"modified":"2025-10-07T16:28:26","modified_gmt":"2025-10-07T14:28:26","slug":"zimba-protezler","status":"publish","type":"page","link":"https:\/\/www.zahnkostensparen.de\/tr\/protez\/zimba-protezler","title":{"rendered":"Z\u0131mba protezler"},"content":{"rendered":"\n<div class=\"wp-block-media-text alignfull is-image-fill-element\"><figure  class=\"wp-block-media-text__media\"><img loading=\"lazy\" decoding=\"async\" width=\"3600\" height=\"2457\" alt=\"\" src=\"https:\/\/www.zahnkostensparen.de\/wp-content\/uploads\/sites\/2\/2025\/06\/arbeit-am-modell-scaled.jpg\" style=\"object-position:50% 50%;\" class=\"wp-image-1050 size-full\" srcset=\"https:\/\/www.zahnkostensparen.de\/wp-content\/uploads\/sites\/2\/2025\/06\/arbeit-am-modell-scaled.jpg 3600w, https:\/\/www.zahnkostensparen.de\/wp-content\/uploads\/sites\/2\/2025\/06\/arbeit-am-modell-300x205.jpg 300w, https:\/\/www.zahnkostensparen.de\/wp-content\/uploads\/sites\/2\/2025\/06\/arbeit-am-modell-1024x699.jpg 1024w, https:\/\/www.zahnkostensparen.de\/wp-content\/uploads\/sites\/2\/2025\/06\/arbeit-am-modell-768x524.jpg 768w, https:\/\/www.zahnkostensparen.de\/wp-content\/uploads\/sites\/2\/2025\/06\/arbeit-am-modell-1536x1048.jpg 1536w, https:\/\/www.zahnkostensparen.de\/wp-content\/uploads\/sites\/2\/2025\/06\/arbeit-am-modell-2048x1398.jpg 2048w\" sizes=\"auto, (max-width: 3600px) 100vw, 3600px\" \/><\/figure><div class=\"wp-block-media-text__content\"><div id=\"spar-bubble-block_dcfb5ba83e9f7bd571ab4cb0d6cc813b\" class=\"spar-bubble is-style-links_oben\" >\n    <div class=\"spar-bubble-over\">tasarruf<\/div>\n    <div class=\"spar-bubble-value\">%80&#8217;e<\/div>\n    <div class=\"spar-bubble-under\">varan<\/div>\n<\/div>\n\n\n<p><strong>Toka protezi \u00e7ok mu pahal\u0131?<\/strong><\/p>\n\n\n\n<h1 class=\"wp-block-heading\">Ucuz toka protezi \u2013 \u015fimdi ak\u0131ll\u0131ca tasarruf edin!<\/h1>\n\n\n\n<div class=\"wp-block-group only-mobile is-layout-flow wp-block-group-is-layout-flow\">\n<p class=\"is-style-zwischentitel_klein\">Size nas\u0131l yard\u0131mc\u0131 olabiliriz? \u015eunlar aras\u0131ndan se\u00e7im yap\u0131n: <\/p>\n\n\n\n<div class=\"wp-block-group funnelkacheln is-content-justification-left is-nowrap is-layout-flex wp-container-core-group-is-layout-f91642d5 wp-block-group-is-layout-flex\" style=\"padding-bottom:var(--wp--preset--spacing--one)\">\n<div class=\"wp-block-group open-funnel-ab is-layout-constrained wp-container-core-group-is-layout-81979fbc wp-block-group-is-layout-constrained\">\n<figure class=\"wp-block-image aligncenter size-full is-resized\"><img decoding=\"async\" src=\"https:\/\/www.zahnkostensparen.de\/wp-content\/uploads\/sites\/2\/2025\/06\/icon-sparen.svg\" alt=\"\" class=\"wp-image-465\" style=\"aspect-ratio:1;width:90px\"\/><\/figure>\n\n\n\n<p class=\"has-text-align-center\">Ne kadara mal oldu\u011funu bilmek istiyorum<\/p>\n<\/div>\n\n\n\n<div class=\"wp-block-group open-funnel-d is-layout-constrained wp-container-core-group-is-layout-81979fbc wp-block-group-is-layout-constrained\">\n<figure class=\"wp-block-image aligncenter size-full is-resized\"><img decoding=\"async\" src=\"https:\/\/www.zahnkostensparen.de\/wp-content\/uploads\/sites\/2\/2025\/06\/icon-zahnarzt.svg\" alt=\"\" class=\"wp-image-435\" style=\"aspect-ratio:1;width:90px\"\/><\/figure>\n\n\n\n<p class=\"has-text-align-center\">Yak\u0131nlarda bir di\u015f hekimi ar\u0131yorum<\/p>\n<\/div>\n\n\n\n<div class=\"wp-block-group open-funnel-c is-layout-constrained wp-container-core-group-is-layout-81979fbc wp-block-group-is-layout-constrained\">\n<figure class=\"wp-block-image aligncenter size-full is-resized\"><img decoding=\"async\" src=\"https:\/\/www.zahnkostensparen.de\/wp-content\/uploads\/sites\/2\/2025\/06\/icon-broschuere.svg\" alt=\"\" class=\"wp-image-433\" style=\"aspect-ratio:1;width:90px\"\/><\/figure>\n\n\n\n<p class=\"has-text-align-center\">\u00d6nce kendimi bilgilendirece\u011fim<\/p>\n<\/div>\n<\/div>\n<\/div>\n\n\n<div class=\"wp-block-post-excerpt\"><p class=\"wp-block-post-excerpt__excerpt\">Z\u0131mba protezleri, g\u00f6r\u00fcn\u00fcr tutma klipslerine sahip, denenmi\u015f ve test edilmi\u015f, \u00e7\u0131kar\u0131labilir protezlerdir &#8211; sa\u011flam, i\u015flevsel ve uygun maliyetlidir. <\/p><\/div>\n\n\n<ul class=\"wp-block-list is-style-check_list_small top-argumente\">\n<li>En kaliteli protezler<\/li>\n\n\n\n<li>G\u00fcvenilir di\u015f hekiminiz taraf\u0131ndan tedavi<\/li>\n\n\n\n<li>4 y\u0131l garanti<\/li>\n\n\n\n<li>100.000&#8217;den fazla hasta tedavi edildi<\/li>\n<\/ul>\n\n\n\n<div class=\"wp-block-buttons is-layout-flex wp-block-buttons-is-layout-flex\">\n<div class=\"wp-block-button open-funnel-ab\"><a class=\"wp-block-button__link wp-element-button\">Hemen bir teklif al\u0131n<\/a><\/div>\n<\/div>\n\n\n\n<div class=\"wp-block-group has-dunkelblau-color has-text-color has-link-color wp-elements-21f20321430a70588c8be9e22eec95e7 is-nowrap is-layout-flex wp-container-core-group-is-layout-39f415c8 wp-block-group-is-layout-flex\" style=\"border-radius:11px;margin-top:var(--wp--preset--spacing--two);margin-bottom:0.5rem\">\n<p><strong>\u015euradan bilinen:<\/strong><\/p>\n\n\n\n<figure class=\"wp-block-image size-full is-resized\"><img decoding=\"async\" src=\"https:\/\/www.audentic-ag.de\/wp-content\/uploads\/2025\/10\/tv-logos-farbig.svg\" alt=\"\" class=\"wp-image-416\" style=\"width:200px\"\/><\/figure>\n<\/div>\n<\/div><\/div>\n\n<div class=\"wp-block-columns alignwide is-layout-flex wp-container-core-columns-is-layout-3f6ad93c wp-block-columns-is-layout-flex\" style=\"margin-bottom:var(--wp--preset--spacing--three)\">\n<div class=\"wp-block-column is-layout-flow wp-block-column-is-layout-flow\">\n<h2 class=\"wp-block-heading\">Korse protezi nedir?<\/h2>\n\n\n\n<p>Kesikli protezler, bir veya daha fazla eksik di\u015f i\u00e7in k\u0131smi protezlerdir. Stabilite ve destek, mevcut di\u015flere gev\u015fek bir \u015fekilde ba\u011flanan metal bir klips ile sa\u011flan\u0131r. Bunlar\u0131n d\u00fczenlenmesine gerek yoktur. Toka protezi \u00e7\u0131kar\u0131labilir durumda kal\u0131r ve daha fazla di\u015fin de\u011fi\u015ftirilmesi gerekiyorsa uzat\u0131labilir.   <\/p>\n\n\n\n<h2 class=\"wp-block-heading\">Pa\u00e7e protezi nas\u0131l yap\u0131l\u0131r?<\/h2>\n\n\n\n<p>\u00c7ene bas\u0131land\u0131ktan sonra, protez di\u015f durumunuza tam olarak uyarlan\u0131r. Kelep\u00e7eler destek sa\u011flar, ancak g\u00f6r\u00fcn\u00fcr alanda rahats\u0131z edici olarak alg\u0131lanabilir. <\/p>\n\n\n\n<h2 class=\"wp-block-heading\">Toka protezi ne kadara mal olur?<\/h2>\n\n\n\n<p>Kemik protez standart bak\u0131m olarak kabul edilir ve yasal sa\u011fl\u0131k sigortas\u0131 taraf\u0131ndan s\u00fcbvanse edilir. Uygun fiyata y\u00fcksek kaliteli z\u0131mba protezleri \u00fcretiyoruz. <\/p>\n<\/div>\n\n\n\n<div class=\"wp-block-column is-layout-flow wp-block-column-is-layout-flow\">\n<h2 class=\"wp-block-heading\">Toka protezi ile avantajlar\u0131n\u0131z<\/h2>\n\n\n\n<ul class=\"wp-block-list is-style-check_list_small\">\n<li>K\u0131smi di\u015f kay\u0131plar\u0131 i\u00e7in kan\u0131tlanm\u0131\u015f standart \u00e7\u00f6z\u00fcm<\/li>\n\n\n\n<li>Kolay kullan\u0131m ve temizlik<\/li>\n\n\n\n<li>Kendi di\u015flerinizi g\u0131c\u0131rdatman\u0131za gerek yok<\/li>\n\n\n\n<li>Daha sonra di\u015f kayb\u0131 durumunda geni\u015fletilebilir<\/li>\n\n\n\n<li>Almanya&#8217;da son muayene<\/li>\n\n\n\n<li>\u00c7ok uygun katk\u0131 pay\u0131 \u2013 fiyat bilincine sahip olanlar i\u00e7in ideal<\/li>\n<\/ul>\n\n\n\n<div class=\"wp-block-group has-hellblau-background-color has-background is-layout-constrained wp-container-core-group-is-layout-850246ba wp-block-group-is-layout-constrained\" style=\"border-radius:20px;margin-top:var(--wp--preset--spacing--three);padding-top:1.5rem;padding-right:var(--wp--preset--spacing--two);padding-bottom:1.5rem;padding-left:var(--wp--preset--spacing--two)\">\n<h2 class=\"wp-block-heading\">Toka protezi i\u00e7in fiyat teklifi isteyin<\/h2>\n\n\n\n<p>Size bu pratik \u00e7\u00f6z\u00fcm konusunda tavsiyelerde bulunmaktan ve size uygun bir teklif g\u00f6ndermekten mutluluk duyaca\u011f\u0131z.<\/p>\n\n\n\n<div class=\"wp-block-buttons is-layout-flex wp-block-buttons-is-layout-flex\">\n<div class=\"wp-block-button open-funnel-ab\"><a class=\"wp-block-button__link wp-element-button\">Hemen bir teklif al\u0131n<\/a><\/div>\n<\/div>\n<\/div>\n<\/div>\n<\/div>\n\n<div class=\"wp-block-group only-desktop is-layout-flow wp-block-group-is-layout-flow\">\n<p class=\"has-text-align-center is-style-zwischentitel_klein\" style=\"margin-top:4rem\">Kros protezi konusunda size nas\u0131l yard\u0131mc\u0131 olabiliriz? \u015eunlar aras\u0131ndan se\u00e7im yap\u0131n: <\/p>\n\n\n\n<div class=\"wp-block-group funnelkacheln is-content-justification-center is-nowrap is-layout-flex wp-container-core-group-is-layout-93cbe1bb wp-block-group-is-layout-flex\" style=\"padding-bottom:var(--wp--preset--spacing--one)\">\n<div class=\"wp-block-group open-funnel-ab is-layout-constrained wp-container-core-group-is-layout-81979fbc wp-block-group-is-layout-constrained\">\n<figure class=\"wp-block-image aligncenter size-full is-resized\"><img decoding=\"async\" src=\"https:\/\/www.zahnkostensparen.de\/wp-content\/uploads\/sites\/2\/2025\/06\/icon-sparen.svg\" alt=\"\" class=\"wp-image-465\" style=\"aspect-ratio:1;width:90px\"\/><\/figure>\n\n\n\n<p class=\"has-text-align-center\">Ne kadara mal oldu\u011funu bilmek istiyorum<\/p>\n<\/div>\n\n\n\n<div class=\"wp-block-group open-funnel-d is-layout-constrained wp-container-core-group-is-layout-81979fbc wp-block-group-is-layout-constrained\">\n<figure class=\"wp-block-image aligncenter size-full is-resized\"><img decoding=\"async\" src=\"https:\/\/www.zahnkostensparen.de\/wp-content\/uploads\/sites\/2\/2025\/06\/icon-zahnarzt.svg\" alt=\"\" class=\"wp-image-435\" style=\"aspect-ratio:1;width:90px\"\/><\/figure>\n\n\n\n<p class=\"has-text-align-center\">Yak\u0131nlarda bir di\u015f hekimi ar\u0131yorum<\/p>\n<\/div>\n\n\n\n<div class=\"wp-block-group open-funnel-c is-layout-constrained wp-container-core-group-is-layout-81979fbc wp-block-group-is-layout-constrained\">\n<figure class=\"wp-block-image aligncenter size-full is-resized\"><img decoding=\"async\" src=\"https:\/\/www.zahnkostensparen.de\/wp-content\/uploads\/sites\/2\/2025\/06\/icon-broschuere.svg\" alt=\"\" class=\"wp-image-433\" style=\"aspect-ratio:1;width:90px\"\/><\/figure>\n\n\n\n<p class=\"has-text-align-center\">\u00d6nce kendimi bilgilendirece\u011fim<\/p>\n<\/div>\n<\/div>\n<\/div>\n\n<div class=\"wp-block-columns alignwide is-layout-flex wp-container-core-columns-is-layout-2c2a1393 wp-block-columns-is-layout-flex\" style=\"margin-top:var(--wp--preset--spacing--four);margin-bottom:var(--wp--preset--spacing--four)\">\n<div class=\"wp-block-column is-layout-flow wp-block-column-is-layout-flow\">\n<h2 class=\"wp-block-heading\">S\u0131k\u00e7a Sorulan Sorular<\/h2>\n\n\n<div id=\"akkordeon-block_77fe16ffa7bf6f943a7c5bd3522c6a82\" class=\"akkordeon\">\n  \n\n<h2 class=\"wp-block-heading\">Parantezler ne kadar g\u00f6r\u00fcn\u00fcr?<\/h2>\n\n\n\n<p>Konumlar\u0131na ba\u011fl\u0131 olarak, g\u00f6r\u00fcn\u00fcr alanda fark edilebilirler \u2013 bu nedenle toka protezi estetik bir \u00e7\u00f6z\u00fcmden \u00e7ok i\u015flevsel bir \u00e7\u00f6z\u00fcmd\u00fcr.<\/p>\n\n<\/div>\n\n<div id=\"akkordeon-block_77fe16ffa7bf6f943a7c5bd3522c6a82\" class=\"akkordeon\">\n  \n\n<h2 class=\"wp-block-heading\">Toka protezinin \u00f6mr\u00fc ne kadard\u0131r?<\/h2>\n\n\n\n<p>\u0130yi bir bak\u0131mla, genellikle 8-10 y\u0131l s\u00fcrer \u2013 ayarlanabilir ve uzat\u0131labilir.<\/p>\n\n<\/div>\n\n<div id=\"akkordeon-block_77fe16ffa7bf6f943a7c5bd3522c6a82\" class=\"akkordeon\">\n  \n\n<h2 class=\"wp-block-heading\">Toka protezi ile her \u015feyi yiyebilir miyim?<\/h2>\n\n\n\n<p>Biraz al\u0131\u015fkanl\u0131kla, evet. \u00c7ok sert veya yap\u0131\u015fkan g\u0131dalardan ka\u00e7\u0131n\u0131lmal\u0131d\u0131r. <\/p>\n\n<\/div>\n\n<div id=\"akkordeon-block_77fe16ffa7bf6f943a7c5bd3522c6a82\" class=\"akkordeon\">\n  \n\n<h2 class=\"wp-block-heading\">Kros protezinin alternatifleri var m\u0131d\u0131r?<\/h2>\n\n\n\n<p>Evet, \u00f6rne\u011fin <a href=\"https:\/\/www.zahnkostensparen.de\/tr\/protez\/teleskopik-protezler\" data-type=\"page\" data-id=\"23\">teleskopik<\/a>, <a href=\"https:\/\/www.zahnkostensparen.de\/tr\/protez\/atasman-protezler\" data-type=\"page\" data-id=\"25\">ba\u011flant\u0131l\u0131<\/a> veya <a href=\"https:\/\/www.zahnkostensparen.de\/tr\/protez\/suergue-protezleri\" data-type=\"page\" data-id=\"27\">c\u0131vatal\u0131 protezler<\/a> \u2013 size bireysel olarak tavsiyelerde bulunmaktan memnuniyet duyar\u0131z.<\/p>\n\n<\/div><\/div>\n\n\n\n<div class=\"wp-block-column is-layout-flow wp-block-column-is-layout-flow\">\n<figure class=\"wp-block-image size-large is-style-runde_ecken\"><img loading=\"lazy\" decoding=\"async\" width=\"1024\" height=\"700\" src=\"https:\/\/www.zahnkostensparen.de\/wp-content\/uploads\/sites\/2\/2025\/06\/laecheln-beim-zahnarzt-1024x700.jpg\" alt=\"\" class=\"wp-image-250\" srcset=\"https:\/\/www.zahnkostensparen.de\/wp-content\/uploads\/sites\/2\/2025\/06\/laecheln-beim-zahnarzt-1024x700.jpg 1024w, https:\/\/www.zahnkostensparen.de\/wp-content\/uploads\/sites\/2\/2025\/06\/laecheln-beim-zahnarzt-300x205.jpg 300w, https:\/\/www.zahnkostensparen.de\/wp-content\/uploads\/sites\/2\/2025\/06\/laecheln-beim-zahnarzt-768x525.jpg 768w, https:\/\/www.zahnkostensparen.de\/wp-content\/uploads\/sites\/2\/2025\/06\/laecheln-beim-zahnarzt-1536x1050.jpg 1536w, https:\/\/www.zahnkostensparen.de\/wp-content\/uploads\/sites\/2\/2025\/06\/laecheln-beim-zahnarzt-2048x1400.jpg 2048w\" sizes=\"auto, (max-width: 1024px) 100vw, 1024px\" \/><\/figure>\n<\/div>\n<\/div>\n\n<p><\/p>\n","protected":false},"excerpt":{"rendered":"<p>Z\u0131mba protezleri, g\u00f6r\u00fcn\u00fcr tutma klipslerine sahip, denenmi\u015f ve test edilmi\u015f, \u00e7\u0131kar\u0131labilir protezlerdir &#8211; sa\u011flam, i\u015flevsel ve uygun maliyetlidir.<\/p>\n","protected":false},"author":1,"featured_media":1050,"parent":1355,"menu_order":9,"comment_status":"closed","ping_status":"closed","template":"wp-custom-template-zahnersatz-einzelseite","meta":{"_acf_changed":false,"footnotes":""},"class_list":["post-1319","page","type-page","status-publish","has-post-thumbnail","hentry"],"acf":[],"_links":{"self":[{"href":"https:\/\/www.zahnkostensparen.de\/tr\/wp-json\/wp\/v2\/pages\/1319","targetHints":{"allow":["GET"]}}],"collection":[{"href":"https:\/\/www.zahnkostensparen.de\/tr\/wp-json\/wp\/v2\/pages"}],"about":[{"href":"https:\/\/www.zahnkostensparen.de\/tr\/wp-json\/wp\/v2\/types\/page"}],"author":[{"embeddable":true,"href":"https:\/\/www.zahnkostensparen.de\/tr\/wp-json\/wp\/v2\/users\/1"}],"replies":[{"embeddable":true,"href":"https:\/\/www.zahnkostensparen.de\/tr\/wp-json\/wp\/v2\/comments?post=1319"}],"version-history":[{"count":2,"href":"https:\/\/www.zahnkostensparen.de\/tr\/wp-json\/wp\/v2\/pages\/1319\/revisions"}],"predecessor-version":[{"id":1821,"href":"https:\/\/www.zahnkostensparen.de\/tr\/wp-json\/wp\/v2\/pages\/1319\/revisions\/1821"}],"up":[{"embeddable":true,"href":"https:\/\/www.zahnkostensparen.de\/tr\/wp-json\/wp\/v2\/pages\/1355"}],"wp:featuredmedia":[{"embeddable":true,"href":"https:\/\/www.zahnkostensparen.de\/tr\/wp-json\/wp\/v2\/media\/1050"}],"wp:attachment":[{"href":"https:\/\/www.zahnkostensparen.de\/tr\/wp-json\/wp\/v2\/media?parent=1319"}],"curies":[{"name":"wp","href":"https:\/\/api.w.org\/{rel}","templated":true}]}}