{"id":1303,"date":"2025-07-01T11:47:06","date_gmt":"2025-07-01T09:47:06","guid":{"rendered":"https:\/\/www.zahnkostensparen.de\/hizmet\/kalite-ve-garanti"},"modified":"2025-08-27T18:31:11","modified_gmt":"2025-08-27T16:31:11","slug":"kalite-ve-garanti","status":"publish","type":"page","link":"https:\/\/www.zahnkostensparen.de\/tr\/hizmet\/kalite-ve-garanti","title":{"rendered":"Kalite ve Garanti"},"content":{"rendered":"\n<div class=\"wp-block-cover alignfull is-light\" style=\"padding-top:var(--wp--preset--spacing--three);padding-bottom:var(--wp--preset--spacing--three);min-height:142px;aspect-ratio:unset;\"><span aria-hidden=\"true\" class=\"wp-block-cover__background has-hellblau-background-color has-background-dim-100 has-background-dim\"><\/span><div class=\"wp-block-cover__inner-container is-layout-constrained wp-block-cover-is-layout-constrained\">\n<h1 class=\"wp-block-heading has-text-align-center has-blau-color has-text-color has-link-color wp-elements-043c7275af6c5e6eb8375db5a4966dc8\">Kalite ve Garanti<\/h1>\n\n\n\n<p class=\"has-text-align-center has-dunkelblau-color has-text-color has-link-color wp-elements-0690782d883493414727bfc193130ce7\">G\u00fcvenebilece\u011finiz protezler<\/p>\n<\/div><\/div>\n\n<p class=\"is-style-zwischentitel\">En y\u00fcksek kalite. Maksimum g\u00fcvenlik. Tam \u015feffafl\u0131k.<\/p>\n\n<p>Audentic&#8217;te odak noktam\u0131z tek bir \u015feydir: <strong>protezlerimize olan g\u00fcveniniz.<\/strong> Bu nedenle, on y\u0131l\u0131 a\u015fk\u0131n bir s\u00fcredir <strong>Alman kalite testleri, sertifikal\u0131 malzemeler ve tavizsiz son denetimin<\/strong> bir kombinasyonuna g\u00fcveniyoruz &#8211; sadece uzun s\u00fcre dayanmakla kalmay\u0131p ayn\u0131 zamanda ilk kullan\u0131mda m\u00fckemmel uyum sa\u011flayan sonu\u00e7lar i\u00e7in.<\/p>\n\n<div style=\"height:20px\" aria-hidden=\"true\" class=\"wp-block-spacer\"><\/div>\n\n<div class=\"wp-block-columns alignwide is-layout-flex wp-container-core-columns-is-layout-28f84493 wp-block-columns-is-layout-flex\">\n<div class=\"wp-block-column is-layout-flow wp-block-column-is-layout-flow\">\n<figure class=\"wp-block-image size-large is-style-runde_ecken\"><img loading=\"lazy\" decoding=\"async\" width=\"1024\" height=\"744\" src=\"https:\/\/www.zahnkostensparen.de\/wp-content\/uploads\/sites\/2\/2025\/07\/audentic-aligner-packaging-1024x744.jpg\" alt=\"\" class=\"wp-image-655\" srcset=\"https:\/\/www.zahnkostensparen.de\/wp-content\/uploads\/sites\/2\/2025\/07\/audentic-aligner-packaging-1024x744.jpg 1024w, https:\/\/www.zahnkostensparen.de\/wp-content\/uploads\/sites\/2\/2025\/07\/audentic-aligner-packaging-300x218.jpg 300w, https:\/\/www.zahnkostensparen.de\/wp-content\/uploads\/sites\/2\/2025\/07\/audentic-aligner-packaging-768x558.jpg 768w, https:\/\/www.zahnkostensparen.de\/wp-content\/uploads\/sites\/2\/2025\/07\/audentic-aligner-packaging-1536x1116.jpg 1536w, https:\/\/www.zahnkostensparen.de\/wp-content\/uploads\/sites\/2\/2025\/07\/audentic-aligner-packaging-2048x1487.jpg 2048w\" sizes=\"auto, (max-width: 1024px) 100vw, 1024px\" \/><\/figure>\n<\/div>\n\n\n\n<div class=\"wp-block-column is-vertically-aligned-center is-layout-flow wp-block-column-is-layout-flow\">\n<h2 class=\"wp-block-heading\">En y\u00fcksek standartlara g\u00f6re test edilmi\u015f malzemeler<\/h2>\n\n\n\n<p>Yaln\u0131zca <strong>Avrupa T\u0131bbi Cihaz Y\u00f6netmeli\u011fi (MDR<\/strong>) ile uyumlu<strong>, CE sertifikal\u0131 malzemeler<\/strong> kullan\u0131yoruz.<br\/>Sizin i\u00e7in bu \u015fu anlama gelir:<\/p>\n\n\n\n<ul class=\"wp-block-list is-style-check_list_small\">\n<li>Zararl\u0131 madde i\u00e7ermez<\/li>\n\n\n\n<li>Tam malzeme \u015feffafl\u0131\u011f\u0131<\/li>\n\n\n\n<li>G\u00fcvenli ve uzun \u00f6m\u00fcrl\u00fc tedarik<\/li>\n<\/ul>\n\n\n\n<p>Kullan\u0131lan t\u00fcm bile\u015fenler belgelenmi\u015ftir ve <strong>bireysel hasta pasaportunda<\/strong> g\u00f6r\u00fclebilir &#8211; b\u00f6ylece a\u011fz\u0131n\u0131za tam olarak ne yerle\u015ftirildi\u011fini bilirsiniz.<\/p>\n<\/div>\n<\/div>\n\n<div style=\"height:20px\" aria-hidden=\"true\" class=\"wp-block-spacer\"><\/div>\n\n<div class=\"wp-block-columns alignwide is-layout-flex wp-container-core-columns-is-layout-28f84493 wp-block-columns-is-layout-flex\">\n<div class=\"wp-block-column is-vertically-aligned-center is-layout-flow wp-block-column-is-layout-flow\">\n<h2 class=\"wp-block-heading\">Alman kontrol\u00fcnde \u00fcretim<\/h2>\n\n\n\n<p>Protezleriniz, <strong>\u00c7in&#8217;deki ortak laboratuvar\u0131m\u0131z<\/strong> taraf\u0131ndan s\u0131k\u0131 Alman spesifikasyonlar\u0131 alt\u0131nda ve Alman malzemeleriyle \u00fcretilmektedir. <strong>Son muayene her zaman M\u00fclheim an der Ruhr&#8217;daki di\u015f laboratuvar\u0131m\u0131zda deneyimli Alman di\u015f teknisyenleri taraf\u0131ndan ger\u00e7ekle\u015ftirilir<\/strong> .<\/p>\n\n\n\n<p><strong>Bu kombinasyon sayesinde \u015funlar\u0131 sunuyoruz:<\/strong><\/p>\n\n\n\n<ul class=\"wp-block-list is-style-check_list_small\">\n<li>Tamamen Alman \u00fcretimi ile ayn\u0131 kalite<\/li>\n\n\n\n<li>Ortak \u00f6demelerde %80&#8217;e varan tasarruf<\/li>\n\n\n\n<li>\u0130lk tak\u0131ld\u0131klar\u0131nda yerinde olan protezler<\/li>\n<\/ul>\n\n\n\n<p><strong>4 y\u0131l garanti \u2013 yasalar\u0131n gerektirdi\u011finden iki kat daha uzun<\/strong><\/p>\n<\/div>\n\n\n\n<div class=\"wp-block-column is-layout-flow wp-block-column-is-layout-flow\">\n<figure class=\"wp-block-image size-large is-style-runde_ecken\"><img loading=\"lazy\" decoding=\"async\" width=\"1024\" height=\"706\" src=\"https:\/\/www.zahnkostensparen.de\/wp-content\/uploads\/sites\/2\/2025\/07\/veneers_vorher_nachher-1024x706.jpg\" alt=\"\" class=\"wp-image-652\" srcset=\"https:\/\/www.zahnkostensparen.de\/wp-content\/uploads\/sites\/2\/2025\/07\/veneers_vorher_nachher-1024x706.jpg 1024w, https:\/\/www.zahnkostensparen.de\/wp-content\/uploads\/sites\/2\/2025\/07\/veneers_vorher_nachher-300x207.jpg 300w, https:\/\/www.zahnkostensparen.de\/wp-content\/uploads\/sites\/2\/2025\/07\/veneers_vorher_nachher-768x529.jpg 768w, https:\/\/www.zahnkostensparen.de\/wp-content\/uploads\/sites\/2\/2025\/07\/veneers_vorher_nachher-1536x1058.jpg 1536w, https:\/\/www.zahnkostensparen.de\/wp-content\/uploads\/sites\/2\/2025\/07\/veneers_vorher_nachher-2048x1411.jpg 2048w\" sizes=\"auto, (max-width: 1024px) 100vw, 1024px\" \/><\/figure>\n<\/div>\n<\/div>\n\n<div style=\"height:20px\" aria-hidden=\"true\" class=\"wp-block-spacer\"><\/div>\n\n<div class=\"wp-block-columns alignwide is-layout-flex wp-container-core-columns-is-layout-28f84493 wp-block-columns-is-layout-flex\">\n<div class=\"wp-block-column is-layout-flow wp-block-column-is-layout-flow\">\n<figure class=\"wp-block-image size-large is-style-runde_ecken\"><img loading=\"lazy\" decoding=\"async\" width=\"1024\" height=\"622\" src=\"https:\/\/www.zahnkostensparen.de\/wp-content\/uploads\/sites\/2\/2025\/07\/audentic-garantiepass-1024x622.jpg\" alt=\"\" class=\"wp-image-653\" srcset=\"https:\/\/www.zahnkostensparen.de\/wp-content\/uploads\/sites\/2\/2025\/07\/audentic-garantiepass-1024x622.jpg 1024w, https:\/\/www.zahnkostensparen.de\/wp-content\/uploads\/sites\/2\/2025\/07\/audentic-garantiepass-300x182.jpg 300w, https:\/\/www.zahnkostensparen.de\/wp-content\/uploads\/sites\/2\/2025\/07\/audentic-garantiepass-768x467.jpg 768w, https:\/\/www.zahnkostensparen.de\/wp-content\/uploads\/sites\/2\/2025\/07\/audentic-garantiepass-1536x933.jpg 1536w, https:\/\/www.zahnkostensparen.de\/wp-content\/uploads\/sites\/2\/2025\/07\/audentic-garantiepass-2048x1245.jpg 2048w\" sizes=\"auto, (max-width: 1024px) 100vw, 1024px\" \/><\/figure>\n<\/div>\n\n\n\n<div class=\"wp-block-column is-vertically-aligned-center is-layout-flow wp-block-column-is-layout-flow\">\n<h2 class=\"wp-block-heading\">Hasta pasaportu dahildir &#8211; tam \u015feffafl\u0131k i\u00e7in<\/h2>\n\n\n\n<p>Her protezle birlikte, a\u015fa\u011f\u0131dakileri tam olarak belgeleyen <strong>bireysel bir hasta pasaportu<\/strong> alacaks\u0131n\u0131z:<\/p>\n\n\n\n<ul class=\"wp-block-list is-style-check_list_small\">\n<li>Hangi malzemeler kullan\u0131ld\u0131<\/li>\n\n\n\n<li>Takma di\u015fleriniz nerede ve nas\u0131l yap\u0131ld\u0131?<\/li>\n\n\n\n<li>Tedarikiniz i\u00e7in hangi garanti ge\u00e7erlidir?<\/li>\n<\/ul>\n\n\n\n<p><strong>Bu, bug\u00fcn ve gelecekte g\u00fcvenlik yarat\u0131r.<\/strong><\/p>\n<\/div>\n<\/div>\n\n<div style=\"height:20px\" aria-hidden=\"true\" class=\"wp-block-spacer\"><\/div>\n\n<p class=\"has-text-align-center is-style-zwischentitel\">Rakamlarla kalite vaadimiz<\/p>\n\n<div class=\"wp-block-columns alignwide is-style-columns_with_lines has-white-color has-dunkelblau-background-color has-text-color has-background has-link-color wp-elements-1a345df740ca6791c09ce4e31b8fbd85 is-layout-flex wp-container-core-columns-is-layout-28f84493 wp-block-columns-is-layout-flex\" style=\"border-radius:20px\">\n<div class=\"wp-block-column is-layout-flow wp-container-core-column-is-layout-22f5fd8e wp-block-column-is-layout-flow\">\n<p class=\"is-style-zwischentitel\">+100.000 hasta<\/p>\n\n\n\n<p><strong>Memnun m\u00fc\u015fteriler:<\/strong> Dayan\u0131kl\u0131 protezlerimizle ilgili olumlu geri bildirimlerden gurur duyuyoruz.<\/p>\n<\/div>\n\n\n\n<div class=\"wp-block-column is-layout-flow wp-container-core-column-is-layout-22f5fd8e wp-block-column-is-layout-flow\">\n<p class=\"is-style-zwischentitel\">+1.000 di\u015f hekimi<\/p>\n\n\n\n<p><strong>G\u00fc\u00e7l\u00fc ortaklar:<\/strong> Halihaz\u0131rda 1.000&#8217;den fazla doktor profesyonel hizmetlerimize g\u00fcveniyor.<\/p>\n<\/div>\n\n\n\n<div class=\"wp-block-column is-layout-flow wp-container-core-column-is-layout-22f5fd8e wp-block-column-is-layout-flow\">\n<p class=\"is-style-zwischentitel\">+12 y\u0131ll\u0131k tecr\u00fcbe<\/p>\n\n\n\n<p><strong>\u0130yi prova edilmi\u015f ekip:<\/strong> Protez di\u015f konusunda her talep i\u00e7in her zaman en iyi \u00e7\u00f6z\u00fcm\u00fc buluyoruz.<\/p>\n<\/div>\n<\/div>\n\n<p><strong>Ger\u00e7ek en y\u00fcksek kaliteyi<\/strong>, tam maliyet \u015feffafl\u0131\u011f\u0131n\u0131 ve benzersiz bir fiyat-performans oran\u0131n\u0131 temsil ediyoruz.<br\/><strong>Avantaj\u0131n\u0131z:<\/strong> En y\u00fcksek standartlar\u0131 kar\u015f\u0131layan protezleri herkesin kar\u015f\u0131layabilece\u011fi bir fiyata alacaks\u0131n\u0131z.<\/p>\n\n<div style=\"height:20px\" aria-hidden=\"true\" class=\"wp-block-spacer\"><\/div>\n\n<p class=\"has-text-align-center\"><strong>Audentic AG \u2013 g\u00fcvenli, adil ve y\u00fcksek kaliteli protezler i\u00e7in orta\u011f\u0131n\u0131z.<\/strong><\/p>\n\n<div class=\"wp-block-buttons is-content-justification-center is-layout-flex wp-container-core-buttons-is-layout-a89b3969 wp-block-buttons-is-layout-flex\">\n<div class=\"wp-block-button open-funnel-ab is-style-fill\"><a class=\"wp-block-button__link wp-element-button\">Hemen bir teklif al\u0131n<\/a><\/div>\n<\/div>\n","protected":false},"excerpt":{"rendered":"<p>On y\u0131l\u0131 a\u015fk\u0131n bir s\u00fcredir, Alman kalite denetimi, sertifikal\u0131 malzemeler ve tavizsiz son denetimin bir kombinasyonuna g\u00fcveniyoruz.<\/p>\n","protected":false},"author":1,"featured_media":1100,"parent":1284,"menu_order":1,"comment_status":"closed","ping_status":"closed","template":"","meta":{"_acf_changed":false,"footnotes":""},"class_list":["post-1303","page","type-page","status-publish","has-post-thumbnail","hentry"],"acf":[],"_links":{"self":[{"href":"https:\/\/www.zahnkostensparen.de\/tr\/wp-json\/wp\/v2\/pages\/1303","targetHints":{"allow":["GET"]}}],"collection":[{"href":"https:\/\/www.zahnkostensparen.de\/tr\/wp-json\/wp\/v2\/pages"}],"about":[{"href":"https:\/\/www.zahnkostensparen.de\/tr\/wp-json\/wp\/v2\/types\/page"}],"author":[{"embeddable":true,"href":"https:\/\/www.zahnkostensparen.de\/tr\/wp-json\/wp\/v2\/users\/1"}],"replies":[{"embeddable":true,"href":"https:\/\/www.zahnkostensparen.de\/tr\/wp-json\/wp\/v2\/comments?post=1303"}],"version-history":[{"count":3,"href":"https:\/\/www.zahnkostensparen.de\/tr\/wp-json\/wp\/v2\/pages\/1303\/revisions"}],"predecessor-version":[{"id":1430,"href":"https:\/\/www.zahnkostensparen.de\/tr\/wp-json\/wp\/v2\/pages\/1303\/revisions\/1430"}],"up":[{"embeddable":true,"href":"https:\/\/www.zahnkostensparen.de\/tr\/wp-json\/wp\/v2\/pages\/1284"}],"wp:featuredmedia":[{"embeddable":true,"href":"https:\/\/www.zahnkostensparen.de\/tr\/wp-json\/wp\/v2\/media\/1100"}],"wp:attachment":[{"href":"https:\/\/www.zahnkostensparen.de\/tr\/wp-json\/wp\/v2\/media?parent=1303"}],"curies":[{"name":"wp","href":"https:\/\/api.w.org\/{rel}","templated":true}]}}