{"id":1289,"date":"2025-06-24T09:13:49","date_gmt":"2025-06-24T07:13:49","guid":{"rendered":"https:\/\/www.zahnkostensparen.de\/dis-splintleri\/dis-hizalama-ateli"},"modified":"2025-10-07T16:28:32","modified_gmt":"2025-10-07T14:28:32","slug":"dis-hizalama-ateli","status":"publish","type":"page","link":"https:\/\/www.zahnkostensparen.de\/tr\/dis-splintleri\/dis-hizalama-ateli","title":{"rendered":"Di\u015f hizalama ateli"},"content":{"rendered":"\n<div class=\"wp-block-media-text alignfull is-image-fill-element\"><figure  class=\"wp-block-media-text__media\"><img loading=\"lazy\" decoding=\"async\" width=\"3600\" height=\"2388\" alt=\"\" src=\"https:\/\/www.zahnkostensparen.de\/wp-content\/uploads\/sites\/2\/2025\/06\/zahnschiene-scaled.jpg\" style=\"object-position:50% 50%;\" class=\"wp-image-1072 size-full\" srcset=\"https:\/\/www.zahnkostensparen.de\/wp-content\/uploads\/sites\/2\/2025\/06\/zahnschiene-scaled.jpg 3600w, https:\/\/www.zahnkostensparen.de\/wp-content\/uploads\/sites\/2\/2025\/06\/zahnschiene-300x199.jpg 300w, https:\/\/www.zahnkostensparen.de\/wp-content\/uploads\/sites\/2\/2025\/06\/zahnschiene-1024x679.jpg 1024w, https:\/\/www.zahnkostensparen.de\/wp-content\/uploads\/sites\/2\/2025\/06\/zahnschiene-768x509.jpg 768w, https:\/\/www.zahnkostensparen.de\/wp-content\/uploads\/sites\/2\/2025\/06\/zahnschiene-1536x1019.jpg 1536w, https:\/\/www.zahnkostensparen.de\/wp-content\/uploads\/sites\/2\/2025\/06\/zahnschiene-2048x1358.jpg 2048w\" sizes=\"auto, (max-width: 3600px) 100vw, 3600px\" \/><\/figure><div class=\"wp-block-media-text__content\"><div id=\"spar-bubble-block_15f76f6e8ffdcafb2e92dce2dc42568c\" class=\"spar-bubble is-style-links_oben\" >\n    <div class=\"spar-bubble-over\">tasarruf<\/div>\n    <div class=\"spar-bubble-value\">%80&#8217;e<\/div>\n    <div class=\"spar-bubble-under\">varan<\/div>\n<\/div>\n\n\n<p><strong>Di\u015f hizalama ateli \u00e7ok mu pahal\u0131?<\/strong><\/p>\n\n\n\n<h1 class=\"wp-block-heading\">Ucuz di\u015f hizalama ateli &#8211; \u015fimdi ak\u0131ll\u0131ca tasarruf edin!<\/h1>\n\n\n\n<div class=\"wp-block-group only-mobile is-layout-flow wp-block-group-is-layout-flow\">\n<p class=\"is-style-zwischentitel_klein\">Size nas\u0131l yard\u0131mc\u0131 olabiliriz? \u015eunlar aras\u0131ndan se\u00e7im yap\u0131n:<\/p>\n\n\n\n<div class=\"wp-block-group funnelkacheln is-content-justification-left is-nowrap is-layout-flex wp-container-core-group-is-layout-f91642d5 wp-block-group-is-layout-flex\" style=\"padding-bottom:var(--wp--preset--spacing--one)\">\n<div class=\"wp-block-group open-funnel-ab is-layout-constrained wp-container-core-group-is-layout-81979fbc wp-block-group-is-layout-constrained\">\n<figure class=\"wp-block-image aligncenter size-full is-resized\"><img decoding=\"async\" src=\"https:\/\/www.zahnkostensparen.de\/wp-content\/uploads\/sites\/2\/2025\/06\/icon-sparen.svg\" alt=\"\" class=\"wp-image-465\" style=\"aspect-ratio:1;width:90px\"\/><\/figure>\n\n\n\n<p class=\"has-text-align-center\">Ne kadara mal oldu\u011funu bilmek istiyorum<\/p>\n<\/div>\n\n\n\n<div class=\"wp-block-group open-funnel-d is-layout-constrained wp-container-core-group-is-layout-81979fbc wp-block-group-is-layout-constrained\">\n<figure class=\"wp-block-image aligncenter size-full is-resized\"><img decoding=\"async\" src=\"https:\/\/www.zahnkostensparen.de\/wp-content\/uploads\/sites\/2\/2025\/06\/icon-zahnarzt.svg\" alt=\"\" class=\"wp-image-435\" style=\"aspect-ratio:1;width:90px\"\/><\/figure>\n\n\n\n<p class=\"has-text-align-center\">Yak\u0131nlarda bir di\u015f hekimi ar\u0131yorum<\/p>\n<\/div>\n\n\n\n<div class=\"wp-block-group open-funnel-c is-layout-constrained wp-container-core-group-is-layout-81979fbc wp-block-group-is-layout-constrained\">\n<figure class=\"wp-block-image aligncenter size-full is-resized\"><img decoding=\"async\" src=\"https:\/\/www.zahnkostensparen.de\/wp-content\/uploads\/sites\/2\/2025\/06\/icon-broschuere.svg\" alt=\"\" class=\"wp-image-433\" style=\"aspect-ratio:1;width:90px\"\/><\/figure>\n\n\n\n<p class=\"has-text-align-center\">\u00d6nce kendimi bilgilendirece\u011fim<\/p>\n<\/div>\n<\/div>\n<\/div>\n\n\n<div class=\"wp-block-post-excerpt\"><p class=\"wp-block-post-excerpt__excerpt\">Yeti\u015fkinler i\u00e7in g\u00f6r\u00fcnmez di\u015f telleri: \u015eeffaf di\u015f hizalama splintleri ile di\u015flerinizi braketler veya teller olmadan en iyi \u015fekle getirebilirsiniz. <\/p><\/div>\n\n\n<ul class=\"wp-block-list is-style-check_list_small top-argumente\">\n<li>En kaliteli protezler<\/li>\n\n\n\n<li>G\u00fcvenilir di\u015f hekiminiz taraf\u0131ndan tedavi<\/li>\n\n\n\n<li>4 y\u0131l garanti<\/li>\n\n\n\n<li>100.000&#8217;den fazla hasta tedavi edildi<\/li>\n<\/ul>\n\n\n\n<div class=\"wp-block-buttons is-layout-flex wp-block-buttons-is-layout-flex\">\n<div class=\"wp-block-button open-funnel-ab\"><a class=\"wp-block-button__link wp-element-button\">Hemen bir teklif al\u0131n<\/a><\/div>\n<\/div>\n\n\n\n<div class=\"wp-block-group has-dunkelblau-color has-text-color has-link-color wp-elements-21f20321430a70588c8be9e22eec95e7 is-nowrap is-layout-flex wp-container-core-group-is-layout-39f415c8 wp-block-group-is-layout-flex\" style=\"border-radius:11px;margin-top:var(--wp--preset--spacing--two);margin-bottom:0.5rem\">\n<p><strong>\u015euradan bilinen:<\/strong><\/p>\n\n\n\n<figure class=\"wp-block-image size-full is-resized\"><img decoding=\"async\" src=\"https:\/\/www.audentic-ag.de\/wp-content\/uploads\/2025\/10\/tv-logos-farbig.svg\" alt=\"\" class=\"wp-image-416\" style=\"width:200px\"\/><\/figure>\n<\/div>\n<\/div><\/div>\n\n<div class=\"wp-block-columns alignwide is-layout-flex wp-container-core-columns-is-layout-3f6ad93c wp-block-columns-is-layout-flex\" style=\"margin-bottom:var(--wp--preset--spacing--three)\">\n<div class=\"wp-block-column is-layout-flow wp-block-column-is-layout-flow\">\n<h2 class=\"wp-block-heading\">Di\u015f alakt\u00f6r\u00fc nedir?<\/h2>\n\n\n\n<p>Dental hizalay\u0131c\u0131lar gofret inceli\u011finde, \u015feffaf plastik splintlerdir. \u00c7arp\u0131k di\u015fleri ad\u0131m ad\u0131m d\u00fczeltirler \u2013 g\u00f6ze \u00e7arpmadan, \u00e7\u0131kar\u0131labilir ve g\u00fcnl\u00fck kullan\u0131m i\u00e7in uygundur.<\/p>\n\n\n\n<h2 class=\"wp-block-heading\">Bir di\u015f hizalay\u0131c\u0131s\u0131n\u0131n maliyeti nedir?<\/h2>\n\n\n\n<p>Maliyetler, tedavinin s\u00fcresine ve karma\u015f\u0131kl\u0131\u011f\u0131na ba\u011fl\u0131d\u0131r. Sigortaya ba\u011fl\u0131 olarak, s\u00fcbvansiyonlar m\u00fcmk\u00fcnd\u00fcr. Di\u015f hizalama splintleri 350 \u20ac* art\u0131 KDV&#8217;den ba\u015flayan fiyatlarla \u00fcretiyoruz. KDV, nakliye masraflar\u0131 ve planlama \u00fccreti. Rayl\u0131 sisteminiz i\u00e7in y\u00fcksek \u00fcretim maliyetlerini \u015fimdi azalt\u0131n.<\/p>\n\n\n\n<h2 class=\"wp-block-heading\">Di\u015f hizalay\u0131c\u0131 nas\u0131l yap\u0131l\u0131r?<\/h2>\n\n\n\n<p>Dijital bir tarama veya \u00f6l\u00e7\u00fcye dayanarak, di\u015f hekimi ve laboratuvar, di\u015f pozisyonunu ad\u0131m ad\u0131m de\u011fi\u015ftiren bir dizi atel planlar. Her bir atel, optimum kullan\u0131m konforu ve g\u00f6zle g\u00f6r\u00fcl\u00fcr sonu\u00e7lar i\u00e7in m\u00fckemmel \u015fekilde oturacak \u015fekilde \u00fcretilmi\u015ftir.<\/p>\n<\/div>\n\n\n\n<div class=\"wp-block-column is-layout-flow wp-block-column-is-layout-flow\">\n<h2 class=\"wp-block-heading\">Aligner ateli ile elde edece\u011finiz avantajlar<\/h2>\n\n\n\n<ul class=\"wp-block-list is-style-check_list_small\">\n<li>G\u00f6ze \u00e7arpmayan ve \u00e7\u0131kar\u0131labilir<\/li>\n\n\n\n<li>Di\u015f durumunuz i\u00e7in \u00f6zel olarak \u00fcretilmi\u015ftir<\/li>\n\n\n\n<li>Di\u015f hekimlerinden ve di\u015f teknisyenlerinden yetkin destek<\/li>\n\n\n\n<li>\u00d6nceden \u015feffaf teklif<\/li>\n\n\n\n<li>Talep \u00fczerine: taksitle \u00f6deme m\u00fcmk\u00fcnd\u00fcr<\/li>\n<\/ul>\n\n\n\n<div class=\"wp-block-group has-hellblau-background-color has-background is-layout-constrained wp-container-core-group-is-layout-7bcb8110 wp-block-group-is-layout-constrained\" style=\"border-radius:20px;padding-top:1.5rem;padding-right:var(--wp--preset--spacing--two);padding-bottom:1.5rem;padding-left:var(--wp--preset--spacing--two)\">\n<h2 class=\"wp-block-heading\">Di\u015f hizalay\u0131c\u0131 i\u00e7in fiyat teklifi isteyin<\/h2>\n\n\n\n<p>Ki\u015fisel di\u015f d\u00fczeltmenize \u015fimdi ba\u015flay\u0131n &#8211; \u015feffaf bir teklif ve profesyonel uygulama ile size e\u015flik edece\u011fiz.<\/p>\n\n\n\n<div class=\"wp-block-buttons is-layout-flex wp-block-buttons-is-layout-flex\">\n<div class=\"wp-block-button open-funnel-ab\"><a class=\"wp-block-button__link wp-element-button\">Hemen bir teklif al\u0131n<\/a><\/div>\n<\/div>\n<\/div>\n<\/div>\n<\/div>\n\n<div class=\"wp-block-group only-desktop is-layout-flow wp-block-group-is-layout-flow\">\n<p class=\"has-text-align-center is-style-zwischentitel_klein\" style=\"margin-top:4rem\">Dental hizalama konusunda size nas\u0131l yard\u0131mc\u0131 olabiliriz? \u015eunlar aras\u0131ndan se\u00e7im yap\u0131n:<\/p>\n\n\n\n<div class=\"wp-block-group funnelkacheln is-content-justification-center is-nowrap is-layout-flex wp-container-core-group-is-layout-93cbe1bb wp-block-group-is-layout-flex\" style=\"padding-bottom:var(--wp--preset--spacing--one)\">\n<div class=\"wp-block-group open-funnel-ab is-layout-constrained wp-container-core-group-is-layout-81979fbc wp-block-group-is-layout-constrained\">\n<figure class=\"wp-block-image aligncenter size-full is-resized\"><img decoding=\"async\" src=\"https:\/\/www.zahnkostensparen.de\/wp-content\/uploads\/sites\/2\/2025\/06\/icon-sparen.svg\" alt=\"\" class=\"wp-image-465\" style=\"aspect-ratio:1;width:90px\"\/><\/figure>\n\n\n\n<p class=\"has-text-align-center\">Ne kadara mal oldu\u011funu bilmek istiyorum<\/p>\n<\/div>\n\n\n\n<div class=\"wp-block-group open-funnel-d is-layout-constrained wp-container-core-group-is-layout-81979fbc wp-block-group-is-layout-constrained\">\n<figure class=\"wp-block-image aligncenter size-full is-resized\"><img decoding=\"async\" src=\"https:\/\/www.zahnkostensparen.de\/wp-content\/uploads\/sites\/2\/2025\/06\/icon-zahnarzt.svg\" alt=\"\" class=\"wp-image-435\" style=\"aspect-ratio:1;width:90px\"\/><\/figure>\n\n\n\n<p class=\"has-text-align-center\">Yak\u0131nlarda bir di\u015f hekimi ar\u0131yorum<\/p>\n<\/div>\n\n\n\n<div class=\"wp-block-group open-funnel-c is-layout-constrained wp-container-core-group-is-layout-81979fbc wp-block-group-is-layout-constrained\">\n<figure class=\"wp-block-image aligncenter size-full is-resized\"><img decoding=\"async\" src=\"https:\/\/www.zahnkostensparen.de\/wp-content\/uploads\/sites\/2\/2025\/06\/icon-broschuere.svg\" alt=\"\" class=\"wp-image-433\" style=\"aspect-ratio:1;width:90px\"\/><\/figure>\n\n\n\n<p class=\"has-text-align-center\">\u00d6nce kendimi bilgilendirece\u011fim<\/p>\n<\/div>\n<\/div>\n<\/div>\n\n<div class=\"wp-block-columns alignwide is-layout-flex wp-container-core-columns-is-layout-2c2a1393 wp-block-columns-is-layout-flex\" style=\"margin-top:var(--wp--preset--spacing--four);margin-bottom:var(--wp--preset--spacing--four)\">\n<div class=\"wp-block-column is-layout-flow wp-block-column-is-layout-flow\">\n<h2 class=\"wp-block-heading\">S\u0131k\u00e7a Sorulan Sorular<\/h2>\n\n\n<div id=\"akkordeon-block_cf72e8db437936eae22af36b43d5dbdd\" class=\"akkordeon\">\n  \n\n<h2 class=\"wp-block-heading\">Tedavi ne kadar s\u00fcrer?<\/h2>\n\n\n\n<p>Deformiteye ba\u011fl\u0131 olarak, genellikle 4 ila 12 ay aras\u0131nda. Hafif d\u00fczeltmeler genellikle sadece birka\u00e7 hafta sonra g\u00f6r\u00fclebilir.<\/p>\n\n<\/div>\n\n<div id=\"akkordeon-block_cf72e8db437936eae22af36b43d5dbdd\" class=\"akkordeon\">\n  \n\n<h2 class=\"wp-block-heading\">Ka\u00e7 tane atel almal\u0131y\u0131m?<\/h2>\n\n\n\n<p>Tedavi s\u00fcresine ba\u011fl\u0131 olarak, size \u00f6zel bir dizi atel verilecektir. Her atel \u00f6zel olarak \u00fcretilir ve ad\u0131m ad\u0131m d\u00fczeltmeye katk\u0131da bulunur.<\/p>\n\n<\/div>\n\n<div id=\"akkordeon-block_cf72e8db437936eae22af36b43d5dbdd\" class=\"akkordeon\">\n  \n\n<h2 class=\"wp-block-heading\">Bir atel uymazsa ne olur?<\/h2>\n\n\n\n<p>Uyum garantisi sunuyoruz: Bir atel tam olarak uymuyorsa, \u00fccretsiz olarak ayarlayaca\u011f\u0131z veya de\u011fi\u015ftirece\u011fiz. Sonucunuz bizim \u00f6nceli\u011fimizdir.<\/p>\n\n<\/div>\n\n<div id=\"akkordeon-block_cf72e8db437936eae22af36b43d5dbdd\" class=\"akkordeon\">\n  \n\n<h2 class=\"wp-block-heading\">Raylar\u0131 nas\u0131l temizlerim?<\/h2>\n\n\n\n<p>Il\u0131k su ve yumu\u015fak bir di\u015f f\u0131r\u00e7as\u0131 ile temizleyin. G\u00fcnl\u00fck temizlik i\u00e7in \u00f6zel hizalay\u0131c\u0131 temizleme tabletleri \u00f6neriyoruz.<\/p>\n\n<\/div><\/div>\n\n\n\n<div class=\"wp-block-column is-layout-flow wp-block-column-is-layout-flow\">\n<figure class=\"wp-block-image size-large is-style-runde_ecken\"><img loading=\"lazy\" decoding=\"async\" width=\"1024\" height=\"700\" src=\"https:\/\/www.zahnkostensparen.de\/wp-content\/uploads\/sites\/2\/2025\/06\/laecheln-beim-zahnarzt-1024x700.jpg\" alt=\"\" class=\"wp-image-250\" srcset=\"https:\/\/www.zahnkostensparen.de\/wp-content\/uploads\/sites\/2\/2025\/06\/laecheln-beim-zahnarzt-1024x700.jpg 1024w, https:\/\/www.zahnkostensparen.de\/wp-content\/uploads\/sites\/2\/2025\/06\/laecheln-beim-zahnarzt-300x205.jpg 300w, https:\/\/www.zahnkostensparen.de\/wp-content\/uploads\/sites\/2\/2025\/06\/laecheln-beim-zahnarzt-768x525.jpg 768w, https:\/\/www.zahnkostensparen.de\/wp-content\/uploads\/sites\/2\/2025\/06\/laecheln-beim-zahnarzt-1536x1050.jpg 1536w, https:\/\/www.zahnkostensparen.de\/wp-content\/uploads\/sites\/2\/2025\/06\/laecheln-beim-zahnarzt-2048x1400.jpg 2048w\" sizes=\"auto, (max-width: 1024px) 100vw, 1024px\" \/><\/figure>\n<\/div>\n<\/div>\n\n<div class=\"wp-block-group zahnarzt-in-der-naehe-kasten has-hellblau-background-color has-background is-layout-flow wp-block-group-is-layout-flow\" style=\"border-radius:20px;padding-top:1.5rem;padding-right:var(--wp--preset--spacing--two);padding-bottom:1.5rem;padding-left:var(--wp--preset--spacing--two)\">\n<div class=\"wp-block-group is-horizontal is-content-justification-left is-nowrap is-layout-flex wp-container-core-group-is-layout-1a6cc929 wp-block-group-is-layout-flex\">\n<figure class=\"wp-block-image aligncenter size-full is-resized\" style=\"margin-bottom:10px\"><img decoding=\"async\" src=\"https:\/\/www.zahnkostensparen.de\/wp-content\/uploads\/sites\/2\/2025\/07\/icon-germany.svg\" alt=\"\" class=\"wp-image-865\" style=\"aspect-ratio:1;object-fit:cover;width:115px\"\/><\/figure>\n\n\n\n<div class=\"wp-block-group is-layout-constrained wp-block-group-is-layout-constrained\">\n<p class=\"has-text-align-left is-style-zwischentitel\">%100 Almanya&#8217;da \u00fcretilmi\u015ftir<\/p>\n\n\n\n<p class=\"has-text-align-left\" style=\"margin-top:0.5rem\">Hizalay\u0131c\u0131lar\u0131m\u0131z Almanya&#8217;da \u00fcretilmektedir \u2013 hassas, y\u00fcksek kaliteli ve ki\u015fiye \u00f6zel olarak uyarlanm\u0131\u015ft\u0131r. G\u00f6rebilece\u011finiz ancak neredeyse hi\u00e7 fark etmedi\u011finiz &#8220;Made in Germany&#8221; kalitesine g\u00fcvenin.<\/p>\n<\/div>\n<\/div>\n<\/div>\n","protected":false},"excerpt":{"rendered":"<p>Yeti\u015fkinler i\u00e7in g\u00f6r\u00fcnmez di\u015f telleri: \u015eeffaf di\u015f hizalama splintleri ile di\u015flerinizi braketler veya teller olmadan en iyi \u015fekle getirebilirsiniz.<\/p>\n","protected":false},"author":1,"featured_media":1072,"parent":1271,"menu_order":1,"comment_status":"closed","ping_status":"closed","template":"wp-custom-template-zahnersatz-einzelseite","meta":{"_acf_changed":false,"footnotes":""},"class_list":["post-1289","page","type-page","status-publish","has-post-thumbnail","hentry"],"acf":[],"_links":{"self":[{"href":"https:\/\/www.zahnkostensparen.de\/tr\/wp-json\/wp\/v2\/pages\/1289","targetHints":{"allow":["GET"]}}],"collection":[{"href":"https:\/\/www.zahnkostensparen.de\/tr\/wp-json\/wp\/v2\/pages"}],"about":[{"href":"https:\/\/www.zahnkostensparen.de\/tr\/wp-json\/wp\/v2\/types\/page"}],"author":[{"embeddable":true,"href":"https:\/\/www.zahnkostensparen.de\/tr\/wp-json\/wp\/v2\/users\/1"}],"replies":[{"embeddable":true,"href":"https:\/\/www.zahnkostensparen.de\/tr\/wp-json\/wp\/v2\/comments?post=1289"}],"version-history":[{"count":4,"href":"https:\/\/www.zahnkostensparen.de\/tr\/wp-json\/wp\/v2\/pages\/1289\/revisions"}],"predecessor-version":[{"id":1826,"href":"https:\/\/www.zahnkostensparen.de\/tr\/wp-json\/wp\/v2\/pages\/1289\/revisions\/1826"}],"up":[{"embeddable":true,"href":"https:\/\/www.zahnkostensparen.de\/tr\/wp-json\/wp\/v2\/pages\/1271"}],"wp:featuredmedia":[{"embeddable":true,"href":"https:\/\/www.zahnkostensparen.de\/tr\/wp-json\/wp\/v2\/media\/1072"}],"wp:attachment":[{"href":"https:\/\/www.zahnkostensparen.de\/tr\/wp-json\/wp\/v2\/media?parent=1289"}],"curies":[{"name":"wp","href":"https:\/\/api.w.org\/{rel}","templated":true}]}}