{"id":1283,"date":"2025-06-15T12:38:04","date_gmt":"2025-06-15T10:38:04","guid":{"rendered":"https:\/\/www.zahnkostensparen.de\/terim"},"modified":"2025-08-27T18:31:18","modified_gmt":"2025-08-27T16:31:18","slug":"terim","status":"publish","type":"page","link":"https:\/\/www.zahnkostensparen.de\/tr\/terim","title":{"rendered":"TER\u0130M"},"content":{"rendered":"\n<div class=\"wp-block-cover alignfull is-light\" style=\"padding-top:var(--wp--preset--spacing--three);padding-bottom:var(--wp--preset--spacing--three);min-height:142px;aspect-ratio:unset;\"><span aria-hidden=\"true\" class=\"wp-block-cover__background has-hellblau-background-color has-background-dim-100 has-background-dim\"><\/span><div class=\"wp-block-cover__inner-container is-layout-constrained wp-block-cover-is-layout-constrained\">\n<h1 class=\"wp-block-heading has-text-align-center has-blau-color has-text-color has-link-color wp-elements-aeaf5ae5e6e333fd9bd741d5d4b06d37\">TER\u0130M<\/h1>\n\n\n\n<p class=\"has-text-align-center has-dunkelblau-color has-text-color has-link-color wp-elements-a98853b3e0d526cb0152318d211a44fb\">Audentic AG&#8217;nin Genel H\u00fck\u00fcm ve Ko\u015fullar\u0131<\/p>\n<\/div><\/div>\n\n<p><strong>Audentic AG<\/strong><br\/>\u0130skenderstra\u00dfe 54<br\/>D-45472 M\u00fclheim\/Ruhr<br\/>Telefon +49 (0) 208 782 666-0<br\/>Faks: +49 (0) 208 782 666-110<br\/>info@audentic.ag<br\/>M\u00fclheim an der Ruhr&#8217;da \u015firket merkezi<br\/>Duisburg B\u00f6lge Mahkemesi, HRB 24936<\/p>\n\n<p>KURUL<br\/>Dr. Holger-Ludwig Riemer<\/p>\n\n<p>DENET\u0130M KURULU<br\/>Dr. Markus Braunewell<\/p>\n\n<h3 class=\"wp-block-heading\">\u00a7 1 Genel\/Uygulama Kapsam\u0131<\/h3>\n\n<p>1. A\u015fa\u011f\u0131daki h\u00fck\u00fcm ve ko\u015fullar, mevcut ve gelecekteki t\u00fcm i\u015f ili\u015fkileri i\u00e7in ge\u00e7erlidir.<br\/>2. Farkl\u0131, \u00e7eli\u015fen veya tamamlay\u0131c\u0131 Genel H\u00fck\u00fcm ve Ko\u015fullar, ge\u00e7erlilikleri yaz\u0131l\u0131 olarak a\u00e7\u0131k\u00e7a kabul edilmedik\u00e7e, bilinseler bile s\u00f6zle\u015fmenin bir par\u00e7as\u0131 haline gelmeyecektir.<br\/>3. M\u00fc\u015fteri, aksi a\u00e7\u0131k\u00e7a kararla\u015ft\u0131r\u0131lmad\u0131k\u00e7a, Y\u00fcklenici taraf\u0131ndan tedarik edilen \u00fcr\u00fcnlerin yurtd\u0131\u015f\u0131nda \u00fcretildi\u011finin fark\u0131ndad\u0131r. Tedarik edilen \u00fcr\u00fcnler Alman kalite standard\u0131na uygundur. <\/p>\n\n<h3 class=\"wp-block-heading\">\u00a7 2 S\u00f6zle\u015fmenin Sonu\u00e7land\u0131r\u0131lmas\u0131<\/h3>\n\n<p>1. Maliyet tahminleri\/teklifleri de\u011fi\u015febilir. D\u00fczenlendi\u011fi g\u00fcn ge\u00e7erli olan fiyatlara at\u0131fta bulunurlar. Y\u00fcklenici, haz\u0131rl\u0131kta kullan\u0131lan malzemelerin (seramik, de\u011ferli metaller vb.) maliyet art\u0131\u015flar\u0131n\u0131, maliyet tahmini\/teklifi ile teslim tarihi aras\u0131nda M\u00fc\u015fteri&#8217;ye yans\u0131tma hakk\u0131na sahiptir. M\u00fc\u015fteri, M\u00fc\u015fterinin ayr\u0131ca bilgilendirilmesine gerek kalmadan teklif fiyat\u0131nda maliyet tahmininden\/teklifinden %10&#8217;a kadar bir art\u0131\u015f yapmay\u0131 kabul eder. %10&#8217;dan fazla bir art\u0131\u015f olmas\u0131 durumunda, y\u00fcklenici bir sebep belirterek m\u00fc\u015fteriyi bilgilendirecektir. M\u00fc\u015fteri, bilgilendirme mektubu tarihinden itibaren 10 g\u00fcn i\u00e7inde fiyat art\u0131\u015f\u0131na itiraz etme hakk\u0131na sahiptir. Bundan sonra, artan fiyat onaylanm\u0131\u015f olarak kabul edilir.<br\/>2. Tahminler\/teklifler, hastan\u0131n di\u015f yap\u0131s\u0131n\u0131n yap\u0131s\u0131na ba\u011fl\u0131 olarak de\u011fi\u015febilen tahmini bir de\u011ferli metal miktar\u0131na dayanmaktad\u0131r. Bu nedenle, bu sadece yakla\u015f\u0131k bir miktar meselesidir.<br\/>3. M\u00fc\u015fteri taraf\u0131ndan g\u00f6nderilen modellerin ve izlenimlerin kalitesi, i\u015fin a\u011f\u0131zdaki yeri i\u00e7in belirleyici bir \u00f6neme sahiptir. Y\u00fcklenici, M\u00fc\u015fteri ile isti\u015fare ve isti\u015farede kusurlu g\u00f6r\u00fcnen \u00e7al\u0131\u015fma belgelerini iade edebilir.       <\/p>\n\n<h3 class=\"wp-block-heading\">\u00a7 3 M\u00fclkiyetin Korunmas\u0131<\/h3>\n\n<p>1. Y\u00fcklenici, devam eden i\u015f ili\u015fkisinden kaynaklanan t\u00fcm talepler tamamen \u00e7\u00f6z\u00fclene kadar teslim edilen i\u015fin m\u00fclkiyetini elinde tutar.<br\/>2. M\u00fc\u015fteri, tedavideki \u00e7al\u0131\u015fmay\u0131 kullanma hakk\u0131na sahiptir. Bununla birlikte, i\u015fi kullanarak yap\u0131lan muamele ile ba\u011flant\u0131l\u0131 olarak tahakkuk eden fatura tutar\u0131 tutar\u0131ndaki t\u00fcm talepleri zaten atar. M\u00fc\u015fteri i\u015fbu belge ile devri kabul eder. Devir i\u015fleminden sonra, m\u00fc\u015fteri alaca\u011f\u0131n\u0131 tahsil etme yetkisine sahiptir. Y\u00fcklenici, M\u00fc\u015fteri \u00f6deme y\u00fck\u00fcml\u00fcl\u00fcklerini d\u00fczg\u00fcn bir \u015fekilde yerine getirmedi\u011fi ve \u00f6demede temerr\u00fcde d\u00fc\u015ft\u00fc\u011f\u00fc anda talebi kendisi tahsil etme hakk\u0131n\u0131 sakl\u0131 tutar.    <\/p>\n\n<h3 class=\"wp-block-heading\">\u00a7 4 Teslim s\u00fcresi<\/h3>\n\n<p>1. Belirtilen teslimat s\u00fcresi ba\u011flay\u0131c\u0131 de\u011fildir. Temerr\u00fcd\u00fcn olu\u015fmas\u0131 i\u00e7in \u00f6n ko\u015ful, en az iki hafta olmas\u0131 gereken bir \u00f6demesiz d\u00f6nemin ayarlanmas\u0131d\u0131r. <\/p>\n\n<h3 class=\"wp-block-heading\">\u00a7 5 \u00dccretlendirme<\/h3>\n\n<p>1. Y\u00fcklenici, i\u015fi teslimatla birlikte faturaland\u0131r\u0131r ve ay sonunda ayl\u0131k toplu beyanname haz\u0131rlar. Faturalar, toplu beyanname tarihinden itibaren otuz g\u00fcn i\u00e7inde \u00f6denmelidir. Bu s\u00fcreden sonra m\u00fc\u015fteri \u00f6deme temerr\u00fcde d\u00fc\u015fer. Bireysel faturalar, fatura tarihinden itibaren 30 g\u00fcn i\u00e7inde \u00f6denmelidir. Kararla\u015ft\u0131r\u0131lan bir \u00f6deme s\u00fcresi i\u00e7inde \u00f6deme yap\u0131lmas\u0131 durumunda, Y\u00fcklenici M\u00fc\u015fteriye %3 oran\u0131nda indirim yapacakt\u0131r.<br\/>2. Temerr\u00fct s\u00fcresi boyunca M\u00fc\u015fteri, parasal bor\u00e7lar i\u00e7in temel faiz oran\u0131n\u0131n %8 \u00fczerinde faiz \u00f6deyecektir. Temerr\u00fcde d\u00fc\u015fmekten kaynaklanan daha y\u00fcksek bir zarar\u0131 kan\u0131tlama ve iddia etme hakk\u0131 sakl\u0131d\u0131r.<br\/>3. M\u00fc\u015fteri, yaln\u0131zca kar\u015f\u0131 iddialar\u0131n yasal olarak tespit edilmi\u015f olmas\u0131 veya tan\u0131nm\u0131\u015f veya ihtilafs\u0131z olmas\u0131 durumunda mahsup etme hakk\u0131na sahip olacakt\u0131r. Ayn\u0131s\u0131 al\u0131koyma hakk\u0131n\u0131n kullan\u0131lmas\u0131 i\u00e7in de ge\u00e7erlidir. Bu arada, al\u0131koyma hakk\u0131 ancak kar\u015f\u0131 talebin ayn\u0131 s\u00f6zle\u015fme ili\u015fkisine dayanmas\u0131 durumunda kullan\u0131labilir.<br\/>4. Y\u00fcklenici, M\u00fc\u015fteri aleyhindeki alacaklar\u0131n\u0131, alaca\u011f\u0131n sahibi olarak onun yerini alacak olan bir faktoring \u015firketine devretme hakk\u0131na sahip olacakt\u0131r. Fatura tutarlar\u0131 daha sonra faktoring \u015firketine \u00f6denmelidir. Verilen nakit iskontolar\u0131 atamadan etkilenmez.         <\/p>\n\n<h3 class=\"wp-block-heading\">\u00a7 6 Sevk, Risk Transferi<\/h3>\n\n<p>1. Protezlerin kazara kaybolmas\u0131 ve kazara bozulmas\u0131 riski, nakliye komisyoncusuna, ta\u015f\u0131y\u0131c\u0131ya veya sevkiyat\u0131 ger\u00e7ekle\u015ftirmek i\u00e7in g\u00f6revlendirilmi\u015f herhangi bir ki\u015fi veya kuruma teslimat veya teslimat s\u0131ras\u0131nda M\u00fc\u015fteriye ge\u00e7ecektir.<br\/>2. M\u00fc\u015fterinin kabulde temerr\u00fcde d\u00fc\u015fmesi durumunda devir teslime e\u015fde\u011fer olacakt\u0131r.<br\/>3. Prensip olarak, protezler masraflar\u0131 m\u00fc\u015fteriye ait olmak \u00fczere Almanya i\u00e7inde g\u00f6nderilir. M\u00fc\u015fteri veya temsilci taraf\u0131ndan teslim alma ayarlanabilir. <\/p>\n\n<h3 class=\"wp-block-heading\">\u00a7 7 Sorumluluk<\/h3>\n\n<p>1. Y\u00fcklenici, kendi takdirine ba\u011fl\u0131 olarak, onar\u0131m veya de\u011fi\u015ftirme yoluyla i\u015fteki kusurlar i\u00e7in garanti sa\u011flayacakt\u0131r.<br\/>2. M\u00fcteakip performans ba\u015far\u0131s\u0131z olursa, M\u00fc\u015fteri prensip olarak, kendi takdirine ba\u011fl\u0131 olarak \u00fccretin d\u00fc\u015f\u00fcr\u00fclmesini (indirimi) veya s\u00f6zle\u015fmenin feshini (geri \u00e7ekilme) talep edebilir. Bununla birlikte, yaln\u0131zca k\u00fc\u00e7\u00fck bir uygunsuzluk durumunda, \u00f6zellikle de yaln\u0131zca k\u00fc\u00e7\u00fck kusurlar s\u00f6z konusu oldu\u011funda, M\u00fc\u015fterinin cayma hakk\u0131 olmayacakt\u0131r.<br\/>3. M\u00fc\u015fteri, protezlerin teslim al\u0131nmas\u0131ndan itibaren iki haftal\u0131k bir s\u00fcre i\u00e7inde bariz kusurlar\u0131 yaz\u0131l\u0131 olarak bildirmelidir; aksi takdirde, bir garanti talebinin ileri s\u00fcr\u00fclmesi hari\u00e7 tutulur. Uyum yanl\u0131\u015fl\u0131klar\u0131 durumunda, kusurlar\u0131n bildirimi ilk modellerin sunumu ile yap\u0131lmal\u0131d\u0131r; Yeni g\u00f6sterimler hemen eklenmeli veya g\u00f6nderilmelidir. Son teslim tarihini kar\u015f\u0131lamak i\u00e7in zaman\u0131nda sevkiyat yeterlidir. M\u00fc\u015fteri, talepler i\u00e7in t\u00fcm \u00f6n ko\u015fullar, \u00f6zellikle kusurun kendisi, kusurun tespit edilme zaman\u0131 ve kusur bildiriminin zaman\u0131nda yap\u0131lmas\u0131 i\u00e7in t\u00fcm ispat y\u00fck\u00fcn\u00fc \u00fcstlenir.<br\/>4. M\u00fc\u015fteri, m\u00fcteakip performans\u0131n ba\u015far\u0131s\u0131z olmas\u0131ndan sonra bir kusur nedeniyle s\u00f6zle\u015fmeden \u00e7ekilmeyi se\u00e7erse, kusur nedeniyle herhangi bir tazminat talebinde bulunma hakk\u0131na sahip de\u011fildir.<br\/>5. Hafif ihmalden kaynaklanan g\u00f6rev ihlalleri durumunda, Y\u00fcklenicinin sorumlulu\u011fu, s\u00f6zle\u015fmenin tipik \u00f6zelli\u011fi olan i\u015fin do\u011fas\u0131 gere\u011fi \u00f6ng\u00f6r\u00fclebilen do\u011frudan ortalama zarar ile s\u0131n\u0131rl\u0131 olacakt\u0131r. Bu ayn\u0131 zamanda yasal temsilciler veya vekil temsilciler taraf\u0131ndan hafif ihmalkar g\u00f6rev ihlalleri i\u00e7in de ge\u00e7erlidir. \u00d6nemsiz s\u00f6zle\u015fme y\u00fck\u00fcml\u00fcl\u00fcklerinin hafif ihmal sonucu ihlali durumunda sorumluluk kabul edilmez. Yukar\u0131daki sorumluluk s\u0131n\u0131rlamas\u0131, M\u00fc\u015fterinin \u00fcr\u00fcn sorumlulu\u011fundan kaynaklanan talepleri i\u00e7in ge\u00e7erli de\u011fildir. Ayr\u0131ca, atfedilebilir bedensel yaralanma veya sa\u011fl\u0131\u011fa zarar verme veya ya\u015fam kayb\u0131 durumunda sorumluluk s\u0131n\u0131rlamalar\u0131 ge\u00e7erli de\u011fildir.<br\/>6. M\u00fc\u015fterinin hatal\u0131 modelleri ve izlenimleri nedeniyle ortaya \u00e7\u0131kan kusurlar i\u00e7in sorumluluk kabul edilmez.<br\/>7. Garanti s\u00fcresi, protezlerin fatura tarihinden itibaren 4 y\u0131ld\u0131r. Prensip olarak, protezlerin durumu olarak sadece \u00fcreticinin \u00fcr\u00fcn a\u00e7\u0131klamas\u0131 \u00fczerinde anla\u015fmaya var\u0131lm\u0131\u015f olarak kabul edilir. Buna ek olarak, kamuya a\u00e7\u0131k a\u00e7\u0131klamalar, \u00f6vg\u00fcler veya reklamlar, protezlerin kalitesinin s\u00f6zle\u015fmeye uygun bir g\u00f6stergesi te\u015fkil etmez.          <\/p>\n\n<h3 class=\"wp-block-heading\">\u00a7 8 Malzeme ve aksesuarlar<\/h3>\n\n<p>1. M\u00fc\u015fteri taraf\u0131ndan tedarik edilen malzemeler (de\u011ferli metaller, di\u015fler vb.) veya aksesuarlar (bitmi\u015f par\u00e7alar, \u00f6rn. ekler, ba\u011flant\u0131lar vb.) geleneksel i\u015flem ek \u00fccretine tabi olabilir. M\u00fc\u015fteri taraf\u0131ndan sa\u011flanan kusurlu malzeme veya aksesuarlardan kaynaklanan kusurlar, masraflar\u0131 Y\u00fckleniciye ait olmayacakt\u0131r.<br\/>2. Y\u00fcklenici, M\u00fc\u015fteri taraf\u0131ndan sa\u011flanan malzeme veya aksesuarlar\u0131n kendi i\u015flerinde g\u00f6sterdi\u011fi \u00f6zenle depolanmas\u0131ndan sorumlu olacakt\u0131r. <\/p>\n\n<h3 class=\"wp-block-heading\">\u00a7 9 Son H\u00fck\u00fcmler<\/h3>\n\n<p>1. Federal Almanya Cumhuriyeti yasalar\u0131 ge\u00e7erlidir. Milletleraras\u0131 Mal Sat\u0131m\u0131na \u0130li\u015fkin S\u00f6zle\u015fmeler Hakk\u0131nda BM Konvansiyonu h\u00fck\u00fcmleri ge\u00e7erli de\u011fildir.<br\/>2. Bu s\u00f6zle\u015fmeden kaynaklanan t\u00fcm anla\u015fmazl\u0131klar i\u00e7in yarg\u0131 yeri, Y\u00fcklenicinin i\u015f yeri M\u00fclheim&#8217;d\u0131r.<br\/>3. Bu Genel H\u00fck\u00fcm ve Ko\u015fullar da dahil olmak \u00fczere s\u00f6zle\u015fmenin m\u00fcnferit h\u00fck\u00fcmlerinin tamamen veya k\u0131smen ge\u00e7ersiz olmas\u0131 veya ge\u00e7ersiz hale gelmesi durumunda, bu durum kalan h\u00fck\u00fcmlerin ge\u00e7erlili\u011fini etkilemeyecektir. Tamamen veya k\u0131smen ge\u00e7ersiz olan h\u00fck\u00fcm, ekonomik ba\u015far\u0131s\u0131 ge\u00e7ersiz h\u00fckm\u00fcnkine m\u00fcmk\u00fcn oldu\u011funca yak\u0131n olan bir h\u00fck\u00fcmle de\u011fi\u015ftirilmelidir.  <\/p>\n","protected":false},"excerpt":{"rendered":"<p>Audentic AG\u0130skenderstra\u00dfe 54D-45472 M\u00fclheim\/RuhrTelefon +49 (0) 208 782 666-0Faks: +49 (0) 208 782 666-110info@audentic.agM\u00fclheim an der Ruhr&#8217;da \u015firket merkeziDuisburg B\u00f6lge Mahkemesi, HRB 24936 KURULDr. Holger-Ludwig Riemer DENET\u0130M KURULUDr. Markus Braunewell \u00a7 1 Genel\/Uygulama Kapsam\u0131 1. A\u015fa\u011f\u0131daki h\u00fck\u00fcm ve ko\u015fullar, mevcut ve gelecekteki t\u00fcm i\u015f ili\u015fkileri i\u00e7in ge\u00e7erlidir.2. Farkl\u0131, \u00e7eli\u015fen veya tamamlay\u0131c\u0131 Genel H\u00fck\u00fcm ve Ko\u015fullar, [&hellip;]<\/p>\n","protected":false},"author":1,"featured_media":0,"parent":0,"menu_order":103,"comment_status":"closed","ping_status":"closed","template":"","meta":{"_acf_changed":false,"footnotes":""},"class_list":["post-1283","page","type-page","status-publish","hentry"],"acf":[],"_links":{"self":[{"href":"https:\/\/www.zahnkostensparen.de\/tr\/wp-json\/wp\/v2\/pages\/1283","targetHints":{"allow":["GET"]}}],"collection":[{"href":"https:\/\/www.zahnkostensparen.de\/tr\/wp-json\/wp\/v2\/pages"}],"about":[{"href":"https:\/\/www.zahnkostensparen.de\/tr\/wp-json\/wp\/v2\/types\/page"}],"author":[{"embeddable":true,"href":"https:\/\/www.zahnkostensparen.de\/tr\/wp-json\/wp\/v2\/users\/1"}],"replies":[{"embeddable":true,"href":"https:\/\/www.zahnkostensparen.de\/tr\/wp-json\/wp\/v2\/comments?post=1283"}],"version-history":[{"count":3,"href":"https:\/\/www.zahnkostensparen.de\/tr\/wp-json\/wp\/v2\/pages\/1283\/revisions"}],"predecessor-version":[{"id":1448,"href":"https:\/\/www.zahnkostensparen.de\/tr\/wp-json\/wp\/v2\/pages\/1283\/revisions\/1448"}],"wp:attachment":[{"href":"https:\/\/www.zahnkostensparen.de\/tr\/wp-json\/wp\/v2\/media?parent=1283"}],"curies":[{"name":"wp","href":"https:\/\/api.w.org\/{rel}","templated":true}]}}